{"id":3289,"date":"2013-03-27T15:57:42","date_gmt":"2013-03-27T14:57:42","guid":{"rendered":"http:\/\/fabian-claude-walter.com\/?post_type=artist&#038;p=3289"},"modified":"2022-05-23T21:51:39","modified_gmt":"2022-05-23T19:51:39","slug":"luzia-simons","status":"publish","type":"artist","link":"https:\/\/fabian-claude-walter.com\/en\/artist\/luzia-simons\/","title":{"rendered":"Luzia Simons (BRA)"},"featured_media":15886,"template":"","artist_genre":[56],"class_list":["post-3289","artist","type-artist","status-publish","has-post-thumbnail","hentry","artist_genre-focus-photography"],"acf":[],"yoast_head":"<!-- This site is optimized with the Yoast SEO plugin v27.4 - https:\/\/yoast.com\/product\/yoast-seo-wordpress\/ -->\n<title>Luzia Simons Fabian &amp; Claude Walter Galerie, Z\u00fcrich, Switzerland<\/title>\n<meta name=\"description\" content=\"Luzia Simons 1953 Born in Quixad\u00e1, Cear\u00e1 - Brasil 1978 Universit\u00e4tsabschluss in Geschichte - Paris VIII \u2013 Vincenne 1984 Studium der Bildenden Kunst - Paris I \u2013 Sorbonne Works and lives in Stuttgart and Berlin\" \/>\n<meta name=\"robots\" content=\"index, follow, max-snippet:-1, max-image-preview:large, max-video-preview:-1\" \/>\n<link rel=\"canonical\" href=\"https:\/\/fabian-claude-walter.com\/en\/artist\/luzia-simons\/\" \/>\n<meta property=\"og:locale\" content=\"en_US\" \/>\n<meta property=\"og:type\" content=\"article\" \/>\n<meta property=\"og:title\" content=\"Luzia Simons Fabian &amp; Claude Walter Galerie, Z\u00fcrich, Switzerland\" \/>\n<meta property=\"og:description\" content=\"Luzia Simons 1953 Born in Quixad\u00e1, Cear\u00e1 - Brasil 1978 Universit\u00e4tsabschluss in Geschichte - Paris VIII \u2013 Vincenne 1984 Studium der Bildenden Kunst - Paris I \u2013 Sorbonne Works and lives in Stuttgart and Berlin\" \/>\n<meta property=\"og:url\" content=\"https:\/\/fabian-claude-walter.com\/en\/artist\/luzia-simons\/\" \/>\n<meta property=\"og:site_name\" content=\"Fabian &amp; Claude Walter\" \/>\n<meta property=\"article:modified_time\" content=\"2022-05-23T19:51:39+00:00\" \/>\n<meta property=\"og:image\" content=\"https:\/\/fabian-claude-walter.com\/fcw\/wp-content\/uploads\/Stockage_191_2021_140x220cm_1AP5_Lighjet_Diasec-\u00a9-Luzia-S6.jpeg\" \/>\n\t<meta property=\"og:image:width\" content=\"1856\" \/>\n\t<meta property=\"og:image:height\" content=\"1181\" \/>\n\t<meta property=\"og:image:type\" content=\"image\/jpeg\" \/>\n<script type=\"application\/ld+json\" class=\"yoast-schema-graph\">{\"@context\":\"https:\\\/\\\/schema.org\",\"@graph\":[{\"@type\":\"WebPage\",\"@id\":\"https:\\\/\\\/fabian-claude-walter.com\\\/en\\\/artist\\\/luzia-simons\\\/\",\"url\":\"https:\\\/\\\/fabian-claude-walter.com\\\/en\\\/artist\\\/luzia-simons\\\/\",\"name\":\"Luzia Simons Fabian & Claude Walter Galerie, Z\u00fcrich, Switzerland\",\"isPartOf\":{\"@id\":\"https:\\\/\\\/fabian-claude-walter.com\\\/en\\\/#website\"},\"primaryImageOfPage\":{\"@id\":\"https:\\\/\\\/fabian-claude-walter.com\\\/en\\\/artist\\\/luzia-simons\\\/#primaryimage\"},\"image\":{\"@id\":\"https:\\\/\\\/fabian-claude-walter.com\\\/en\\\/artist\\\/luzia-simons\\\/#primaryimage\"},\"thumbnailUrl\":\"https:\\\/\\\/fabian-claude-walter.com\\\/fcw\\\/wp-content\\\/uploads\\\/Stockage_191_2021_140x220cm_1AP5_Lighjet_Diasec-\u00a9-Luzia-S6.jpeg\",\"datePublished\":\"2013-03-27T14:57:42+00:00\",\"dateModified\":\"2022-05-23T19:51:39+00:00\",\"description\":\"Luzia Simons 1953 Born in Quixad\u00e1, Cear\u00e1 - Brasil 1978 Universit\u00e4tsabschluss in Geschichte - Paris VIII \u2013 Vincenne 1984 Studium der Bildenden Kunst - Paris I \u2013 Sorbonne Works and lives in Stuttgart and Berlin\",\"breadcrumb\":{\"@id\":\"https:\\\/\\\/fabian-claude-walter.com\\\/en\\\/artist\\\/luzia-simons\\\/#breadcrumb\"},\"inLanguage\":\"en-US\",\"potentialAction\":[{\"@type\":\"ReadAction\",\"target\":[\"https:\\\/\\\/fabian-claude-walter.com\\\/en\\\/artist\\\/luzia-simons\\\/\"]}]},{\"@type\":\"ImageObject\",\"inLanguage\":\"en-US\",\"@id\":\"https:\\\/\\\/fabian-claude-walter.com\\\/en\\\/artist\\\/luzia-simons\\\/#primaryimage\",\"url\":\"https:\\\/\\\/fabian-claude-walter.com\\\/fcw\\\/wp-content\\\/uploads\\\/Stockage_191_2021_140x220cm_1AP5_Lighjet_Diasec-\u00a9-Luzia-S6.jpeg\",\"contentUrl\":\"https:\\\/\\\/fabian-claude-walter.com\\\/fcw\\\/wp-content\\\/uploads\\\/Stockage_191_2021_140x220cm_1AP5_Lighjet_Diasec-\u00a9-Luzia-S6.jpeg\",\"width\":1856,\"height\":1181,\"caption\":\"Scanogram, Lightjet Print, Diasec 140 x 220 cm, Edition of 5 + 1 AP\"},{\"@type\":\"BreadcrumbList\",\"@id\":\"https:\\\/\\\/fabian-claude-walter.com\\\/en\\\/artist\\\/luzia-simons\\\/#breadcrumb\",\"itemListElement\":[{\"@type\":\"ListItem\",\"position\":1,\"name\":\"Artists\",\"item\":\"https:\\\/\\\/fabian-claude-walter.com\\\/en\\\/artists\\\/\"},{\"@type\":\"ListItem\",\"position\":2,\"name\":\"Luzia Simons\"}]},{\"@type\":\"WebSite\",\"@id\":\"https:\\\/\\\/fabian-claude-walter.com\\\/en\\\/#website\",\"url\":\"https:\\\/\\\/fabian-claude-walter.com\\\/en\\\/\",\"name\":\"Fabian &amp; Claude Walter\",\"description\":\"Galerie\",\"potentialAction\":[{\"@type\":\"SearchAction\",\"target\":{\"@type\":\"EntryPoint\",\"urlTemplate\":\"https:\\\/\\\/fabian-claude-walter.com\\\/en\\\/?s={search_term_string}\"},\"query-input\":{\"@type\":\"PropertyValueSpecification\",\"valueRequired\":true,\"valueName\":\"search_term_string\"}}],\"inLanguage\":\"en-US\"}]}<\/script>\n<!-- \/ Yoast SEO plugin. -->","yoast_head_json":{"title":"Luzia Simons Fabian & Claude Walter Galerie, Z\u00fcrich, Switzerland","description":"Luzia Simons 1953 Born in Quixad\u00e1, Cear\u00e1 - Brasil 1978 Universit\u00e4tsabschluss in Geschichte - Paris VIII \u2013 Vincenne 1984 Studium der Bildenden Kunst - Paris I \u2013 Sorbonne Works and lives in Stuttgart and Berlin","robots":{"index":"index","follow":"follow","max-snippet":"max-snippet:-1","max-image-preview":"max-image-preview:large","max-video-preview":"max-video-preview:-1"},"canonical":"https:\/\/fabian-claude-walter.com\/en\/artist\/luzia-simons\/","og_locale":"en_US","og_type":"article","og_title":"Luzia Simons Fabian & Claude Walter Galerie, Z\u00fcrich, Switzerland","og_description":"Luzia Simons 1953 Born in Quixad\u00e1, Cear\u00e1 - Brasil 1978 Universit\u00e4tsabschluss in Geschichte - Paris VIII \u2013 Vincenne 1984 Studium der Bildenden Kunst - Paris I \u2013 Sorbonne Works and lives in Stuttgart and Berlin","og_url":"https:\/\/fabian-claude-walter.com\/en\/artist\/luzia-simons\/","og_site_name":"Fabian &amp; Claude Walter","article_modified_time":"2022-05-23T19:51:39+00:00","og_image":[{"width":1856,"height":1181,"url":"https:\/\/fabian-claude-walter.com\/fcw\/wp-content\/uploads\/Stockage_191_2021_140x220cm_1AP5_Lighjet_Diasec-\u00a9-Luzia-S6.jpeg","type":"image\/jpeg"}],"schema":{"@context":"https:\/\/schema.org","@graph":[{"@type":"WebPage","@id":"https:\/\/fabian-claude-walter.com\/en\/artist\/luzia-simons\/","url":"https:\/\/fabian-claude-walter.com\/en\/artist\/luzia-simons\/","name":"Luzia Simons Fabian & Claude Walter Galerie, Z\u00fcrich, Switzerland","isPartOf":{"@id":"https:\/\/fabian-claude-walter.com\/en\/#website"},"primaryImageOfPage":{"@id":"https:\/\/fabian-claude-walter.com\/en\/artist\/luzia-simons\/#primaryimage"},"image":{"@id":"https:\/\/fabian-claude-walter.com\/en\/artist\/luzia-simons\/#primaryimage"},"thumbnailUrl":"https:\/\/fabian-claude-walter.com\/fcw\/wp-content\/uploads\/Stockage_191_2021_140x220cm_1AP5_Lighjet_Diasec-\u00a9-Luzia-S6.jpeg","datePublished":"2013-03-27T14:57:42+00:00","dateModified":"2022-05-23T19:51:39+00:00","description":"Luzia Simons 1953 Born in Quixad\u00e1, Cear\u00e1 - Brasil 1978 Universit\u00e4tsabschluss in Geschichte - Paris VIII \u2013 Vincenne 1984 Studium der Bildenden Kunst - Paris I \u2013 Sorbonne Works and lives in Stuttgart and Berlin","breadcrumb":{"@id":"https:\/\/fabian-claude-walter.com\/en\/artist\/luzia-simons\/#breadcrumb"},"inLanguage":"en-US","potentialAction":[{"@type":"ReadAction","target":["https:\/\/fabian-claude-walter.com\/en\/artist\/luzia-simons\/"]}]},{"@type":"ImageObject","inLanguage":"en-US","@id":"https:\/\/fabian-claude-walter.com\/en\/artist\/luzia-simons\/#primaryimage","url":"https:\/\/fabian-claude-walter.com\/fcw\/wp-content\/uploads\/Stockage_191_2021_140x220cm_1AP5_Lighjet_Diasec-\u00a9-Luzia-S6.jpeg","contentUrl":"https:\/\/fabian-claude-walter.com\/fcw\/wp-content\/uploads\/Stockage_191_2021_140x220cm_1AP5_Lighjet_Diasec-\u00a9-Luzia-S6.jpeg","width":1856,"height":1181,"caption":"Scanogram, Lightjet Print, Diasec 140 x 220 cm, Edition of 5 + 1 AP"},{"@type":"BreadcrumbList","@id":"https:\/\/fabian-claude-walter.com\/en\/artist\/luzia-simons\/#breadcrumb","itemListElement":[{"@type":"ListItem","position":1,"name":"Artists","item":"https:\/\/fabian-claude-walter.com\/en\/artists\/"},{"@type":"ListItem","position":2,"name":"Luzia Simons"}]},{"@type":"WebSite","@id":"https:\/\/fabian-claude-walter.com\/en\/#website","url":"https:\/\/fabian-claude-walter.com\/en\/","name":"Fabian &amp; Claude Walter","description":"Galerie","potentialAction":[{"@type":"SearchAction","target":{"@type":"EntryPoint","urlTemplate":"https:\/\/fabian-claude-walter.com\/en\/?s={search_term_string}"},"query-input":{"@type":"PropertyValueSpecification","valueRequired":true,"valueName":"search_term_string"}}],"inLanguage":"en-US"}]}},"uagb_featured_image_src":{"full":["https:\/\/fabian-claude-walter.com\/fcw\/wp-content\/uploads\/Stockage_191_2021_140x220cm_1AP5_Lighjet_Diasec-\u00a9-Luzia-S6.jpeg",1856,1181,false],"thumbnail":["https:\/\/fabian-claude-walter.com\/fcw\/wp-content\/uploads\/Stockage_191_2021_140x220cm_1AP5_Lighjet_Diasec-\u00a9-Luzia-S6-150x150.jpeg",150,150,true],"medium":["https:\/\/fabian-claude-walter.com\/fcw\/wp-content\/uploads\/Stockage_191_2021_140x220cm_1AP5_Lighjet_Diasec-\u00a9-Luzia-S6-672x428.jpeg",672,428,true],"medium_large":["https:\/\/fabian-claude-walter.com\/fcw\/wp-content\/uploads\/Stockage_191_2021_140x220cm_1AP5_Lighjet_Diasec-\u00a9-Luzia-S6-768x489.jpeg",768,489,true],"large":["https:\/\/fabian-claude-walter.com\/fcw\/wp-content\/uploads\/Stockage_191_2021_140x220cm_1AP5_Lighjet_Diasec-\u00a9-Luzia-S6-1024x652.jpeg",1024,652,true],"1536x1536":["https:\/\/fabian-claude-walter.com\/fcw\/wp-content\/uploads\/Stockage_191_2021_140x220cm_1AP5_Lighjet_Diasec-\u00a9-Luzia-S6-1536x977.jpeg",1536,977,true],"2048x2048":["https:\/\/fabian-claude-walter.com\/fcw\/wp-content\/uploads\/Stockage_191_2021_140x220cm_1AP5_Lighjet_Diasec-\u00a9-Luzia-S6.jpeg",1856,1181,false],"post-thumbnail":["https:\/\/fabian-claude-walter.com\/fcw\/wp-content\/uploads\/Stockage_191_2021_140x220cm_1AP5_Lighjet_Diasec-\u00a9-Luzia-S6-350x223.jpeg",350,223,true],"homepage-thumb":["https:\/\/fabian-claude-walter.com\/fcw\/wp-content\/uploads\/Stockage_191_2021_140x220cm_1AP5_Lighjet_Diasec-\u00a9-Luzia-S6-350x223.jpeg",350,223,true],"fcw-medium":["https:\/\/fabian-claude-walter.com\/fcw\/wp-content\/uploads\/Stockage_191_2021_140x220cm_1AP5_Lighjet_Diasec-\u00a9-Luzia-S6-672x428.jpeg",672,428,true],"fcw-medium-height":["https:\/\/fabian-claude-walter.com\/fcw\/wp-content\/uploads\/Stockage_191_2021_140x220cm_1AP5_Lighjet_Diasec-\u00a9-Luzia-S6-811x516.jpeg",811,516,true],"fcw-large":["https:\/\/fabian-claude-walter.com\/fcw\/wp-content\/uploads\/Stockage_191_2021_140x220cm_1AP5_Lighjet_Diasec-\u00a9-Luzia-S6-1024x652.jpeg",1024,652,true],"fcw-large-height":["https:\/\/fabian-claude-walter.com\/fcw\/wp-content\/uploads\/Stockage_191_2021_140x220cm_1AP5_Lighjet_Diasec-\u00a9-Luzia-S6-1235x786.jpeg",1235,786,true],"fcw-full":["https:\/\/fabian-claude-walter.com\/fcw\/wp-content\/uploads\/Stockage_191_2021_140x220cm_1AP5_Lighjet_Diasec-\u00a9-Luzia-S6-1600x1018.jpeg",1600,1018,true],"fcw-full-medium-height":["https:\/\/fabian-claude-walter.com\/fcw\/wp-content\/uploads\/Stockage_191_2021_140x220cm_1AP5_Lighjet_Diasec-\u00a9-Luzia-S6-1600x516.jpeg",1600,516,true],"homepage-thumb-crop1":["https:\/\/fabian-claude-walter.com\/fcw\/wp-content\/uploads\/Stockage_191_2021_140x220cm_1AP5_Lighjet_Diasec-\u00a9-Luzia-S6-350x350.jpeg",350,350,true],"homepage-thumb-crop2":["https:\/\/fabian-claude-walter.com\/fcw\/wp-content\/uploads\/Stockage_191_2021_140x220cm_1AP5_Lighjet_Diasec-\u00a9-Luzia-S6-350x263.jpeg",350,263,true],"homepage-thumb-crop3":["https:\/\/fabian-claude-walter.com\/fcw\/wp-content\/uploads\/Stockage_191_2021_140x220cm_1AP5_Lighjet_Diasec-\u00a9-Luzia-S6-350x467.jpeg",350,467,true]},"uagb_author_info":{"display_name":"varga","author_link":"https:\/\/fabian-claude-walter.com\/en\/author\/"},"uagb_comment_info":0,"uagb_excerpt":null,"_links":{"self":[{"href":"https:\/\/fabian-claude-walter.com\/en\/wp-json\/wp\/v2\/artist\/3289","targetHints":{"allow":["GET"]}}],"collection":[{"href":"https:\/\/fabian-claude-walter.com\/en\/wp-json\/wp\/v2\/artist"}],"about":[{"href":"https:\/\/fabian-claude-walter.com\/en\/wp-json\/wp\/v2\/types\/artist"}],"version-history":[{"count":42,"href":"https:\/\/fabian-claude-walter.com\/en\/wp-json\/wp\/v2\/artist\/3289\/revisions"}],"predecessor-version":[{"id":16606,"href":"https:\/\/fabian-claude-walter.com\/en\/wp-json\/wp\/v2\/artist\/3289\/revisions\/16606"}],"wp:featuredmedia":[{"embeddable":true,"href":"https:\/\/fabian-claude-walter.com\/en\/wp-json\/wp\/v2\/media\/15886"}],"wp:attachment":[{"href":"https:\/\/fabian-claude-walter.com\/en\/wp-json\/wp\/v2\/media?parent=3289"}],"wp:term":[{"taxonomy":"artist_genre","embeddable":true,"href":"https:\/\/fabian-claude-walter.com\/en\/wp-json\/wp\/v2\/artist_genre?post=3289"}],"curies":[{"name":"wp","href":"https:\/\/api.w.org\/{rel}","templated":true}]}}