{"id":8540,"date":"2018-09-26T18:23:15","date_gmt":"2018-09-26T16:23:15","guid":{"rendered":"https:\/\/fabian-claude-walter.com\/shop2\/"},"modified":"2021-12-22T11:39:20","modified_gmt":"2021-12-22T10:39:20","slug":"shop","status":"publish","type":"page","link":"https:\/\/fabian-claude-walter.com\/en\/shop\/","title":{"rendered":"Shop"},"content":{"rendered":"\n<div class=\"wp-block-group\"><div class=\"wp-block-group__inner-container is-layout-flow wp-block-group-is-layout-flow\">\n<h2 class=\"wp-block-heading\">Publications<\/h2>\n\n\n\n\t\t\t<div class=\"wp-block-uagb-post-grid uagb-post-grid  uagb-post__image-position-top uagb-post__image-enabled uagb-block-97dd58b4     uagb-post__items uagb-post__columns-4 is-grid uagb-post__columns-tablet-2 uagb-post__columns-mobile-2 uagb-post__equal-height\" data-total=\"1\" style=\"\">\n\n\t\t\t\t\t\t\t\t\t\t\t\t<article class=\"uagb-post__inner-wrap\">\t\t\t\t\t\t\t\t<div class='uagb-post__image'>\n\t\t\t\t\t\t\t\t\t<a href=\"https:\/\/fabian-claude-walter.com\/en\/shop\/transformers-clouds-and-spaceships\/\" target=\"_self\" rel=\"bookmark noopener noreferrer\" class='uagb-image-ratio-inherit'><img decoding=\"async\" width=\"350\" height=\"350\" data-src=\"https:\/\/fabian-claude-walter.com\/fcw\/wp-content\/uploads\/IMG_8122-1-350x350.jpg\" class=\"attachment-homepage-thumb-crop1 size-homepage-thumb-crop1 lazyload\" alt=\"\" data-srcset=\"https:\/\/fabian-claude-walter.com\/fcw\/wp-content\/uploads\/IMG_8122-1-350x350.jpg 350w, https:\/\/fabian-claude-walter.com\/fcw\/wp-content\/uploads\/IMG_8122-1-150x150.jpg 150w\" data-sizes=\"(max-width: 350px) 100vw, 350px\" src=\"data:image\/svg+xml;base64,PHN2ZyB3aWR0aD0iMSIgaGVpZ2h0PSIxIiB4bWxucz0iaHR0cDovL3d3dy53My5vcmcvMjAwMC9zdmciPjwvc3ZnPg==\" style=\"--smush-placeholder-width: 350px; --smush-placeholder-aspect-ratio: 350\/350;\" \/>\t\t\t\t\t<\/a>\n\t\t\t\t\t\t\t<\/div>\n\t\t\t\t\t\t\t<nav class=\"connected\">\n\t\t\t\t\t<ul>\n\t\t\t\t\t\t\t\t\t\t\t\t\t<li><a href=\"https:\/\/fabian-claude-walter.com\/en\/artist\/carlo-borer-2\/\">Carlo Borer (CH)<\/a><\/li>\n\t\t\t\t\t\t\t\t\t\t\t<\/ul>\n\t\t\t\t<\/nav>\n\t\t\t\t<h4 class=\"uagb-post__title uagb-post__text\">\n\t\t\t\t<a href=\"https:\/\/fabian-claude-walter.com\/en\/shop\/transformers-clouds-and-spaceships\/\" target=\"_self\" rel=\"bookmark noopener noreferrer\">Transformers Clouds and Spaceships<\/a>\n\t\t\t<\/h4>\n\t\t\t\t\t\t\t\tCHF 50.\u2013<br>\t\t\t\t\t<a class=\"order-link\" href=\"mailto:shop@fabian-claude-walter.com?subject=Order%20publication%3A%20Carlo%20Borer%20%28CH%29%2C%20Transformers%20Clouds%20and%20Spaceships%20%28%2312453%29&#038;body=https%3A%2F%2Ffabian-claude-walter.com%2Fen%2Fshop%2Ftransformers-clouds-and-spaceships%2F\">\n\t\t\t\t\t\tOrder publication\t\t\t\t\t<\/a>\n\t\t\t\t\t\t\t<div class='uagb-post__text uagb-post-grid-byline'>\n\t\t\t\t\t\t\t<\/div>\n\t\t\t\n\t\t\t\t\t\t\t\t\t<\/article>\n\t\t\t\t\t\t\t\t\t\t\t\t\t\t\t\t<article class=\"uagb-post__inner-wrap\">\t\t\t\t\t\t\t\t<div class='uagb-post__image'>\n\t\t\t\t\t\t\t\t\t<a href=\"https:\/\/fabian-claude-walter.com\/en\/shop\/sonja-braas-so-far\/\" target=\"_self\" rel=\"bookmark noopener noreferrer\" class='uagb-image-ratio-inherit'><img decoding=\"async\" width=\"350\" height=\"350\" data-src=\"https:\/\/fabian-claude-walter.com\/fcw\/wp-content\/uploads\/00003646-350x350.jpg\" class=\"attachment-homepage-thumb-crop1 size-homepage-thumb-crop1 lazyload\" alt=\"\" data-srcset=\"https:\/\/fabian-claude-walter.com\/fcw\/wp-content\/uploads\/00003646-350x350.jpg 350w, https:\/\/fabian-claude-walter.com\/fcw\/wp-content\/uploads\/00003646-150x150.jpg 150w\" data-sizes=\"(max-width: 350px) 100vw, 350px\" src=\"data:image\/svg+xml;base64,PHN2ZyB3aWR0aD0iMSIgaGVpZ2h0PSIxIiB4bWxucz0iaHR0cDovL3d3dy53My5vcmcvMjAwMC9zdmciPjwvc3ZnPg==\" style=\"--smush-placeholder-width: 350px; --smush-placeholder-aspect-ratio: 350\/350;\" \/>\t\t\t\t\t<\/a>\n\t\t\t\t\t\t\t<\/div>\n\t\t\t\t\t\t\t<nav class=\"connected\">\n\t\t\t\t\t<ul>\n\t\t\t\t\t\t\t\t\t\t\t\t\t<li><a href=\"https:\/\/fabian-claude-walter.com\/en\/artist\/sonja-braas\/\">Sonja Braas (GER)<\/a><\/li>\n\t\t\t\t\t\t\t\t\t\t\t<\/ul>\n\t\t\t\t<\/nav>\n\t\t\t\t<h4 class=\"uagb-post__title uagb-post__text\">\n\t\t\t\t<a href=\"https:\/\/fabian-claude-walter.com\/en\/shop\/sonja-braas-so-far\/\" target=\"_self\" rel=\"bookmark noopener noreferrer\">So Far<\/a>\n\t\t\t<\/h4>\n\t\t\t\t\t\t\t\tCHF 20.\u2013<br>\t\t\t\t\t<a class=\"order-link\" href=\"mailto:shop@fabian-claude-walter.com?subject=Order%20publication%3A%20Sonja%20Braas%20%28GER%29%2C%20So%20Far%20%28%239171%29&#038;body=https%3A%2F%2Ffabian-claude-walter.com%2Fen%2Fshop%2Fsonja-braas-so-far%2F\">\n\t\t\t\t\t\tOrder publication\t\t\t\t\t<\/a>\n\t\t\t\t\t\t\t<div class='uagb-post__text uagb-post-grid-byline'>\n\t\t\t\t\t\t\t<\/div>\n\t\t\t\n\t\t\t\t\t\t\t\t\t<\/article>\n\t\t\t\t\t\t\t\t\t\t\t\t\t\t\t\t<article class=\"uagb-post__inner-wrap\">\t\t\t\t\t\t\t\t<div class='uagb-post__image'>\n\t\t\t\t\t\t\t\t\t<a href=\"https:\/\/fabian-claude-walter.com\/en\/shop\/balthasar-burkhard\/\" target=\"_self\" rel=\"bookmark noopener noreferrer\" class='uagb-image-ratio-inherit'><img decoding=\"async\" width=\"350\" height=\"350\" data-src=\"https:\/\/fabian-claude-walter.com\/fcw\/wp-content\/uploads\/IMG_8163-350x350.jpg\" class=\"attachment-homepage-thumb-crop1 size-homepage-thumb-crop1 lazyload\" alt=\"\" data-srcset=\"https:\/\/fabian-claude-walter.com\/fcw\/wp-content\/uploads\/IMG_8163-350x350.jpg 350w, https:\/\/fabian-claude-walter.com\/fcw\/wp-content\/uploads\/IMG_8163-150x150.jpg 150w\" data-sizes=\"(max-width: 350px) 100vw, 350px\" src=\"data:image\/svg+xml;base64,PHN2ZyB3aWR0aD0iMSIgaGVpZ2h0PSIxIiB4bWxucz0iaHR0cDovL3d3dy53My5vcmcvMjAwMC9zdmciPjwvc3ZnPg==\" style=\"--smush-placeholder-width: 350px; --smush-placeholder-aspect-ratio: 350\/350;\" \/>\t\t\t\t\t<\/a>\n\t\t\t\t\t\t\t<\/div>\n\t\t\t\t\t\t\t<nav class=\"connected\">\n\t\t\t\t\t<ul>\n\t\t\t\t\t\t\t\t\t\t\t\t\t<li><a href=\"https:\/\/fabian-claude-walter.com\/en\/artist\/balthasar-burkhard\/\">Balthasar Burkhard (CH)<\/a><\/li>\n\t\t\t\t\t\t\t\t\t\t\t<\/ul>\n\t\t\t\t<\/nav>\n\t\t\t\t<h4 class=\"uagb-post__title uagb-post__text\">\n\t\t\t\t<a href=\"https:\/\/fabian-claude-walter.com\/en\/shop\/balthasar-burkhard\/\" target=\"_self\" rel=\"bookmark noopener noreferrer\">Balthasar Burkhard<\/a>\n\t\t\t<\/h4>\n\t\t\t\t\t\t\t\tCHF 40.\u2013<br>\t\t\t\t\t<a class=\"order-link\" href=\"mailto:shop@fabian-claude-walter.com?subject=Order%20publication%3A%20Balthasar%20Burkhard%20%28CH%29%2C%20Balthasar%20Burkhard%20%28%2313141%29&#038;body=https%3A%2F%2Ffabian-claude-walter.com%2Fen%2Fshop%2Fbalthasar-burkhard%2F\">\n\t\t\t\t\t\tOrder publication\t\t\t\t\t<\/a>\n\t\t\t\t\t\t\t<div class='uagb-post__text uagb-post-grid-byline'>\n\t\t\t\t\t\t\t<\/div>\n\t\t\t\n\t\t\t\t\t\t\t\t\t<\/article>\n\t\t\t\t\t\t\t\t\t\t\t\t\t\t\t\t<article class=\"uagb-post__inner-wrap\">\t\t\t\t\t\t\t\t<div class='uagb-post__image'>\n\t\t\t\t\t\t\t\t\t<a href=\"https:\/\/fabian-claude-walter.com\/en\/shop\/pending-memories\/\" target=\"_self\" rel=\"bookmark noopener noreferrer\" class='uagb-image-ratio-inherit'><img decoding=\"async\" width=\"350\" height=\"350\" data-src=\"https:\/\/fabian-claude-walter.com\/fcw\/wp-content\/uploads\/81wExJrWcnL-350x350.jpg\" class=\"attachment-homepage-thumb-crop1 size-homepage-thumb-crop1 lazyload\" alt=\"\" data-srcset=\"https:\/\/fabian-claude-walter.com\/fcw\/wp-content\/uploads\/81wExJrWcnL-350x350.jpg 350w, https:\/\/fabian-claude-walter.com\/fcw\/wp-content\/uploads\/81wExJrWcnL-150x150.jpg 150w\" data-sizes=\"(max-width: 350px) 100vw, 350px\" src=\"data:image\/svg+xml;base64,PHN2ZyB3aWR0aD0iMSIgaGVpZ2h0PSIxIiB4bWxucz0iaHR0cDovL3d3dy53My5vcmcvMjAwMC9zdmciPjwvc3ZnPg==\" style=\"--smush-placeholder-width: 350px; --smush-placeholder-aspect-ratio: 350\/350;\" \/>\t\t\t\t\t<\/a>\n\t\t\t\t\t\t\t<\/div>\n\t\t\t\t\t\t\t<nav class=\"connected\">\n\t\t\t\t\t<ul>\n\t\t\t\t\t\t\t\t\t\t\t\t\t<li><a href=\"https:\/\/fabian-claude-walter.com\/en\/artist\/adrian-fernandez\/\">Adri\u00e1n Fern\u00e1ndez Milan\u00e9s (CUB)<\/a><\/li>\n\t\t\t\t\t\t\t\t\t\t\t<\/ul>\n\t\t\t\t<\/nav>\n\t\t\t\t<h4 class=\"uagb-post__title uagb-post__text\">\n\t\t\t\t<a href=\"https:\/\/fabian-claude-walter.com\/en\/shop\/pending-memories\/\" target=\"_self\" rel=\"bookmark noopener noreferrer\">Pending Memories<\/a>\n\t\t\t<\/h4>\n\t\t\t\t\t\t\t\tCHF 50.\u2013<br>\t\t\t\t\t<a class=\"order-link\" href=\"mailto:shop@fabian-claude-walter.com?subject=Order%20publication%3A%20Adri%C3%A1n%20Fern%C3%A1ndez%20Milan%C3%A9s%20%28CUB%29%2C%20Pending%20Memories%20%28%2317364%29&#038;body=https%3A%2F%2Ffabian-claude-walter.com%2Fen%2Fshop%2Fpending-memories%2F\">\n\t\t\t\t\t\tOrder publication\t\t\t\t\t<\/a>\n\t\t\t\t\t\t\t<div class='uagb-post__text uagb-post-grid-byline'>\n\t\t\t\t\t\t\t<\/div>\n\t\t\t\n\t\t\t\t\t\t\t\t\t<\/article>\n\t\t\t\t\t\t\t\t\t\t\t\t\t\t\t\t<article class=\"uagb-post__inner-wrap\">\t\t\t\t\t\t\t\t<div class='uagb-post__image'>\n\t\t\t\t\t\t\t\t\t<a href=\"https:\/\/fabian-claude-walter.com\/en\/shop\/peter-hebeisen-battlefields\/\" target=\"_self\" rel=\"bookmark noopener noreferrer\" class='uagb-image-ratio-inherit'><img decoding=\"async\" width=\"350\" height=\"350\" data-src=\"https:\/\/fabian-claude-walter.com\/fcw\/wp-content\/uploads\/00003836-350x350.jpg\" class=\"attachment-homepage-thumb-crop1 size-homepage-thumb-crop1 lazyload\" alt=\"\" data-srcset=\"https:\/\/fabian-claude-walter.com\/fcw\/wp-content\/uploads\/00003836-350x350.jpg 350w, https:\/\/fabian-claude-walter.com\/fcw\/wp-content\/uploads\/00003836-150x150.jpg 150w\" data-sizes=\"(max-width: 350px) 100vw, 350px\" src=\"data:image\/svg+xml;base64,PHN2ZyB3aWR0aD0iMSIgaGVpZ2h0PSIxIiB4bWxucz0iaHR0cDovL3d3dy53My5vcmcvMjAwMC9zdmciPjwvc3ZnPg==\" style=\"--smush-placeholder-width: 350px; --smush-placeholder-aspect-ratio: 350\/350;\" \/>\t\t\t\t\t<\/a>\n\t\t\t\t\t\t\t<\/div>\n\t\t\t\t\t\t\t<nav class=\"connected\">\n\t\t\t\t\t<ul>\n\t\t\t\t\t\t\t\t\t\t\t\t\t<li><a href=\"https:\/\/fabian-claude-walter.com\/en\/artist\/peter-hebeisen\/\">Peter Hebeisen (CH)<\/a><\/li>\n\t\t\t\t\t\t\t\t\t\t\t<\/ul>\n\t\t\t\t<\/nav>\n\t\t\t\t<h4 class=\"uagb-post__title uagb-post__text\">\n\t\t\t\t<a href=\"https:\/\/fabian-claude-walter.com\/en\/shop\/peter-hebeisen-battlefields\/\" target=\"_self\" rel=\"bookmark noopener noreferrer\">Battlefields<\/a>\n\t\t\t<\/h4>\n\t\t\t\t\t\t\t\tCHF 50.\u2013<br>\t\t\t\t\t<a class=\"order-link\" href=\"mailto:shop@fabian-claude-walter.com?subject=Order%20publication%3A%20Peter%20Hebeisen%20%28CH%29%2C%20Battlefields%20%28%239197%29&#038;body=https%3A%2F%2Ffabian-claude-walter.com%2Fen%2Fshop%2Fpeter-hebeisen-battlefields%2F\">\n\t\t\t\t\t\tOrder publication\t\t\t\t\t<\/a>\n\t\t\t\t\t\t\t<div class='uagb-post__text uagb-post-grid-byline'>\n\t\t\t\t\t\t\t<\/div>\n\t\t\t\n\t\t\t\t\t\t\t\t\t<\/article>\n\t\t\t\t\t\t\t\t\t\t\t\t\t\t\t\t<article class=\"uagb-post__inner-wrap\">\t\t\t\t\t\t\t\t<div class='uagb-post__image'>\n\t\t\t\t\t\t\t\t\t<a href=\"https:\/\/fabian-claude-walter.com\/en\/shop\/roger-humbert-concrete-photography-as-programme\/\" target=\"_self\" rel=\"bookmark noopener noreferrer\" class='uagb-image-ratio-inherit'><img decoding=\"async\" width=\"350\" height=\"350\" data-src=\"https:\/\/fabian-claude-walter.com\/fcw\/wp-content\/uploads\/page_1-350x350.jpg\" class=\"attachment-homepage-thumb-crop1 size-homepage-thumb-crop1 lazyload\" alt=\"\" data-srcset=\"https:\/\/fabian-claude-walter.com\/fcw\/wp-content\/uploads\/page_1-350x350.jpg 350w, https:\/\/fabian-claude-walter.com\/fcw\/wp-content\/uploads\/page_1-150x150.jpg 150w\" data-sizes=\"(max-width: 350px) 100vw, 350px\" src=\"data:image\/svg+xml;base64,PHN2ZyB3aWR0aD0iMSIgaGVpZ2h0PSIxIiB4bWxucz0iaHR0cDovL3d3dy53My5vcmcvMjAwMC9zdmciPjwvc3ZnPg==\" style=\"--smush-placeholder-width: 350px; --smush-placeholder-aspect-ratio: 350\/350;\" \/>\t\t\t\t\t<\/a>\n\t\t\t\t\t\t\t<\/div>\n\t\t\t\t\t\t\t<nav class=\"connected\">\n\t\t\t\t\t<ul>\n\t\t\t\t\t\t\t\t\t\t\t\t\t<li><a href=\"https:\/\/fabian-claude-walter.com\/en\/artist\/roger-humbert\/\">Roger Humbert (CH)<\/a><\/li>\n\t\t\t\t\t\t\t\t\t\t\t<\/ul>\n\t\t\t\t<\/nav>\n\t\t\t\t<h4 class=\"uagb-post__title uagb-post__text\">\n\t\t\t\t<a href=\"https:\/\/fabian-claude-walter.com\/en\/shop\/roger-humbert-concrete-photography-as-programme\/\" target=\"_self\" rel=\"bookmark noopener noreferrer\">Concrete Photography as programme<\/a>\n\t\t\t<\/h4>\n\t\t\t\t\t\t\t\tCHF 50.\u2013<br>\t\t\t\t\t<a class=\"order-link\" href=\"mailto:shop@fabian-claude-walter.com?subject=Order%20publication%3A%20Roger%20Humbert%20%28CH%29%2C%20Concrete%20Photography%20as%20programme%20%28%239233%29&#038;body=https%3A%2F%2Ffabian-claude-walter.com%2Fen%2Fshop%2Froger-humbert-concrete-photography-as-programme%2F\">\n\t\t\t\t\t\tOrder publication\t\t\t\t\t<\/a>\n\t\t\t\t\t\t\t<div class='uagb-post__text uagb-post-grid-byline'>\n\t\t\t\t\t\t\t<\/div>\n\t\t\t\n\t\t\t\t\t\t\t\t\t<\/article>\n\t\t\t\t\t\t\t\t\t\t\t\t\t\t\t\t<article class=\"uagb-post__inner-wrap\">\t\t\t\t\t\t\t\t<div class='uagb-post__image'>\n\t\t\t\t\t\t\t\t\t<a href=\"https:\/\/fabian-claude-walter.com\/en\/shop\/the-language-of-light\/\" target=\"_self\" rel=\"bookmark noopener noreferrer\" class='uagb-image-ratio-inherit'><img decoding=\"async\" width=\"350\" height=\"350\" data-src=\"https:\/\/fabian-claude-walter.com\/fcw\/wp-content\/uploads\/cover-rev-last-350x350.jpg\" class=\"attachment-homepage-thumb-crop1 size-homepage-thumb-crop1 lazyload\" alt=\"\" src=\"data:image\/svg+xml;base64,PHN2ZyB3aWR0aD0iMSIgaGVpZ2h0PSIxIiB4bWxucz0iaHR0cDovL3d3dy53My5vcmcvMjAwMC9zdmciPjwvc3ZnPg==\" style=\"--smush-placeholder-width: 350px; --smush-placeholder-aspect-ratio: 350\/350;\" \/>\t\t\t\t\t<\/a>\n\t\t\t\t\t\t\t<\/div>\n\t\t\t\t\t\t\t<nav class=\"connected\">\n\t\t\t\t\t<ul>\n\t\t\t\t\t\t\t\t\t\t\t\t\t<li><a href=\"https:\/\/fabian-claude-walter.com\/en\/artist\/roger-humbert\/\">Roger Humbert (CH)<\/a><\/li>\n\t\t\t\t\t\t\t\t\t\t\t<\/ul>\n\t\t\t\t<\/nav>\n\t\t\t\t<h4 class=\"uagb-post__title uagb-post__text\">\n\t\t\t\t<a href=\"https:\/\/fabian-claude-walter.com\/en\/shop\/the-language-of-light\/\" target=\"_self\" rel=\"bookmark noopener noreferrer\">The Language of Light<\/a>\n\t\t\t<\/h4>\n\t\t\t\t\t\t\t\tCHF 22.\u2013<br>\t\t\t\t\t<a class=\"order-link\" href=\"mailto:shop@fabian-claude-walter.com?subject=Order%20publication%3A%20Roger%20Humbert%20%28CH%29%2C%20The%20Language%20of%20Light%20%28%2315948%29&#038;body=https%3A%2F%2Ffabian-claude-walter.com%2Fen%2Fshop%2Fthe-language-of-light%2F\">\n\t\t\t\t\t\tOrder publication\t\t\t\t\t<\/a>\n\t\t\t\t\t\t\t<div class='uagb-post__text uagb-post-grid-byline'>\n\t\t\t\t\t\t\t<\/div>\n\t\t\t\n\t\t\t\t\t\t\t\t\t<\/article>\n\t\t\t\t\t\t\t\t\t\t\t\t\t\t\t\t<article class=\"uagb-post__inner-wrap\">\t\t\t\t\t\t\t\t<div class='uagb-post__image'>\n\t\t\t\t\t\t\t\t\t<a href=\"https:\/\/fabian-claude-walter.com\/en\/shop\/tooth-and-nail-1970-74\/\" target=\"_self\" rel=\"bookmark noopener noreferrer\" class='uagb-image-ratio-inherit'><img decoding=\"async\" width=\"350\" height=\"350\" data-src=\"https:\/\/fabian-claude-walter.com\/fcw\/wp-content\/uploads\/Dennis-Oppenheim-Film-1-Kopie-350x350.jpeg\" class=\"attachment-homepage-thumb-crop1 size-homepage-thumb-crop1 lazyload\" alt=\"\" data-srcset=\"https:\/\/fabian-claude-walter.com\/fcw\/wp-content\/uploads\/Dennis-Oppenheim-Film-1-Kopie-350x350.jpeg 350w, https:\/\/fabian-claude-walter.com\/fcw\/wp-content\/uploads\/Dennis-Oppenheim-Film-1-Kopie-150x150.jpeg 150w\" data-sizes=\"(max-width: 350px) 100vw, 350px\" src=\"data:image\/svg+xml;base64,PHN2ZyB3aWR0aD0iMSIgaGVpZ2h0PSIxIiB4bWxucz0iaHR0cDovL3d3dy53My5vcmcvMjAwMC9zdmciPjwvc3ZnPg==\" style=\"--smush-placeholder-width: 350px; --smush-placeholder-aspect-ratio: 350\/350;\" \/>\t\t\t\t\t<\/a>\n\t\t\t\t\t\t\t<\/div>\n\t\t\t\t\t\t\t<nav class=\"connected\">\n\t\t\t\t\t<ul>\n\t\t\t\t\t\t\t\t\t\t\t\t\t<li><a href=\"https:\/\/fabian-claude-walter.com\/en\/artist\/dennis-oppenheim\/\">Dennis Oppenheim (USA)<\/a><\/li>\n\t\t\t\t\t\t\t\t\t\t\t<\/ul>\n\t\t\t\t<\/nav>\n\t\t\t\t<h4 class=\"uagb-post__title uagb-post__text\">\n\t\t\t\t<a href=\"https:\/\/fabian-claude-walter.com\/en\/shop\/tooth-and-nail-1970-74\/\" target=\"_self\" rel=\"bookmark noopener noreferrer\">Tooth and Nail 1970-74<\/a>\n\t\t\t<\/h4>\n\t\t\t\t\t\t\t\tCHF 50.\u2013<br>\t\t\t\t\t<a class=\"order-link\" href=\"mailto:shop@fabian-claude-walter.com?subject=Order%20publication%3A%20Dennis%20Oppenheim%20%28USA%29%2C%20Tooth%20and%20Nail%201970-74%20%28%2313088%29&#038;body=https%3A%2F%2Ffabian-claude-walter.com%2Fen%2Fshop%2Ftooth-and-nail-1970-74%2F\">\n\t\t\t\t\t\tOrder publication\t\t\t\t\t<\/a>\n\t\t\t\t\t\t\t<div class='uagb-post__text uagb-post-grid-byline'>\n\t\t\t\t\t\t\t<\/div>\n\t\t\t\n\t\t\t\t\t\t\t\t\t<\/article>\n\t\t\t\t\t\t\t\t\t\t\t\t\t\t\t\t<article class=\"uagb-post__inner-wrap\">\t\t\t\t\t\t\t\t<div class='uagb-post__image'>\n\t\t\t\t\t\t\t\t\t<a href=\"https:\/\/fabian-claude-walter.com\/en\/shop\/thomas-ritz-der-doppelte-blick\/\" target=\"_self\" rel=\"bookmark noopener noreferrer\" class='uagb-image-ratio-inherit'><img decoding=\"async\" width=\"350\" height=\"350\" data-src=\"https:\/\/fabian-claude-walter.com\/fcw\/wp-content\/uploads\/Thomas-Ritz-Der-doppelte-Blick-350x350.jpg\" class=\"attachment-homepage-thumb-crop1 size-homepage-thumb-crop1 lazyload\" alt=\"\" data-srcset=\"https:\/\/fabian-claude-walter.com\/fcw\/wp-content\/uploads\/Thomas-Ritz-Der-doppelte-Blick-350x350.jpg 350w, https:\/\/fabian-claude-walter.com\/fcw\/wp-content\/uploads\/Thomas-Ritz-Der-doppelte-Blick-150x150.jpg 150w\" data-sizes=\"(max-width: 350px) 100vw, 350px\" src=\"data:image\/svg+xml;base64,PHN2ZyB3aWR0aD0iMSIgaGVpZ2h0PSIxIiB4bWxucz0iaHR0cDovL3d3dy53My5vcmcvMjAwMC9zdmciPjwvc3ZnPg==\" style=\"--smush-placeholder-width: 350px; --smush-placeholder-aspect-ratio: 350\/350;\" \/>\t\t\t\t\t<\/a>\n\t\t\t\t\t\t\t<\/div>\n\t\t\t\t\t\t\t<nav class=\"connected\">\n\t\t\t\t\t<ul>\n\t\t\t\t\t\t\t\t\t\t\t\t\t<li><a href=\"https:\/\/fabian-claude-walter.com\/en\/artist\/thomas-ritz\/\">Thomas Ritz (CH)<\/a><\/li>\n\t\t\t\t\t\t\t\t\t\t\t<\/ul>\n\t\t\t\t<\/nav>\n\t\t\t\t<h4 class=\"uagb-post__title uagb-post__text\">\n\t\t\t\t<a href=\"https:\/\/fabian-claude-walter.com\/en\/shop\/thomas-ritz-der-doppelte-blick\/\" target=\"_self\" rel=\"bookmark noopener noreferrer\">Der doppelte Blick<\/a>\n\t\t\t<\/h4>\n\t\t\t\t\t\t\t\tCHF 35.\u2013<br>\t\t\t\t\t<a class=\"order-link\" href=\"mailto:shop@fabian-claude-walter.com?subject=Order%20publication%3A%20Thomas%20Ritz%20%28CH%29%2C%20Der%20doppelte%20Blick%20%28%239207%29&#038;body=https%3A%2F%2Ffabian-claude-walter.com%2Fen%2Fshop%2Fthomas-ritz-der-doppelte-blick%2F\">\n\t\t\t\t\t\tOrder publication\t\t\t\t\t<\/a>\n\t\t\t\t\t\t\t<div class='uagb-post__text uagb-post-grid-byline'>\n\t\t\t\t\t\t\t<\/div>\n\t\t\t\n\t\t\t\t\t\t\t\t\t<\/article>\n\t\t\t\t\t\t\t\t\t\t\t\t\t\t\t\t<article class=\"uagb-post__inner-wrap\">\t\t\t\t\t\t\t\t<div class='uagb-post__image'>\n\t\t\t\t\t\t\t\t\t<a href=\"https:\/\/fabian-claude-walter.com\/en\/shop\/luzia-simons-installations-in-situ\/\" target=\"_self\" rel=\"bookmark noopener noreferrer\" class='uagb-image-ratio-inherit'><img decoding=\"async\" width=\"350\" height=\"350\" data-src=\"https:\/\/fabian-claude-walter.com\/fcw\/wp-content\/uploads\/Cover_InstallationsInSitu-350x350.jpg\" class=\"attachment-homepage-thumb-crop1 size-homepage-thumb-crop1 lazyload\" alt=\"\" data-srcset=\"https:\/\/fabian-claude-walter.com\/fcw\/wp-content\/uploads\/Cover_InstallationsInSitu-350x350.jpg 350w, https:\/\/fabian-claude-walter.com\/fcw\/wp-content\/uploads\/Cover_InstallationsInSitu-150x150.jpg 150w\" data-sizes=\"(max-width: 350px) 100vw, 350px\" src=\"data:image\/svg+xml;base64,PHN2ZyB3aWR0aD0iMSIgaGVpZ2h0PSIxIiB4bWxucz0iaHR0cDovL3d3dy53My5vcmcvMjAwMC9zdmciPjwvc3ZnPg==\" style=\"--smush-placeholder-width: 350px; --smush-placeholder-aspect-ratio: 350\/350;\" \/>\t\t\t\t\t<\/a>\n\t\t\t\t\t\t\t<\/div>\n\t\t\t\t\t\t\t<nav class=\"connected\">\n\t\t\t\t\t<ul>\n\t\t\t\t\t\t\t\t\t\t\t\t\t<li><a href=\"https:\/\/fabian-claude-walter.com\/en\/artist\/luzia-simons\/\">Luzia Simons (BRA)<\/a><\/li>\n\t\t\t\t\t\t\t\t\t\t\t<\/ul>\n\t\t\t\t<\/nav>\n\t\t\t\t<h4 class=\"uagb-post__title uagb-post__text\">\n\t\t\t\t<a href=\"https:\/\/fabian-claude-walter.com\/en\/shop\/luzia-simons-installations-in-situ\/\" target=\"_self\" rel=\"bookmark noopener noreferrer\">Installations in situ<\/a>\n\t\t\t<\/h4>\n\t\t\t\t\t\t\t\tCHF 20.\u2013<br>\t\t\t\t\t<a class=\"order-link\" href=\"mailto:shop@fabian-claude-walter.com?subject=Order%20publication%3A%20Luzia%20Simons%20%28BRA%29%2C%20Installations%20in%20situ%20%28%239220%29&#038;body=https%3A%2F%2Ffabian-claude-walter.com%2Fen%2Fshop%2Fluzia-simons-installations-in-situ%2F\">\n\t\t\t\t\t\tOrder publication\t\t\t\t\t<\/a>\n\t\t\t\t\t\t\t<div class='uagb-post__text uagb-post-grid-byline'>\n\t\t\t\t\t\t\t<\/div>\n\t\t\t\n\t\t\t\t\t\t\t\t\t<\/article>\n\t\t\t\t\t\t\t\t\t\t\t\t\t\t\t\t<article class=\"uagb-post__inner-wrap\">\t\t\t\t\t\t\t\t<div class='uagb-post__image'>\n\t\t\t\t\t\t\t\t\t<a href=\"https:\/\/fabian-claude-walter.com\/en\/shop\/traces\/\" target=\"_self\" rel=\"bookmark noopener noreferrer\" class='uagb-image-ratio-inherit'><img decoding=\"async\" width=\"350\" height=\"350\" data-src=\"https:\/\/fabian-claude-walter.com\/fcw\/wp-content\/uploads\/traces-316485060-350x350.jpg\" class=\"attachment-homepage-thumb-crop1 size-homepage-thumb-crop1 lazyload\" alt=\"\" data-srcset=\"https:\/\/fabian-claude-walter.com\/fcw\/wp-content\/uploads\/traces-316485060-350x350.jpg 350w, https:\/\/fabian-claude-walter.com\/fcw\/wp-content\/uploads\/traces-316485060-150x150.jpg 150w\" data-sizes=\"(max-width: 350px) 100vw, 350px\" src=\"data:image\/svg+xml;base64,PHN2ZyB3aWR0aD0iMSIgaGVpZ2h0PSIxIiB4bWxucz0iaHR0cDovL3d3dy53My5vcmcvMjAwMC9zdmciPjwvc3ZnPg==\" style=\"--smush-placeholder-width: 350px; --smush-placeholder-aspect-ratio: 350\/350;\" \/>\t\t\t\t\t<\/a>\n\t\t\t\t\t\t\t<\/div>\n\t\t\t\t\t\t\t<nav class=\"connected\">\n\t\t\t\t\t<ul>\n\t\t\t\t\t\t\t\t\t\t\t\t\t<li><a href=\"https:\/\/fabian-claude-walter.com\/en\/artist\/luzia-simons\/\">Luzia Simons (BRA)<\/a><\/li>\n\t\t\t\t\t\t\t\t\t\t\t<\/ul>\n\t\t\t\t<\/nav>\n\t\t\t\t<h4 class=\"uagb-post__title uagb-post__text\">\n\t\t\t\t<a href=\"https:\/\/fabian-claude-walter.com\/en\/shop\/traces\/\" target=\"_self\" rel=\"bookmark noopener noreferrer\">Traces<\/a>\n\t\t\t<\/h4>\n\t\t\t\t\t\t\t\tCHF 45.\u2013<br>\t\t\t\t\t<a class=\"order-link\" href=\"mailto:shop@fabian-claude-walter.com?subject=Order%20publication%3A%20Luzia%20Simons%20%28BRA%29%2C%20Traces%20%28%2315410%29&#038;body=https%3A%2F%2Ffabian-claude-walter.com%2Fen%2Fshop%2Ftraces%2F\">\n\t\t\t\t\t\tOrder publication\t\t\t\t\t<\/a>\n\t\t\t\t\t\t\t<div class='uagb-post__text uagb-post-grid-byline'>\n\t\t\t\t\t\t\t<\/div>\n\t\t\t\n\t\t\t\t\t\t\t\t\t<\/article>\n\t\t\t\t\t\t\t\t\t\t\t\t\t\t\t\t<article class=\"uagb-post__inner-wrap\">\t\t\t\t\t\t\t\t<div class='uagb-post__image'>\n\t\t\t\t\t\t\t\t\t<a href=\"https:\/\/fabian-claude-walter.com\/en\/shop\/skyviews\/\" target=\"_self\" rel=\"bookmark noopener noreferrer\" class='uagb-image-ratio-inherit'><img decoding=\"async\" width=\"350\" height=\"350\" data-src=\"https:\/\/fabian-claude-walter.com\/fcw\/wp-content\/uploads\/IMG_0948-1-350x350.jpg\" class=\"attachment-homepage-thumb-crop1 size-homepage-thumb-crop1 lazyload\" alt=\"\" data-srcset=\"https:\/\/fabian-claude-walter.com\/fcw\/wp-content\/uploads\/IMG_0948-1-350x350.jpg 350w, https:\/\/fabian-claude-walter.com\/fcw\/wp-content\/uploads\/IMG_0948-1-150x150.jpg 150w\" data-sizes=\"(max-width: 350px) 100vw, 350px\" src=\"data:image\/svg+xml;base64,PHN2ZyB3aWR0aD0iMSIgaGVpZ2h0PSIxIiB4bWxucz0iaHR0cDovL3d3dy53My5vcmcvMjAwMC9zdmciPjwvc3ZnPg==\" style=\"--smush-placeholder-width: 350px; --smush-placeholder-aspect-ratio: 350\/350;\" \/>\t\t\t\t\t<\/a>\n\t\t\t\t\t\t\t<\/div>\n\t\t\t\t\t\t\t<nav class=\"connected\">\n\t\t\t\t\t<ul>\n\t\t\t\t\t\t\t\t\t\t\t\t\t<li><a href=\"https:\/\/fabian-claude-walter.com\/en\/artist\/stepanek-maslin\/\">Stepanek &#038; Maslin (GER\/GBR)<\/a><\/li>\n\t\t\t\t\t\t\t\t\t\t\t<\/ul>\n\t\t\t\t<\/nav>\n\t\t\t\t<h4 class=\"uagb-post__title uagb-post__text\">\n\t\t\t\t<a href=\"https:\/\/fabian-claude-walter.com\/en\/shop\/skyviews\/\" target=\"_self\" rel=\"bookmark noopener noreferrer\">Skyviews<\/a>\n\t\t\t<\/h4>\n\t\t\t\t\t\t\t\tCHF 150.\u2013<br>\t\t\t\t\t<a class=\"order-link\" href=\"mailto:shop@fabian-claude-walter.com?subject=Order%20publication%3A%20Stepanek%20%26%20Maslin%20%28GER%2FGBR%29%2C%20Skyviews%20%28%2314592%29&#038;body=https%3A%2F%2Ffabian-claude-walter.com%2Fen%2Fshop%2Fskyviews%2F\">\n\t\t\t\t\t\tOrder publication\t\t\t\t\t<\/a>\n\t\t\t\t\t\t\t<div class='uagb-post__text uagb-post-grid-byline'>\n\t\t\t\t\t\t\t<\/div>\n\t\t\t\n\t\t\t\t\t\t\t\t\t<\/article>\n\t\t\t\t\t\t\t\t\t\t\t\t\t\t\t\t<article class=\"uagb-post__inner-wrap\">\t\t\t\t\t\t\t\t<div class='uagb-post__image'>\n\t\t\t\t\t\t\t\t\t<a href=\"https:\/\/fabian-claude-walter.com\/en\/shop\/romeo-vendrame-choreography\/\" target=\"_self\" rel=\"bookmark noopener noreferrer\" class='uagb-image-ratio-inherit'><img decoding=\"async\" width=\"350\" height=\"350\" data-src=\"https:\/\/fabian-claude-walter.com\/fcw\/wp-content\/uploads\/IMG_8839-350x350.jpg\" class=\"attachment-homepage-thumb-crop1 size-homepage-thumb-crop1 lazyload\" alt=\"\" data-srcset=\"https:\/\/fabian-claude-walter.com\/fcw\/wp-content\/uploads\/IMG_8839-350x350.jpg 350w, https:\/\/fabian-claude-walter.com\/fcw\/wp-content\/uploads\/IMG_8839-150x150.jpg 150w\" data-sizes=\"(max-width: 350px) 100vw, 350px\" src=\"data:image\/svg+xml;base64,PHN2ZyB3aWR0aD0iMSIgaGVpZ2h0PSIxIiB4bWxucz0iaHR0cDovL3d3dy53My5vcmcvMjAwMC9zdmciPjwvc3ZnPg==\" style=\"--smush-placeholder-width: 350px; --smush-placeholder-aspect-ratio: 350\/350;\" \/>\t\t\t\t\t<\/a>\n\t\t\t\t\t\t\t<\/div>\n\t\t\t\t\t\t\t<nav class=\"connected\">\n\t\t\t\t\t<ul>\n\t\t\t\t\t\t\t\t\t\t\t\t\t<li><a href=\"https:\/\/fabian-claude-walter.com\/en\/artist\/romeo-vendrame\/\">Romeo Vendrame (CH\/ITA)<\/a><\/li>\n\t\t\t\t\t\t\t\t\t\t\t<\/ul>\n\t\t\t\t<\/nav>\n\t\t\t\t<h4 class=\"uagb-post__title uagb-post__text\">\n\t\t\t\t<a href=\"https:\/\/fabian-claude-walter.com\/en\/shop\/romeo-vendrame-choreography\/\" target=\"_self\" rel=\"bookmark noopener noreferrer\">Choreography<\/a>\n\t\t\t<\/h4>\n\t\t\t\t\t\t\t\tCHF 30.\u2013<br>\t\t\t\t\t<a class=\"order-link\" href=\"mailto:shop@fabian-claude-walter.com?subject=Order%20publication%3A%20Romeo%20Vendrame%20%28CH%2FITA%29%2C%20Choreography%20%28%239225%29&#038;body=https%3A%2F%2Ffabian-claude-walter.com%2Fen%2Fshop%2Fromeo-vendrame-choreography%2F\">\n\t\t\t\t\t\tOrder publication\t\t\t\t\t<\/a>\n\t\t\t\t\t\t\t<div class='uagb-post__text uagb-post-grid-byline'>\n\t\t\t\t\t\t\t<\/div>\n\t\t\t\n\t\t\t\t\t\t\t\t\t<\/article>\n\t\t\t\t\t\t\t\t\t\t\t<\/div>\n\t\t\t<\/div><\/div>\n\n\n\n<div class=\"wp-block-group\"><div class=\"wp-block-group__inner-container is-layout-flow wp-block-group-is-layout-flow\">\n<h2 class=\"wp-block-heading\">Photography<\/h2>\n\n\n\n\t\t\t<div class=\"wp-block-uagb-post-grid uagb-post-grid  uagb-post__image-position-top uagb-post__image-enabled uagb-block-4b916516     uagb-post__items uagb-post__columns-4 is-grid uagb-post__columns-tablet-3 uagb-post__columns-mobile-2 uagb-post__equal-height\" data-total=\"1\" style=\"\">\n\n\t\t\t\t\t\t\t\t\t\t\t\t<article class=\"uagb-post__inner-wrap\">\t\t\t\t\t\t\t\t<div class='uagb-post__image'>\n\t\t\t\t\t\t\t\t\t<a href=\"https:\/\/fabian-claude-walter.com\/en\/shop\/juan-carlos-alom-cub-mochi-1991\/\" target=\"_self\" rel=\"bookmark noopener noreferrer\" class='uagb-image-ratio-inherit'><img decoding=\"async\" width=\"350\" height=\"350\" data-src=\"https:\/\/fabian-claude-walter.com\/fcw\/wp-content\/uploads\/IMG_8061-350x350.jpg\" class=\"attachment-homepage-thumb-crop1 size-homepage-thumb-crop1 lazyload\" alt=\"\" data-srcset=\"https:\/\/fabian-claude-walter.com\/fcw\/wp-content\/uploads\/IMG_8061-350x350.jpg 350w, https:\/\/fabian-claude-walter.com\/fcw\/wp-content\/uploads\/IMG_8061-150x150.jpg 150w\" data-sizes=\"(max-width: 350px) 100vw, 350px\" src=\"data:image\/svg+xml;base64,PHN2ZyB3aWR0aD0iMSIgaGVpZ2h0PSIxIiB4bWxucz0iaHR0cDovL3d3dy53My5vcmcvMjAwMC9zdmciPjwvc3ZnPg==\" style=\"--smush-placeholder-width: 350px; --smush-placeholder-aspect-ratio: 350\/350;\" \/>\t\t\t\t\t<\/a>\n\t\t\t\t\t\t\t<\/div>\n\t\t\t\t\t\t\t<nav class=\"connected\">\n\t\t\t\t\t<ul>\n\t\t\t\t\t\t\t\t\t\t\t\t\t<li><a href=\"https:\/\/fabian-claude-walter.com\/en\/artist\/juan-carlos-alom\/\">Juan Carlos Alom (CUB)<\/a><\/li>\n\t\t\t\t\t\t\t\t\t\t\t<\/ul>\n\t\t\t\t<\/nav>\n\t\t\t\t<h4 class=\"uagb-post__title uagb-post__text\">\n\t\t\t\t<a href=\"https:\/\/fabian-claude-walter.com\/en\/shop\/juan-carlos-alom-cub-mochi-1991\/\" target=\"_self\" rel=\"bookmark noopener noreferrer\">Mochi, 1991<\/a>\n\t\t\t<\/h4>\n\t\t\t\t\t\t\t\tCHF 3&#8217;200<br>\t\t\t\t\t<a class=\"order-link\" href=\"mailto:shop@fabian-claude-walter.com?subject=Request%20offer%3A%20Juan%20Carlos%20Alom%20%28CUB%29%2C%20Mochi%2C%201991%20%28%2311833%29&#038;body=https%3A%2F%2Ffabian-claude-walter.com%2Fen%2Fshop%2Fjuan-carlos-alom-cub-mochi-1991%2F\">\n\t\t\t\t\t\tRequest offer\t\t\t\t\t<\/a>\n\t\t\t\t\t\t\t<div class='uagb-post__text uagb-post-grid-byline'>\n\t\t\t\t\t\t\t<\/div>\n\t\t\t\n\t\t\t\t\t\t\t\t\t<\/article>\n\t\t\t\t\t\t\t\t\t\t\t\t\t\t\t\t<article class=\"uagb-post__inner-wrap\">\t\t\t\t\t\t\t\t<div class='uagb-post__image'>\n\t\t\t\t\t\t\t\t\t<a href=\"https:\/\/fabian-claude-walter.com\/en\/shop\/juan-carlos-alom-cub-they-didnt-die-they-just-left-before-1991\/\" target=\"_self\" rel=\"bookmark noopener noreferrer\" class='uagb-image-ratio-inherit'><img decoding=\"async\" width=\"350\" height=\"350\" data-src=\"https:\/\/fabian-claude-walter.com\/fcw\/wp-content\/uploads\/IMG_8052-350x350.jpg\" class=\"attachment-homepage-thumb-crop1 size-homepage-thumb-crop1 lazyload\" alt=\"\" data-srcset=\"https:\/\/fabian-claude-walter.com\/fcw\/wp-content\/uploads\/IMG_8052-350x350.jpg 350w, https:\/\/fabian-claude-walter.com\/fcw\/wp-content\/uploads\/IMG_8052-150x150.jpg 150w\" data-sizes=\"(max-width: 350px) 100vw, 350px\" src=\"data:image\/svg+xml;base64,PHN2ZyB3aWR0aD0iMSIgaGVpZ2h0PSIxIiB4bWxucz0iaHR0cDovL3d3dy53My5vcmcvMjAwMC9zdmciPjwvc3ZnPg==\" style=\"--smush-placeholder-width: 350px; --smush-placeholder-aspect-ratio: 350\/350;\" \/>\t\t\t\t\t<\/a>\n\t\t\t\t\t\t\t<\/div>\n\t\t\t\t\t\t\t<nav class=\"connected\">\n\t\t\t\t\t<ul>\n\t\t\t\t\t\t\t\t\t\t\t\t\t<li><a href=\"https:\/\/fabian-claude-walter.com\/en\/artist\/juan-carlos-alom\/\">Juan Carlos Alom (CUB)<\/a><\/li>\n\t\t\t\t\t\t\t\t\t\t\t<\/ul>\n\t\t\t\t<\/nav>\n\t\t\t\t<h4 class=\"uagb-post__title uagb-post__text\">\n\t\t\t\t<a href=\"https:\/\/fabian-claude-walter.com\/en\/shop\/juan-carlos-alom-cub-they-didnt-die-they-just-left-before-1991\/\" target=\"_self\" rel=\"bookmark noopener noreferrer\">They didn&#8217;t die, they just left before, 1991<\/a>\n\t\t\t<\/h4>\n\t\t\t\t\t\t\t\tCHF 3&#8217;200<br>\t\t\t\t\t<a class=\"order-link\" href=\"mailto:shop@fabian-claude-walter.com?subject=Request%20offer%3A%20Juan%20Carlos%20Alom%20%28CUB%29%2C%20They%20didn%26%238217%3Bt%20die%2C%20they%20just%20left%20before%2C%201991%20%28%2311837%29&#038;body=https%3A%2F%2Ffabian-claude-walter.com%2Fen%2Fshop%2Fjuan-carlos-alom-cub-they-didnt-die-they-just-left-before-1991%2F\">\n\t\t\t\t\t\tRequest offer\t\t\t\t\t<\/a>\n\t\t\t\t\t\t\t<div class='uagb-post__text uagb-post-grid-byline'>\n\t\t\t\t\t\t\t<\/div>\n\t\t\t\n\t\t\t\t\t\t\t\t\t<\/article>\n\t\t\t\t\t\t\t\t\t\t\t\t\t\t\t\t<article class=\"uagb-post__inner-wrap\">\t\t\t\t\t\t\t\t<div class='uagb-post__image'>\n\t\t\t\t\t\t\t\t\t<a href=\"https:\/\/fabian-claude-walter.com\/en\/shop\/carlos-crespo-ch-eterna-2008\/\" target=\"_self\" rel=\"bookmark noopener noreferrer\" class='uagb-image-ratio-inherit'><img decoding=\"async\" width=\"350\" height=\"350\" data-src=\"https:\/\/fabian-claude-walter.com\/fcw\/wp-content\/uploads\/Carlos-Crespo_Imperia-II-from-the-series-Polaris-Platinum-2008-1-350x350.jpg\" class=\"attachment-homepage-thumb-crop1 size-homepage-thumb-crop1 lazyload\" alt=\"\" data-srcset=\"https:\/\/fabian-claude-walter.com\/fcw\/wp-content\/uploads\/Carlos-Crespo_Imperia-II-from-the-series-Polaris-Platinum-2008-1-350x350.jpg 350w, https:\/\/fabian-claude-walter.com\/fcw\/wp-content\/uploads\/Carlos-Crespo_Imperia-II-from-the-series-Polaris-Platinum-2008-1-150x150.jpg 150w\" data-sizes=\"(max-width: 350px) 100vw, 350px\" src=\"data:image\/svg+xml;base64,PHN2ZyB3aWR0aD0iMSIgaGVpZ2h0PSIxIiB4bWxucz0iaHR0cDovL3d3dy53My5vcmcvMjAwMC9zdmciPjwvc3ZnPg==\" style=\"--smush-placeholder-width: 350px; --smush-placeholder-aspect-ratio: 350\/350;\" \/>\t\t\t\t\t<\/a>\n\t\t\t\t\t\t\t<\/div>\n\t\t\t\t\t\t\t<nav class=\"connected\">\n\t\t\t\t\t<ul>\n\t\t\t\t\t\t\t\t\t\t\t\t\t<li><a href=\"https:\/\/fabian-claude-walter.com\/en\/artist\/carlos-crespo\/\">Carlos Crespo (CH)<\/a><\/li>\n\t\t\t\t\t\t\t\t\t\t\t<\/ul>\n\t\t\t\t<\/nav>\n\t\t\t\t<h4 class=\"uagb-post__title uagb-post__text\">\n\t\t\t\t<a href=\"https:\/\/fabian-claude-walter.com\/en\/shop\/carlos-crespo-ch-eterna-2008\/\" target=\"_self\" rel=\"bookmark noopener noreferrer\">Eterna, 2008<\/a>\n\t\t\t<\/h4>\n\t\t\t\t\t\t\t\tCHF 4&#8217;500<br>\t\t\t\t\t<a class=\"order-link\" href=\"mailto:shop@fabian-claude-walter.com?subject=Request%20offer%3A%20Carlos%20Crespo%20%28CH%29%2C%20Eterna%2C%202008%20%28%2311789%29&#038;body=https%3A%2F%2Ffabian-claude-walter.com%2Fen%2Fshop%2Fcarlos-crespo-ch-eterna-2008%2F\">\n\t\t\t\t\t\tRequest offer\t\t\t\t\t<\/a>\n\t\t\t\t\t\t\t<div class='uagb-post__text uagb-post-grid-byline'>\n\t\t\t\t\t\t\t<\/div>\n\t\t\t\n\t\t\t\t\t\t\t\t\t<\/article>\n\t\t\t\t\t\t\t\t\t\t\t\t\t\t\t\t<article class=\"uagb-post__inner-wrap\">\t\t\t\t\t\t\t\t<div class='uagb-post__image'>\n\t\t\t\t\t\t\t\t\t<a href=\"https:\/\/fabian-claude-walter.com\/en\/shop\/carlos-crespo-ch-imperia-i-2008\/\" target=\"_self\" rel=\"bookmark noopener noreferrer\" class='uagb-image-ratio-inherit'><img decoding=\"async\" width=\"350\" height=\"350\" data-src=\"https:\/\/fabian-claude-walter.com\/fcw\/wp-content\/uploads\/Carlos-Crespo_Imperia-I-from-the-series-Polaris-Platinum-2008-350x350.jpg\" class=\"attachment-homepage-thumb-crop1 size-homepage-thumb-crop1 lazyload\" alt=\"\" data-srcset=\"https:\/\/fabian-claude-walter.com\/fcw\/wp-content\/uploads\/Carlos-Crespo_Imperia-I-from-the-series-Polaris-Platinum-2008-350x350.jpg 350w, https:\/\/fabian-claude-walter.com\/fcw\/wp-content\/uploads\/Carlos-Crespo_Imperia-I-from-the-series-Polaris-Platinum-2008-150x150.jpg 150w\" data-sizes=\"(max-width: 350px) 100vw, 350px\" src=\"data:image\/svg+xml;base64,PHN2ZyB3aWR0aD0iMSIgaGVpZ2h0PSIxIiB4bWxucz0iaHR0cDovL3d3dy53My5vcmcvMjAwMC9zdmciPjwvc3ZnPg==\" style=\"--smush-placeholder-width: 350px; --smush-placeholder-aspect-ratio: 350\/350;\" \/>\t\t\t\t\t<\/a>\n\t\t\t\t\t\t\t<\/div>\n\t\t\t\t\t\t\t<nav class=\"connected\">\n\t\t\t\t\t<ul>\n\t\t\t\t\t\t\t\t\t\t\t\t\t<li><a href=\"https:\/\/fabian-claude-walter.com\/en\/artist\/carlos-crespo\/\">Carlos Crespo (CH)<\/a><\/li>\n\t\t\t\t\t\t\t\t\t\t\t<\/ul>\n\t\t\t\t<\/nav>\n\t\t\t\t<h4 class=\"uagb-post__title uagb-post__text\">\n\t\t\t\t<a href=\"https:\/\/fabian-claude-walter.com\/en\/shop\/carlos-crespo-ch-imperia-i-2008\/\" target=\"_self\" rel=\"bookmark noopener noreferrer\">Imperia I, 2008<\/a>\n\t\t\t<\/h4>\n\t\t\t\t\t\t\t\tCHF 4&#8217;500<br>\t\t\t\t\t<a class=\"order-link\" href=\"mailto:shop@fabian-claude-walter.com?subject=Request%20offer%3A%20Carlos%20Crespo%20%28CH%29%2C%20Imperia%20I%2C%202008%20%28%2311779%29&#038;body=https%3A%2F%2Ffabian-claude-walter.com%2Fen%2Fshop%2Fcarlos-crespo-ch-imperia-i-2008%2F\">\n\t\t\t\t\t\tRequest offer\t\t\t\t\t<\/a>\n\t\t\t\t\t\t\t<div class='uagb-post__text uagb-post-grid-byline'>\n\t\t\t\t\t\t\t<\/div>\n\t\t\t\n\t\t\t\t\t\t\t\t\t<\/article>\n\t\t\t\t\t\t\t\t\t\t\t\t\t\t\t\t<article class=\"uagb-post__inner-wrap\">\t\t\t\t\t\t\t\t<div class='uagb-post__image'>\n\t\t\t\t\t\t\t\t\t<a href=\"https:\/\/fabian-claude-walter.com\/en\/shop\/adrian-fernandez-milanes-cub-untitled-45-2014\/\" target=\"_self\" rel=\"bookmark noopener noreferrer\" class='uagb-image-ratio-inherit'><img decoding=\"async\" width=\"350\" height=\"350\" data-src=\"https:\/\/fabian-claude-walter.com\/fcw\/wp-content\/uploads\/Adri\u00e1n-Fern\u00e1ndez-Milan\u00e9s_Untitled-45_2014_Pigment-Print_100x67cm-350x350.jpg\" class=\"attachment-homepage-thumb-crop1 size-homepage-thumb-crop1 lazyload\" alt=\"\" data-srcset=\"https:\/\/fabian-claude-walter.com\/fcw\/wp-content\/uploads\/Adri\u00e1n-Fern\u00e1ndez-Milan\u00e9s_Untitled-45_2014_Pigment-Print_100x67cm-350x350.jpg 350w, https:\/\/fabian-claude-walter.com\/fcw\/wp-content\/uploads\/Adri\u00e1n-Fern\u00e1ndez-Milan\u00e9s_Untitled-45_2014_Pigment-Print_100x67cm-150x150.jpg 150w\" data-sizes=\"(max-width: 350px) 100vw, 350px\" src=\"data:image\/svg+xml;base64,PHN2ZyB3aWR0aD0iMSIgaGVpZ2h0PSIxIiB4bWxucz0iaHR0cDovL3d3dy53My5vcmcvMjAwMC9zdmciPjwvc3ZnPg==\" style=\"--smush-placeholder-width: 350px; --smush-placeholder-aspect-ratio: 350\/350;\" \/>\t\t\t\t\t<\/a>\n\t\t\t\t\t\t\t<\/div>\n\t\t\t\t\t\t\t<nav class=\"connected\">\n\t\t\t\t\t<ul>\n\t\t\t\t\t\t\t\t\t\t\t\t\t<li><a href=\"https:\/\/fabian-claude-walter.com\/en\/artist\/adrian-fernandez\/\">Adri\u00e1n Fern\u00e1ndez Milan\u00e9s (CUB)<\/a><\/li>\n\t\t\t\t\t\t\t\t\t\t\t<\/ul>\n\t\t\t\t<\/nav>\n\t\t\t\t<h4 class=\"uagb-post__title uagb-post__text\">\n\t\t\t\t<a href=\"https:\/\/fabian-claude-walter.com\/en\/shop\/adrian-fernandez-milanes-cub-untitled-45-2014\/\" target=\"_self\" rel=\"bookmark noopener noreferrer\">Untitled #45, 2014<\/a>\n\t\t\t<\/h4>\n\t\t\t\t\t\t\t\tCHF 7&#8217;000<br>\t\t\t\t\t<a class=\"order-link\" href=\"mailto:shop@fabian-claude-walter.com?subject=Request%20offer%3A%20Adri%C3%A1n%20Fern%C3%A1ndez%20Milan%C3%A9s%20%28CUB%29%2C%20Untitled%20%2345%2C%202014%20%28%2311743%29&#038;body=https%3A%2F%2Ffabian-claude-walter.com%2Fen%2Fshop%2Fadrian-fernandez-milanes-cub-untitled-45-2014%2F\">\n\t\t\t\t\t\tRequest offer\t\t\t\t\t<\/a>\n\t\t\t\t\t\t\t<div class='uagb-post__text uagb-post-grid-byline'>\n\t\t\t\t\t\t\t<\/div>\n\t\t\t\n\t\t\t\t\t\t\t\t\t<\/article>\n\t\t\t\t\t\t\t\t\t\t\t\t\t\t\t\t<article class=\"uagb-post__inner-wrap\">\t\t\t\t\t\t\t\t<div class='uagb-post__image'>\n\t\t\t\t\t\t\t\t\t<a href=\"https:\/\/fabian-claude-walter.com\/en\/shop\/adrian-fernandez-milanes-cub-untitled-47-2014\/\" target=\"_self\" rel=\"bookmark noopener noreferrer\" class='uagb-image-ratio-inherit'><img decoding=\"async\" width=\"350\" height=\"350\" data-src=\"https:\/\/fabian-claude-walter.com\/fcw\/wp-content\/uploads\/004-Untitled-No-47.-To-be-or-to-pretend-series-3-350x350.jpg\" class=\"attachment-homepage-thumb-crop1 size-homepage-thumb-crop1 lazyload\" alt=\"\" data-srcset=\"https:\/\/fabian-claude-walter.com\/fcw\/wp-content\/uploads\/004-Untitled-No-47.-To-be-or-to-pretend-series-3-350x350.jpg 350w, https:\/\/fabian-claude-walter.com\/fcw\/wp-content\/uploads\/004-Untitled-No-47.-To-be-or-to-pretend-series-3-150x150.jpg 150w\" data-sizes=\"(max-width: 350px) 100vw, 350px\" src=\"data:image\/svg+xml;base64,PHN2ZyB3aWR0aD0iMSIgaGVpZ2h0PSIxIiB4bWxucz0iaHR0cDovL3d3dy53My5vcmcvMjAwMC9zdmciPjwvc3ZnPg==\" style=\"--smush-placeholder-width: 350px; --smush-placeholder-aspect-ratio: 350\/350;\" \/>\t\t\t\t\t<\/a>\n\t\t\t\t\t\t\t<\/div>\n\t\t\t\t\t\t\t<nav class=\"connected\">\n\t\t\t\t\t<ul>\n\t\t\t\t\t\t\t\t\t\t\t\t\t<li><a href=\"https:\/\/fabian-claude-walter.com\/en\/artist\/adrian-fernandez\/\">Adri\u00e1n Fern\u00e1ndez Milan\u00e9s (CUB)<\/a><\/li>\n\t\t\t\t\t\t\t\t\t\t\t<\/ul>\n\t\t\t\t<\/nav>\n\t\t\t\t<h4 class=\"uagb-post__title uagb-post__text\">\n\t\t\t\t<a href=\"https:\/\/fabian-claude-walter.com\/en\/shop\/adrian-fernandez-milanes-cub-untitled-47-2014\/\" target=\"_self\" rel=\"bookmark noopener noreferrer\">Untitled #47, 2014<\/a>\n\t\t\t<\/h4>\n\t\t\t\t\t\t\t\tCHF 7&#8217;000<br>\t\t\t\t\t<a class=\"order-link\" href=\"mailto:shop@fabian-claude-walter.com?subject=Request%20offer%3A%20Adri%C3%A1n%20Fern%C3%A1ndez%20Milan%C3%A9s%20%28CUB%29%2C%20Untitled%20%2347%2C%202014%20%28%2311749%29&#038;body=https%3A%2F%2Ffabian-claude-walter.com%2Fen%2Fshop%2Fadrian-fernandez-milanes-cub-untitled-47-2014%2F\">\n\t\t\t\t\t\tRequest offer\t\t\t\t\t<\/a>\n\t\t\t\t\t\t\t<div class='uagb-post__text uagb-post-grid-byline'>\n\t\t\t\t\t\t\t<\/div>\n\t\t\t\n\t\t\t\t\t\t\t\t\t<\/article>\n\t\t\t\t\t\t\t\t\t\t\t\t\t\t\t\t<article class=\"uagb-post__inner-wrap\">\t\t\t\t\t\t\t\t<div class='uagb-post__image'>\n\t\t\t\t\t\t\t\t\t<a href=\"https:\/\/fabian-claude-walter.com\/en\/shop\/jill-freedman-usa-fdr-drive-new-york-1968\/\" target=\"_self\" rel=\"bookmark noopener noreferrer\" class='uagb-image-ratio-inherit'><img decoding=\"async\" width=\"350\" height=\"350\" data-src=\"https:\/\/fabian-claude-walter.com\/fcw\/wp-content\/uploads\/Freedman_FDR-Drive-New-York-City-1968-1-350x350.jpeg\" class=\"attachment-homepage-thumb-crop1 size-homepage-thumb-crop1 lazyload\" alt=\"\" data-srcset=\"https:\/\/fabian-claude-walter.com\/fcw\/wp-content\/uploads\/Freedman_FDR-Drive-New-York-City-1968-1-350x350.jpeg 350w, https:\/\/fabian-claude-walter.com\/fcw\/wp-content\/uploads\/Freedman_FDR-Drive-New-York-City-1968-1-150x150.jpeg 150w\" data-sizes=\"(max-width: 350px) 100vw, 350px\" src=\"data:image\/svg+xml;base64,PHN2ZyB3aWR0aD0iMSIgaGVpZ2h0PSIxIiB4bWxucz0iaHR0cDovL3d3dy53My5vcmcvMjAwMC9zdmciPjwvc3ZnPg==\" style=\"--smush-placeholder-width: 350px; --smush-placeholder-aspect-ratio: 350\/350;\" \/>\t\t\t\t\t<\/a>\n\t\t\t\t\t\t\t<\/div>\n\t\t\t\t\t\t\t<nav class=\"connected\">\n\t\t\t\t\t<ul>\n\t\t\t\t\t\t\t\t\t\t\t\t\t<li><a href=\"https:\/\/fabian-claude-walter.com\/en\/artist\/jill-freedman\/\">Jill Freedman (USA)<\/a><\/li>\n\t\t\t\t\t\t\t\t\t\t\t<\/ul>\n\t\t\t\t<\/nav>\n\t\t\t\t<h4 class=\"uagb-post__title uagb-post__text\">\n\t\t\t\t<a href=\"https:\/\/fabian-claude-walter.com\/en\/shop\/jill-freedman-usa-fdr-drive-new-york-1968\/\" target=\"_self\" rel=\"bookmark noopener noreferrer\">FDR Drive, New York, 1968<\/a>\n\t\t\t<\/h4>\n\t\t\t\t\t\t\t\tCHF 4&#8217;200<br>\t\t\t\t\t<a class=\"order-link\" href=\"mailto:shop@fabian-claude-walter.com?subject=Request%20offer%3A%20Jill%20Freedman%20%28USA%29%2C%20FDR%20Drive%2C%20New%20York%2C%201968%20%28%2311729%29&#038;body=https%3A%2F%2Ffabian-claude-walter.com%2Fen%2Fshop%2Fjill-freedman-usa-fdr-drive-new-york-1968%2F\">\n\t\t\t\t\t\tRequest offer\t\t\t\t\t<\/a>\n\t\t\t\t\t\t\t<div class='uagb-post__text uagb-post-grid-byline'>\n\t\t\t\t\t\t\t<\/div>\n\t\t\t\n\t\t\t\t\t\t\t\t\t<\/article>\n\t\t\t\t\t\t\t\t\t\t\t\t\t\t\t\t<article class=\"uagb-post__inner-wrap\">\t\t\t\t\t\t\t\t<div class='uagb-post__image'>\n\t\t\t\t\t\t\t\t\t<a href=\"https:\/\/fabian-claude-walter.com\/en\/shop\/jill-freedman-usa-fire-and-ice-1972\/\" target=\"_self\" rel=\"bookmark noopener noreferrer\" class='uagb-image-ratio-inherit'><img decoding=\"async\" width=\"350\" height=\"350\" data-src=\"https:\/\/fabian-claude-walter.com\/fcw\/wp-content\/uploads\/Freedman_Fire-and-Ice_1972-350x350.png\" class=\"attachment-homepage-thumb-crop1 size-homepage-thumb-crop1 lazyload\" alt=\"\" data-srcset=\"https:\/\/fabian-claude-walter.com\/fcw\/wp-content\/uploads\/Freedman_Fire-and-Ice_1972-350x350.png 350w, https:\/\/fabian-claude-walter.com\/fcw\/wp-content\/uploads\/Freedman_Fire-and-Ice_1972-150x150.png 150w\" data-sizes=\"(max-width: 350px) 100vw, 350px\" src=\"data:image\/svg+xml;base64,PHN2ZyB3aWR0aD0iMSIgaGVpZ2h0PSIxIiB4bWxucz0iaHR0cDovL3d3dy53My5vcmcvMjAwMC9zdmciPjwvc3ZnPg==\" style=\"--smush-placeholder-width: 350px; --smush-placeholder-aspect-ratio: 350\/350;\" \/>\t\t\t\t\t<\/a>\n\t\t\t\t\t\t\t<\/div>\n\t\t\t\t\t\t\t<nav class=\"connected\">\n\t\t\t\t\t<ul>\n\t\t\t\t\t\t\t\t\t\t\t\t\t<li><a href=\"https:\/\/fabian-claude-walter.com\/en\/artist\/jill-freedman\/\">Jill Freedman (USA)<\/a><\/li>\n\t\t\t\t\t\t\t\t\t\t\t<\/ul>\n\t\t\t\t<\/nav>\n\t\t\t\t<h4 class=\"uagb-post__title uagb-post__text\">\n\t\t\t\t<a href=\"https:\/\/fabian-claude-walter.com\/en\/shop\/jill-freedman-usa-fire-and-ice-1972\/\" target=\"_self\" rel=\"bookmark noopener noreferrer\">Fire and Ice, 1972<\/a>\n\t\t\t<\/h4>\n\t\t\t\t\t\t\t\tCHF 4&#8217;200<br>\t\t\t\t\t<a class=\"order-link\" href=\"mailto:shop@fabian-claude-walter.com?subject=Request%20offer%3A%20Jill%20Freedman%20%28USA%29%2C%20Fire%20and%20Ice%2C%201972%20%28%2311733%29&#038;body=https%3A%2F%2Ffabian-claude-walter.com%2Fen%2Fshop%2Fjill-freedman-usa-fire-and-ice-1972%2F\">\n\t\t\t\t\t\tRequest offer\t\t\t\t\t<\/a>\n\t\t\t\t\t\t\t<div class='uagb-post__text uagb-post-grid-byline'>\n\t\t\t\t\t\t\t<\/div>\n\t\t\t\n\t\t\t\t\t\t\t\t\t<\/article>\n\t\t\t\t\t\t\t\t\t\t\t\t\t\t\t\t<article class=\"uagb-post__inner-wrap\">\t\t\t\t\t\t\t\t<div class='uagb-post__image'>\n\t\t\t\t\t\t\t\t\t<a href=\"https:\/\/fabian-claude-walter.com\/en\/shop\/on-the-shore-of-lake-maharlu-iran-1976\/\" target=\"_self\" rel=\"bookmark noopener noreferrer\" class='uagb-image-ratio-inherit'><img decoding=\"async\" width=\"350\" height=\"350\" data-src=\"https:\/\/fabian-claude-walter.com\/fcw\/wp-content\/uploads\/040_On-the-shore-of-Lake-Maharlu-Iran-1976-Kopie-1-350x350.jpg\" class=\"attachment-homepage-thumb-crop1 size-homepage-thumb-crop1 lazyload\" alt=\"\" data-srcset=\"https:\/\/fabian-claude-walter.com\/fcw\/wp-content\/uploads\/040_On-the-shore-of-Lake-Maharlu-Iran-1976-Kopie-1-350x350.jpg 350w, https:\/\/fabian-claude-walter.com\/fcw\/wp-content\/uploads\/040_On-the-shore-of-Lake-Maharlu-Iran-1976-Kopie-1-150x150.jpg 150w\" data-sizes=\"(max-width: 350px) 100vw, 350px\" src=\"data:image\/svg+xml;base64,PHN2ZyB3aWR0aD0iMSIgaGVpZ2h0PSIxIiB4bWxucz0iaHR0cDovL3d3dy53My5vcmcvMjAwMC9zdmciPjwvc3ZnPg==\" style=\"--smush-placeholder-width: 350px; --smush-placeholder-aspect-ratio: 350\/350;\" \/>\t\t\t\t\t<\/a>\n\t\t\t\t\t\t\t<\/div>\n\t\t\t\t\t\t\t<nav class=\"connected\">\n\t\t\t\t\t<ul>\n\t\t\t\t\t\t\t\t\t\t\t\t\t<li><a href=\"https:\/\/fabian-claude-walter.com\/en\/artist\/georg-gerster\/\">Georg Gerster (CH)<\/a><\/li>\n\t\t\t\t\t\t\t\t\t\t\t<\/ul>\n\t\t\t\t<\/nav>\n\t\t\t\t<h4 class=\"uagb-post__title uagb-post__text\">\n\t\t\t\t<a href=\"https:\/\/fabian-claude-walter.com\/en\/shop\/on-the-shore-of-lake-maharlu-iran-1976\/\" target=\"_self\" rel=\"bookmark noopener noreferrer\">On the shore of Lake Maharlu, Iran, 1976<\/a>\n\t\t\t<\/h4>\n\t\t\t\t\t\t\t\tCHF 1&#8217;500<br>\t\t\t\t\t<a class=\"order-link\" href=\"mailto:shop@fabian-claude-walter.com?subject=Request%20offer%3A%20Georg%20Gerster%20%28CH%29%2C%20On%20the%20shore%20of%20Lake%20Maharlu%2C%20Iran%2C%201976%20%28%2312420%29&#038;body=https%3A%2F%2Ffabian-claude-walter.com%2Fen%2Fshop%2Fon-the-shore-of-lake-maharlu-iran-1976%2F\">\n\t\t\t\t\t\tRequest offer\t\t\t\t\t<\/a>\n\t\t\t\t\t\t\t<div class='uagb-post__text uagb-post-grid-byline'>\n\t\t\t\t\t\t\t<\/div>\n\t\t\t\n\t\t\t\t\t\t\t\t\t<\/article>\n\t\t\t\t\t\t\t\t\t\t\t\t\t\t\t\t<article class=\"uagb-post__inner-wrap\">\t\t\t\t\t\t\t\t<div class='uagb-post__image'>\n\t\t\t\t\t\t\t\t\t<a href=\"https:\/\/fabian-claude-walter.com\/en\/shop\/persepolis-iran-1976\/\" target=\"_self\" rel=\"bookmark noopener noreferrer\" class='uagb-image-ratio-inherit'><img decoding=\"async\" width=\"350\" height=\"350\" data-src=\"https:\/\/fabian-claude-walter.com\/fcw\/wp-content\/uploads\/Persepolis-Iran-1976-350x350.jpeg\" class=\"attachment-homepage-thumb-crop1 size-homepage-thumb-crop1 lazyload\" alt=\"\" data-srcset=\"https:\/\/fabian-claude-walter.com\/fcw\/wp-content\/uploads\/Persepolis-Iran-1976-350x350.jpeg 350w, https:\/\/fabian-claude-walter.com\/fcw\/wp-content\/uploads\/Persepolis-Iran-1976-150x150.jpeg 150w\" data-sizes=\"(max-width: 350px) 100vw, 350px\" src=\"data:image\/svg+xml;base64,PHN2ZyB3aWR0aD0iMSIgaGVpZ2h0PSIxIiB4bWxucz0iaHR0cDovL3d3dy53My5vcmcvMjAwMC9zdmciPjwvc3ZnPg==\" style=\"--smush-placeholder-width: 350px; --smush-placeholder-aspect-ratio: 350\/350;\" \/>\t\t\t\t\t<\/a>\n\t\t\t\t\t\t\t<\/div>\n\t\t\t\t\t\t\t<nav class=\"connected\">\n\t\t\t\t\t<ul>\n\t\t\t\t\t\t\t\t\t\t\t\t\t<li><a href=\"https:\/\/fabian-claude-walter.com\/en\/artist\/georg-gerster\/\">Georg Gerster (CH)<\/a><\/li>\n\t\t\t\t\t\t\t\t\t\t\t<\/ul>\n\t\t\t\t<\/nav>\n\t\t\t\t<h4 class=\"uagb-post__title uagb-post__text\">\n\t\t\t\t<a href=\"https:\/\/fabian-claude-walter.com\/en\/shop\/persepolis-iran-1976\/\" target=\"_self\" rel=\"bookmark noopener noreferrer\">Persepolis, Iran, 1976<\/a>\n\t\t\t<\/h4>\n\t\t\t\t\t\t\t\tCHF 1&#8217;500<br>\t\t\t\t\t<a class=\"order-link\" href=\"mailto:shop@fabian-claude-walter.com?subject=Request%20offer%3A%20Georg%20Gerster%20%28CH%29%2C%20Persepolis%2C%20Iran%2C%201976%20%28%2312428%29&#038;body=https%3A%2F%2Ffabian-claude-walter.com%2Fen%2Fshop%2Fpersepolis-iran-1976%2F\">\n\t\t\t\t\t\tRequest offer\t\t\t\t\t<\/a>\n\t\t\t\t\t\t\t<div class='uagb-post__text uagb-post-grid-byline'>\n\t\t\t\t\t\t\t<\/div>\n\t\t\t\n\t\t\t\t\t\t\t\t\t<\/article>\n\t\t\t\t\t\t\t\t\t\t\t\t\t\t\t\t<article class=\"uagb-post__inner-wrap\">\t\t\t\t\t\t\t\t<div class='uagb-post__image'>\n\t\t\t\t\t\t\t\t\t<a href=\"https:\/\/fabian-claude-walter.com\/en\/shop\/stockage-132-2012\/\" target=\"_self\" rel=\"bookmark noopener noreferrer\" class='uagb-image-ratio-inherit'><img decoding=\"async\" width=\"350\" height=\"350\" data-src=\"https:\/\/fabian-claude-walter.com\/fcw\/wp-content\/uploads\/Stockage_132-Multiple-Kopie-350x350.jpg\" class=\"attachment-homepage-thumb-crop1 size-homepage-thumb-crop1 lazyload\" alt=\"\" data-srcset=\"https:\/\/fabian-claude-walter.com\/fcw\/wp-content\/uploads\/Stockage_132-Multiple-Kopie-350x350.jpg 350w, https:\/\/fabian-claude-walter.com\/fcw\/wp-content\/uploads\/Stockage_132-Multiple-Kopie-150x150.jpg 150w\" data-sizes=\"(max-width: 350px) 100vw, 350px\" src=\"data:image\/svg+xml;base64,PHN2ZyB3aWR0aD0iMSIgaGVpZ2h0PSIxIiB4bWxucz0iaHR0cDovL3d3dy53My5vcmcvMjAwMC9zdmciPjwvc3ZnPg==\" style=\"--smush-placeholder-width: 350px; --smush-placeholder-aspect-ratio: 350\/350;\" \/>\t\t\t\t\t<\/a>\n\t\t\t\t\t\t\t<\/div>\n\t\t\t\t\t\t<h4 class=\"uagb-post__title uagb-post__text\">\n\t\t\t\t<a href=\"https:\/\/fabian-claude-walter.com\/en\/shop\/stockage-132-2012\/\" target=\"_self\" rel=\"bookmark noopener noreferrer\">Stockage 132, 2012<\/a>\n\t\t\t<\/h4>\n\t\t\t\t\t\t\t\tCHF 3&#8217;800<br>\t\t\t\t\t<a class=\"order-link\" href=\"mailto:shop@fabian-claude-walter.com?subject=Request%20offer%3A%20Stockage%20132%2C%202012%20%28%2315281%29&#038;body=https%3A%2F%2Ffabian-claude-walter.com%2Fen%2Fshop%2Fstockage-132-2012%2F\">\n\t\t\t\t\t\tRequest offer\t\t\t\t\t<\/a>\n\t\t\t\t\t\t\t<div class='uagb-post__text uagb-post-grid-byline'>\n\t\t\t\t\t\t\t<\/div>\n\t\t\t\n\t\t\t\t\t\t\t\t\t<\/article>\n\t\t\t\t\t\t\t\t\t\t\t\t\t\t\t\t<article class=\"uagb-post__inner-wrap\">\t\t\t\t\t\t\t\t<div class='uagb-post__image'>\n\t\t\t\t\t\t\t\t\t<a href=\"https:\/\/fabian-claude-walter.com\/en\/shop\/luzia-simons-stockage-140-2020\/\" target=\"_self\" rel=\"bookmark noopener noreferrer\" class='uagb-image-ratio-inherit'><img decoding=\"async\" width=\"350\" height=\"350\" data-src=\"https:\/\/fabian-claude-walter.com\/fcw\/wp-content\/uploads\/Sotckge-140-neu-2020L-Euro-800.-Simons-2020_01.1.-40-x-30-cm-neu.-jpg-350x350.jpg\" class=\"attachment-homepage-thumb-crop1 size-homepage-thumb-crop1 lazyload\" alt=\"\" data-srcset=\"https:\/\/fabian-claude-walter.com\/fcw\/wp-content\/uploads\/Sotckge-140-neu-2020L-Euro-800.-Simons-2020_01.1.-40-x-30-cm-neu.-jpg-350x350.jpg 350w, https:\/\/fabian-claude-walter.com\/fcw\/wp-content\/uploads\/Sotckge-140-neu-2020L-Euro-800.-Simons-2020_01.1.-40-x-30-cm-neu.-jpg-150x150.jpg 150w\" data-sizes=\"(max-width: 350px) 100vw, 350px\" src=\"data:image\/svg+xml;base64,PHN2ZyB3aWR0aD0iMSIgaGVpZ2h0PSIxIiB4bWxucz0iaHR0cDovL3d3dy53My5vcmcvMjAwMC9zdmciPjwvc3ZnPg==\" style=\"--smush-placeholder-width: 350px; --smush-placeholder-aspect-ratio: 350\/350;\" \/>\t\t\t\t\t<\/a>\n\t\t\t\t\t\t\t<\/div>\n\t\t\t\t\t\t\t<nav class=\"connected\">\n\t\t\t\t\t<ul>\n\t\t\t\t\t\t\t\t\t\t\t\t\t<li><a href=\"https:\/\/fabian-claude-walter.com\/en\/artist\/luzia-simons\/\">Luzia Simons (BRA)<\/a><\/li>\n\t\t\t\t\t\t\t\t\t\t\t<\/ul>\n\t\t\t\t<\/nav>\n\t\t\t\t<h4 class=\"uagb-post__title uagb-post__text\">\n\t\t\t\t<a href=\"https:\/\/fabian-claude-walter.com\/en\/shop\/luzia-simons-stockage-140-2020\/\" target=\"_self\" rel=\"bookmark noopener noreferrer\">Stockage 140, 2020<\/a>\n\t\t\t<\/h4>\n\t\t\t\t\t\t\t\tCHF 900.\u2013<br>\t\t\t\t\t<a class=\"order-link\" href=\"mailto:shop@fabian-claude-walter.com?subject=Request%20offer%3A%20Luzia%20Simons%20%28BRA%29%2C%20Stockage%20140%2C%202020%20%28%2314394%29&#038;body=https%3A%2F%2Ffabian-claude-walter.com%2Fen%2Fshop%2Fluzia-simons-stockage-140-2020%2F\">\n\t\t\t\t\t\tRequest offer\t\t\t\t\t<\/a>\n\t\t\t\t\t\t\t<div class='uagb-post__text uagb-post-grid-byline'>\n\t\t\t\t\t\t\t<\/div>\n\t\t\t\n\t\t\t\t\t\t\t\t\t<\/article>\n\t\t\t\t\t\t\t\t\t\t\t\t\t\t\t\t<article class=\"uagb-post__inner-wrap\">\t\t\t\t\t\t\t\t<div class='uagb-post__image'>\n\t\t\t\t\t\t\t\t\t<a href=\"https:\/\/fabian-claude-walter.com\/en\/shop\/annelies-strba-nyima-279-2008\/\" target=\"_self\" rel=\"bookmark noopener noreferrer\" class='uagb-image-ratio-inherit'><img decoding=\"async\" width=\"350\" height=\"350\" data-src=\"https:\/\/fabian-claude-walter.com\/fcw\/wp-content\/uploads\/Annelies-Strba_NYIMA-279_2008-1-350x350.jpg\" class=\"attachment-homepage-thumb-crop1 size-homepage-thumb-crop1 lazyload\" alt=\"\" data-srcset=\"https:\/\/fabian-claude-walter.com\/fcw\/wp-content\/uploads\/Annelies-Strba_NYIMA-279_2008-1-350x350.jpg 350w, https:\/\/fabian-claude-walter.com\/fcw\/wp-content\/uploads\/Annelies-Strba_NYIMA-279_2008-1-150x150.jpg 150w\" data-sizes=\"(max-width: 350px) 100vw, 350px\" src=\"data:image\/svg+xml;base64,PHN2ZyB3aWR0aD0iMSIgaGVpZ2h0PSIxIiB4bWxucz0iaHR0cDovL3d3dy53My5vcmcvMjAwMC9zdmciPjwvc3ZnPg==\" style=\"--smush-placeholder-width: 350px; --smush-placeholder-aspect-ratio: 350\/350;\" \/>\t\t\t\t\t<\/a>\n\t\t\t\t\t\t\t<\/div>\n\t\t\t\t\t\t\t<nav class=\"connected\">\n\t\t\t\t\t<ul>\n\t\t\t\t\t\t\t\t\t\t\t\t\t<li><a href=\"https:\/\/fabian-claude-walter.com\/en\/artist\/annelies-strba\/\">Annelies \u0160trba (CH)<\/a><\/li>\n\t\t\t\t\t\t\t\t\t\t\t<\/ul>\n\t\t\t\t<\/nav>\n\t\t\t\t<h4 class=\"uagb-post__title uagb-post__text\">\n\t\t\t\t<a href=\"https:\/\/fabian-claude-walter.com\/en\/shop\/annelies-strba-nyima-279-2008\/\" target=\"_self\" rel=\"bookmark noopener noreferrer\">NYIMA 279, 2008<\/a>\n\t\t\t<\/h4>\n\t\t\t\t\t\t\t\tCHF 3&#8217;000<br>\t\t\t\t\t<a class=\"order-link\" href=\"mailto:shop@fabian-claude-walter.com?subject=Request%20offer%3A%20Annelies%20%C5%A0trba%20%28CH%29%2C%20NYIMA%20279%2C%202008%20%28%2311545%29&#038;body=https%3A%2F%2Ffabian-claude-walter.com%2Fen%2Fshop%2Fannelies-strba-nyima-279-2008%2F\">\n\t\t\t\t\t\tRequest offer\t\t\t\t\t<\/a>\n\t\t\t\t\t\t\t<div class='uagb-post__text uagb-post-grid-byline'>\n\t\t\t\t\t\t\t<\/div>\n\t\t\t\n\t\t\t\t\t\t\t\t\t<\/article>\n\t\t\t\t\t\t\t\t\t\t\t\t\t\t\t\t<article class=\"uagb-post__inner-wrap\">\t\t\t\t\t\t\t\t<div class='uagb-post__image'>\n\t\t\t\t\t\t\t\t\t<a href=\"https:\/\/fabian-claude-walter.com\/en\/shop\/annelies-strba-nyima-537-2012%e2%80%a8\/\" target=\"_self\" rel=\"bookmark noopener noreferrer\" class='uagb-image-ratio-inherit'><img decoding=\"async\" width=\"350\" height=\"350\" data-src=\"https:\/\/fabian-claude-walter.com\/fcw\/wp-content\/uploads\/Annelies-\u0160trba_NYIMA-537_2012_Pigment-print-on-canvas-mixed-media_20-x-30-cm-350x350.jpg\" class=\"attachment-homepage-thumb-crop1 size-homepage-thumb-crop1 lazyload\" alt=\"\" data-srcset=\"https:\/\/fabian-claude-walter.com\/fcw\/wp-content\/uploads\/Annelies-\u0160trba_NYIMA-537_2012_Pigment-print-on-canvas-mixed-media_20-x-30-cm-350x350.jpg 350w, https:\/\/fabian-claude-walter.com\/fcw\/wp-content\/uploads\/Annelies-\u0160trba_NYIMA-537_2012_Pigment-print-on-canvas-mixed-media_20-x-30-cm-150x150.jpg 150w\" data-sizes=\"(max-width: 350px) 100vw, 350px\" src=\"data:image\/svg+xml;base64,PHN2ZyB3aWR0aD0iMSIgaGVpZ2h0PSIxIiB4bWxucz0iaHR0cDovL3d3dy53My5vcmcvMjAwMC9zdmciPjwvc3ZnPg==\" style=\"--smush-placeholder-width: 350px; --smush-placeholder-aspect-ratio: 350\/350;\" \/>\t\t\t\t\t<\/a>\n\t\t\t\t\t\t\t<\/div>\n\t\t\t\t\t\t\t<nav class=\"connected\">\n\t\t\t\t\t<ul>\n\t\t\t\t\t\t\t\t\t\t\t\t\t<li><a href=\"https:\/\/fabian-claude-walter.com\/en\/artist\/annelies-strba\/\">Annelies \u0160trba (CH)<\/a><\/li>\n\t\t\t\t\t\t\t\t\t\t\t<\/ul>\n\t\t\t\t<\/nav>\n\t\t\t\t<h4 class=\"uagb-post__title uagb-post__text\">\n\t\t\t\t<a href=\"https:\/\/fabian-claude-walter.com\/en\/shop\/annelies-strba-nyima-537-2012%e2%80%a8\/\" target=\"_self\" rel=\"bookmark noopener noreferrer\">NYIMA 537, 2012\u2028<\/a>\n\t\t\t<\/h4>\n\t\t\t\t\t\t\t\tCHF 3&#8217;000<br>\t\t\t\t\t<a class=\"order-link\" href=\"mailto:shop@fabian-claude-walter.com?subject=Request%20offer%3A%20Annelies%20%C5%A0trba%20%28CH%29%2C%20NYIMA%20537%2C%202012%E2%80%A8%20%28%2311533%29&#038;body=https%3A%2F%2Ffabian-claude-walter.com%2Fen%2Fshop%2Fannelies-strba-nyima-537-2012%25e2%2580%25a8%2F\">\n\t\t\t\t\t\tRequest offer\t\t\t\t\t<\/a>\n\t\t\t\t\t\t\t<div class='uagb-post__text uagb-post-grid-byline'>\n\t\t\t\t\t\t\t<\/div>\n\t\t\t\n\t\t\t\t\t\t\t\t\t<\/article>\n\t\t\t\t\t\t\t\t\t\t\t\t\t\t\t\t<article class=\"uagb-post__inner-wrap\">\t\t\t\t\t\t\t\t<div class='uagb-post__image'>\n\t\t\t\t\t\t\t\t\t<a href=\"https:\/\/fabian-claude-walter.com\/en\/shop\/stockage-186-2020\/\" target=\"_self\" rel=\"bookmark noopener noreferrer\" class='uagb-image-ratio-inherit'><img decoding=\"async\" width=\"350\" height=\"350\" data-src=\"https:\/\/fabian-claude-walter.com\/fcw\/wp-content\/uploads\/Stockage_186-2020_70x50cm_1AP15_LighjetDiasec-\u00a9-Luzia-Si6-350x350.jpeg\" class=\"attachment-homepage-thumb-crop1 size-homepage-thumb-crop1 lazyload\" alt=\"\" data-srcset=\"https:\/\/fabian-claude-walter.com\/fcw\/wp-content\/uploads\/Stockage_186-2020_70x50cm_1AP15_LighjetDiasec-\u00a9-Luzia-Si6-350x350.jpeg 350w, https:\/\/fabian-claude-walter.com\/fcw\/wp-content\/uploads\/Stockage_186-2020_70x50cm_1AP15_LighjetDiasec-\u00a9-Luzia-Si6-150x150.jpeg 150w\" data-sizes=\"(max-width: 350px) 100vw, 350px\" src=\"data:image\/svg+xml;base64,PHN2ZyB3aWR0aD0iMSIgaGVpZ2h0PSIxIiB4bWxucz0iaHR0cDovL3d3dy53My5vcmcvMjAwMC9zdmciPjwvc3ZnPg==\" style=\"--smush-placeholder-width: 350px; --smush-placeholder-aspect-ratio: 350\/350;\" \/>\t\t\t\t\t<\/a>\n\t\t\t\t\t\t\t<\/div>\n\t\t\t\t\t\t<h4 class=\"uagb-post__title uagb-post__text\">\n\t\t\t\t<a href=\"https:\/\/fabian-claude-walter.com\/en\/shop\/stockage-186-2020\/\" target=\"_self\" rel=\"bookmark noopener noreferrer\">Stockage 186, 2020<\/a>\n\t\t\t<\/h4>\n\t\t\t\t\t\t\t\tCHF 2&#8217;500<br>\t\t\t\t\t<a class=\"order-link\" href=\"mailto:shop@fabian-claude-walter.com?subject=Request%20offer%3A%20Stockage%20186%2C%202020%20%28%2314410%29&#038;body=https%3A%2F%2Ffabian-claude-walter.com%2Fen%2Fshop%2Fstockage-186-2020%2F\">\n\t\t\t\t\t\tRequest offer\t\t\t\t\t<\/a>\n\t\t\t\t\t\t\t<div class='uagb-post__text uagb-post-grid-byline'>\n\t\t\t\t\t\t\t<\/div>\n\t\t\t\n\t\t\t\t\t\t\t\t\t<\/article>\n\t\t\t\t\t\t\t\t\t\t\t\t\t\t\t\t<article class=\"uagb-post__inner-wrap\">\t\t\t\t\t\t\t\t<div class='uagb-post__image'>\n\t\t\t\t\t\t\t\t\t<a href=\"https:\/\/fabian-claude-walter.com\/en\/shop\/jerry-uelsmann-untitled-1967\/\" target=\"_self\" rel=\"bookmark noopener noreferrer\" class='uagb-image-ratio-inherit'><img decoding=\"async\" width=\"350\" height=\"350\" data-src=\"https:\/\/fabian-claude-walter.com\/fcw\/wp-content\/uploads\/Jerry-Uelsmann_Untitled_1967_Gelatin-silver-print_356-x-28-cm--350x350.jpg\" class=\"attachment-homepage-thumb-crop1 size-homepage-thumb-crop1 lazyload\" alt=\"\" data-srcset=\"https:\/\/fabian-claude-walter.com\/fcw\/wp-content\/uploads\/Jerry-Uelsmann_Untitled_1967_Gelatin-silver-print_356-x-28-cm--350x350.jpg 350w, https:\/\/fabian-claude-walter.com\/fcw\/wp-content\/uploads\/Jerry-Uelsmann_Untitled_1967_Gelatin-silver-print_356-x-28-cm--150x150.jpg 150w\" data-sizes=\"(max-width: 350px) 100vw, 350px\" src=\"data:image\/svg+xml;base64,PHN2ZyB3aWR0aD0iMSIgaGVpZ2h0PSIxIiB4bWxucz0iaHR0cDovL3d3dy53My5vcmcvMjAwMC9zdmciPjwvc3ZnPg==\" style=\"--smush-placeholder-width: 350px; --smush-placeholder-aspect-ratio: 350\/350;\" \/>\t\t\t\t\t<\/a>\n\t\t\t\t\t\t\t<\/div>\n\t\t\t\t\t\t\t<nav class=\"connected\">\n\t\t\t\t\t<ul>\n\t\t\t\t\t\t\t\t\t\t\t\t\t<li><a href=\"https:\/\/fabian-claude-walter.com\/en\/artist\/jerry-uelsmann-2\/\">Jerry Uelsmann (USA)<\/a><\/li>\n\t\t\t\t\t\t\t\t\t\t\t<\/ul>\n\t\t\t\t<\/nav>\n\t\t\t\t<h4 class=\"uagb-post__title uagb-post__text\">\n\t\t\t\t<a href=\"https:\/\/fabian-claude-walter.com\/en\/shop\/jerry-uelsmann-untitled-1967\/\" target=\"_self\" rel=\"bookmark noopener noreferrer\">Untitled, 1967<\/a>\n\t\t\t<\/h4>\n\t\t\t\t\t\t\t\tCHF 4&#8217;600<br>\t\t\t\t\t<a class=\"order-link\" href=\"mailto:shop@fabian-claude-walter.com?subject=Request%20offer%3A%20Jerry%20Uelsmann%20%28USA%29%2C%20Untitled%2C%201967%20%28%2311515%29&#038;body=https%3A%2F%2Ffabian-claude-walter.com%2Fen%2Fshop%2Fjerry-uelsmann-untitled-1967%2F\">\n\t\t\t\t\t\tRequest offer\t\t\t\t\t<\/a>\n\t\t\t\t\t\t\t<div class='uagb-post__text uagb-post-grid-byline'>\n\t\t\t\t\t\t\t<\/div>\n\t\t\t\n\t\t\t\t\t\t\t\t\t<\/article>\n\t\t\t\t\t\t\t\t\t\t\t\t\t\t\t\t<article class=\"uagb-post__inner-wrap\">\t\t\t\t\t\t\t\t<div class='uagb-post__image'>\n\t\t\t\t\t\t\t\t\t<a href=\"https:\/\/fabian-claude-walter.com\/en\/shop\/jerry-uelsmann-untitled-2003\/\" target=\"_self\" rel=\"bookmark noopener noreferrer\" class='uagb-image-ratio-inherit'><img decoding=\"async\" width=\"350\" height=\"350\" data-src=\"https:\/\/fabian-claude-walter.com\/fcw\/wp-content\/uploads\/Jerry-Uelsmann_Untitled_2003_Gelatin-silver-print_406-x-508-cm--350x350.jpg\" class=\"attachment-homepage-thumb-crop1 size-homepage-thumb-crop1 lazyload\" alt=\"\" data-srcset=\"https:\/\/fabian-claude-walter.com\/fcw\/wp-content\/uploads\/Jerry-Uelsmann_Untitled_2003_Gelatin-silver-print_406-x-508-cm--350x350.jpg 350w, https:\/\/fabian-claude-walter.com\/fcw\/wp-content\/uploads\/Jerry-Uelsmann_Untitled_2003_Gelatin-silver-print_406-x-508-cm--150x150.jpg 150w\" data-sizes=\"(max-width: 350px) 100vw, 350px\" src=\"data:image\/svg+xml;base64,PHN2ZyB3aWR0aD0iMSIgaGVpZ2h0PSIxIiB4bWxucz0iaHR0cDovL3d3dy53My5vcmcvMjAwMC9zdmciPjwvc3ZnPg==\" style=\"--smush-placeholder-width: 350px; --smush-placeholder-aspect-ratio: 350\/350;\" \/>\t\t\t\t\t<\/a>\n\t\t\t\t\t\t\t<\/div>\n\t\t\t\t\t\t\t<nav class=\"connected\">\n\t\t\t\t\t<ul>\n\t\t\t\t\t\t\t\t\t\t\t\t\t<li><a href=\"https:\/\/fabian-claude-walter.com\/en\/artist\/jerry-uelsmann-2\/\">Jerry Uelsmann (USA)<\/a><\/li>\n\t\t\t\t\t\t\t\t\t\t\t<\/ul>\n\t\t\t\t<\/nav>\n\t\t\t\t<h4 class=\"uagb-post__title uagb-post__text\">\n\t\t\t\t<a href=\"https:\/\/fabian-claude-walter.com\/en\/shop\/jerry-uelsmann-untitled-2003\/\" target=\"_self\" rel=\"bookmark noopener noreferrer\">Untitled, 2003<\/a>\n\t\t\t<\/h4>\n\t\t\t\t\t\t\t\tCHF 6&#8217;700<br>\t\t\t\t\t<a class=\"order-link\" href=\"mailto:shop@fabian-claude-walter.com?subject=Request%20offer%3A%20Jerry%20Uelsmann%20%28USA%29%2C%20Untitled%2C%202003%20%28%2311509%29&#038;body=https%3A%2F%2Ffabian-claude-walter.com%2Fen%2Fshop%2Fjerry-uelsmann-untitled-2003%2F\">\n\t\t\t\t\t\tRequest offer\t\t\t\t\t<\/a>\n\t\t\t\t\t\t\t<div class='uagb-post__text uagb-post-grid-byline'>\n\t\t\t\t\t\t\t<\/div>\n\t\t\t\n\t\t\t\t\t\t\t\t\t<\/article>\n\t\t\t\t\t\t\t\t\t\t\t\t\t\t\t\t<article class=\"uagb-post__inner-wrap\">\t\t\t\t\t\t\t\t<div class='uagb-post__image'>\n\t\t\t\t\t\t\t\t\t<a href=\"https:\/\/fabian-claude-walter.com\/en\/shop\/romeo-vendrame-voodoo-2014\/\" target=\"_self\" rel=\"bookmark noopener noreferrer\" class='uagb-image-ratio-inherit'><img decoding=\"async\" width=\"350\" height=\"350\" data-src=\"https:\/\/fabian-claude-walter.com\/fcw\/wp-content\/uploads\/Romeo-Vendrame_Voodoo-2014-from-the-series-Choreography_Lambda-Print-between-acrylic-glass_90-x-60-cm_Edition-of-5-350x350.jpg\" class=\"attachment-homepage-thumb-crop1 size-homepage-thumb-crop1 lazyload\" alt=\"\" data-srcset=\"https:\/\/fabian-claude-walter.com\/fcw\/wp-content\/uploads\/Romeo-Vendrame_Voodoo-2014-from-the-series-Choreography_Lambda-Print-between-acrylic-glass_90-x-60-cm_Edition-of-5-350x350.jpg 350w, https:\/\/fabian-claude-walter.com\/fcw\/wp-content\/uploads\/Romeo-Vendrame_Voodoo-2014-from-the-series-Choreography_Lambda-Print-between-acrylic-glass_90-x-60-cm_Edition-of-5-150x150.jpg 150w\" data-sizes=\"(max-width: 350px) 100vw, 350px\" src=\"data:image\/svg+xml;base64,PHN2ZyB3aWR0aD0iMSIgaGVpZ2h0PSIxIiB4bWxucz0iaHR0cDovL3d3dy53My5vcmcvMjAwMC9zdmciPjwvc3ZnPg==\" style=\"--smush-placeholder-width: 350px; --smush-placeholder-aspect-ratio: 350\/350;\" \/>\t\t\t\t\t<\/a>\n\t\t\t\t\t\t\t<\/div>\n\t\t\t\t\t\t\t<nav class=\"connected\">\n\t\t\t\t\t<ul>\n\t\t\t\t\t\t\t\t\t\t\t\t\t<li><a href=\"https:\/\/fabian-claude-walter.com\/en\/artist\/romeo-vendrame\/\">Romeo Vendrame (CH\/ITA)<\/a><\/li>\n\t\t\t\t\t\t\t\t\t\t\t<\/ul>\n\t\t\t\t<\/nav>\n\t\t\t\t<h4 class=\"uagb-post__title uagb-post__text\">\n\t\t\t\t<a href=\"https:\/\/fabian-claude-walter.com\/en\/shop\/romeo-vendrame-voodoo-2014\/\" target=\"_self\" rel=\"bookmark noopener noreferrer\">Voodoo, 2014<\/a>\n\t\t\t<\/h4>\n\t\t\t\t\t\t\t\tCHF 4&#8217;800<br>\t\t\t\t\t<a class=\"order-link\" href=\"mailto:shop@fabian-claude-walter.com?subject=Request%20offer%3A%20Romeo%20Vendrame%20%28CH%2FITA%29%2C%20Voodoo%2C%202014%20%28%2311493%29&#038;body=https%3A%2F%2Ffabian-claude-walter.com%2Fen%2Fshop%2Fromeo-vendrame-voodoo-2014%2F\">\n\t\t\t\t\t\tRequest offer\t\t\t\t\t<\/a>\n\t\t\t\t\t\t\t<div class='uagb-post__text uagb-post-grid-byline'>\n\t\t\t\t\t\t\t<\/div>\n\t\t\t\n\t\t\t\t\t\t\t\t\t<\/article>\n\t\t\t\t\t\t\t\t\t\t\t\t\t\t\t\t<article class=\"uagb-post__inner-wrap\">\t\t\t\t\t\t\t\t<div class='uagb-post__image'>\n\t\t\t\t\t\t\t\t\t<a href=\"https:\/\/fabian-claude-walter.com\/en\/shop\/romeo-vendrame-wharf-2014\/\" target=\"_self\" rel=\"bookmark noopener noreferrer\" class='uagb-image-ratio-inherit'><img decoding=\"async\" width=\"350\" height=\"350\" data-src=\"https:\/\/fabian-claude-walter.com\/fcw\/wp-content\/uploads\/Romeo-Vendrame_Wharf-2014-from-the-series-Choreography_Lambda-Print-between-acrylic-glass_90-x-60-cm_Edition-of-5-350x350.jpg\" class=\"attachment-homepage-thumb-crop1 size-homepage-thumb-crop1 lazyload\" alt=\"\" data-srcset=\"https:\/\/fabian-claude-walter.com\/fcw\/wp-content\/uploads\/Romeo-Vendrame_Wharf-2014-from-the-series-Choreography_Lambda-Print-between-acrylic-glass_90-x-60-cm_Edition-of-5-350x350.jpg 350w, https:\/\/fabian-claude-walter.com\/fcw\/wp-content\/uploads\/Romeo-Vendrame_Wharf-2014-from-the-series-Choreography_Lambda-Print-between-acrylic-glass_90-x-60-cm_Edition-of-5-150x150.jpg 150w\" data-sizes=\"(max-width: 350px) 100vw, 350px\" src=\"data:image\/svg+xml;base64,PHN2ZyB3aWR0aD0iMSIgaGVpZ2h0PSIxIiB4bWxucz0iaHR0cDovL3d3dy53My5vcmcvMjAwMC9zdmciPjwvc3ZnPg==\" style=\"--smush-placeholder-width: 350px; --smush-placeholder-aspect-ratio: 350\/350;\" \/>\t\t\t\t\t<\/a>\n\t\t\t\t\t\t\t<\/div>\n\t\t\t\t\t\t\t<nav class=\"connected\">\n\t\t\t\t\t<ul>\n\t\t\t\t\t\t\t\t\t\t\t\t\t<li><a href=\"https:\/\/fabian-claude-walter.com\/en\/artist\/romeo-vendrame\/\">Romeo Vendrame (CH\/ITA)<\/a><\/li>\n\t\t\t\t\t\t\t\t\t\t\t<\/ul>\n\t\t\t\t<\/nav>\n\t\t\t\t<h4 class=\"uagb-post__title uagb-post__text\">\n\t\t\t\t<a href=\"https:\/\/fabian-claude-walter.com\/en\/shop\/romeo-vendrame-wharf-2014\/\" target=\"_self\" rel=\"bookmark noopener noreferrer\">Wharf, 2014<\/a>\n\t\t\t<\/h4>\n\t\t\t\t\t\t\t\tCHF 4&#8217;800<br>\t\t\t\t\t<a class=\"order-link\" href=\"mailto:shop@fabian-claude-walter.com?subject=Request%20offer%3A%20Romeo%20Vendrame%20%28CH%2FITA%29%2C%20Wharf%2C%202014%20%28%239723%29&#038;body=https%3A%2F%2Ffabian-claude-walter.com%2Fen%2Fshop%2Fromeo-vendrame-wharf-2014%2F\">\n\t\t\t\t\t\tRequest offer\t\t\t\t\t<\/a>\n\t\t\t\t\t\t\t<div class='uagb-post__text uagb-post-grid-byline'>\n\t\t\t\t\t\t\t<\/div>\n\t\t\t\n\t\t\t\t\t\t\t\t\t<\/article>\n\t\t\t\t\t\t\t\t\t\t\t\t\t\t\t\t<article class=\"uagb-post__inner-wrap\">\t\t\t\t\t\t\t\t<div class='uagb-post__image'>\n\t\t\t\t\t\t\t\t\t<a href=\"https:\/\/fabian-claude-walter.com\/en\/shop\/annelies-strba-untitled-2016\/\" target=\"_self\" rel=\"bookmark noopener noreferrer\" class='uagb-image-ratio-inherit'><img decoding=\"async\" width=\"350\" height=\"350\" data-src=\"https:\/\/fabian-claude-walter.com\/fcw\/wp-content\/uploads\/Annelies-Strba_aus-Pema_2016-Blume-1-350x350.jpg\" class=\"attachment-homepage-thumb-crop1 size-homepage-thumb-crop1 lazyload\" alt=\"\" data-srcset=\"https:\/\/fabian-claude-walter.com\/fcw\/wp-content\/uploads\/Annelies-Strba_aus-Pema_2016-Blume-1-350x350.jpg 350w, https:\/\/fabian-claude-walter.com\/fcw\/wp-content\/uploads\/Annelies-Strba_aus-Pema_2016-Blume-1-150x150.jpg 150w\" data-sizes=\"(max-width: 350px) 100vw, 350px\" src=\"data:image\/svg+xml;base64,PHN2ZyB3aWR0aD0iMSIgaGVpZ2h0PSIxIiB4bWxucz0iaHR0cDovL3d3dy53My5vcmcvMjAwMC9zdmciPjwvc3ZnPg==\" style=\"--smush-placeholder-width: 350px; --smush-placeholder-aspect-ratio: 350\/350;\" \/>\t\t\t\t\t<\/a>\n\t\t\t\t\t\t\t<\/div>\n\t\t\t\t\t\t\t<nav class=\"connected\">\n\t\t\t\t\t<ul>\n\t\t\t\t\t\t\t\t\t\t\t\t\t<li><a href=\"https:\/\/fabian-claude-walter.com\/en\/artist\/annelies-strba\/\">Annelies \u0160trba (CH)<\/a><\/li>\n\t\t\t\t\t\t\t\t\t\t\t<\/ul>\n\t\t\t\t<\/nav>\n\t\t\t\t<h4 class=\"uagb-post__title uagb-post__text\">\n\t\t\t\t<a href=\"https:\/\/fabian-claude-walter.com\/en\/shop\/annelies-strba-untitled-2016\/\" target=\"_self\" rel=\"bookmark noopener noreferrer\">Untitled,\u00a02016<\/a>\n\t\t\t<\/h4>\n\t\t\t\t\t\t\t\tCHF 3&#8217;000<br>\t\t\t\t\t<a class=\"order-link\" href=\"mailto:shop@fabian-claude-walter.com?subject=Request%20offer%3A%20Annelies%20%C5%A0trba%20%28CH%29%2C%20Untitled%2C%C2%A02016%20%28%2311539%29&#038;body=https%3A%2F%2Ffabian-claude-walter.com%2Fen%2Fshop%2Fannelies-strba-untitled-2016%2F\">\n\t\t\t\t\t\tRequest offer\t\t\t\t\t<\/a>\n\t\t\t\t\t\t\t<div class='uagb-post__text uagb-post-grid-byline'>\n\t\t\t\t\t\t\t<\/div>\n\t\t\t\n\t\t\t\t\t\t\t\t\t<\/article>\n\t\t\t\t\t\t\t\t\t\t\t<\/div>\n\t\t\t<\/div><\/div>\n\n\n\n<div class=\"wp-block-group\"><div class=\"wp-block-group__inner-container is-layout-flow wp-block-group-is-layout-flow\">\n<h2 class=\"wp-block-heading\">Paintings<\/h2>\n\n\n\n\t\t\t<div class=\"wp-block-uagb-post-grid uagb-post-grid  uagb-post__image-position-top uagb-post__image-enabled uagb-block-42d6f197     uagb-post__items uagb-post__columns-4 is-grid uagb-post__columns-tablet-3 uagb-post__columns-mobile-2 uagb-post__equal-height\" data-total=\"1\" style=\"\">\n\n\t\t\t\t\t\t\t\t\t\t\t\t<article class=\"uagb-post__inner-wrap\">\t\t\t\t\t\t\t\t<div class='uagb-post__image'>\n\t\t\t\t\t\t\t\t\t<a href=\"https:\/\/fabian-claude-walter.com\/en\/shop\/looking-in-to-the-heart-of-light-41-2017\/\" target=\"_self\" rel=\"bookmark noopener noreferrer\" class='uagb-image-ratio-inherit'><img decoding=\"async\" width=\"350\" height=\"350\" data-src=\"https:\/\/fabian-claude-walter.com\/fcw\/wp-content\/uploads\/AH_2017_962-350x350.jpg\" class=\"attachment-homepage-thumb-crop1 size-homepage-thumb-crop1 lazyload\" alt=\"\" data-srcset=\"https:\/\/fabian-claude-walter.com\/fcw\/wp-content\/uploads\/AH_2017_962-350x350.jpg 350w, https:\/\/fabian-claude-walter.com\/fcw\/wp-content\/uploads\/AH_2017_962-150x150.jpg 150w\" data-sizes=\"(max-width: 350px) 100vw, 350px\" src=\"data:image\/svg+xml;base64,PHN2ZyB3aWR0aD0iMSIgaGVpZ2h0PSIxIiB4bWxucz0iaHR0cDovL3d3dy53My5vcmcvMjAwMC9zdmciPjwvc3ZnPg==\" style=\"--smush-placeholder-width: 350px; --smush-placeholder-aspect-ratio: 350\/350;\" \/>\t\t\t\t\t<\/a>\n\t\t\t\t\t\t\t<\/div>\n\t\t\t\t\t\t\t<nav class=\"connected\">\n\t\t\t\t\t<ul>\n\t\t\t\t\t\t\t\t\t\t\t\t\t<li><a href=\"https:\/\/fabian-claude-walter.com\/en\/artist\/arnold-helbling-2\/\">Arnold Helbling (CH)<\/a><\/li>\n\t\t\t\t\t\t\t\t\t\t\t<\/ul>\n\t\t\t\t<\/nav>\n\t\t\t\t<h4 class=\"uagb-post__title uagb-post__text\">\n\t\t\t\t<a href=\"https:\/\/fabian-claude-walter.com\/en\/shop\/looking-in-to-the-heart-of-light-41-2017\/\" target=\"_self\" rel=\"bookmark noopener noreferrer\">Looking in to the Heart of Light &#8211; 41 (AH 2017.962), 2017<\/a>\n\t\t\t<\/h4>\n\t\t\t\t\t\t\t\tCHF 7&#8217;800<br>\t\t\t\t\t<a class=\"order-link\" href=\"mailto:shop@fabian-claude-walter.com?subject=Request%20offer%3A%20Arnold%20Helbling%20%28CH%29%2C%20Looking%20in%20to%20the%20Heart%20of%20Light%20%26%238211%3B%2041%20%28AH%202017.962%29%2C%202017%20%28%2312183%29&#038;body=https%3A%2F%2Ffabian-claude-walter.com%2Fen%2Fshop%2Flooking-in-to-the-heart-of-light-41-2017%2F\">\n\t\t\t\t\t\tRequest offer\t\t\t\t\t<\/a>\n\t\t\t\t\t\t\t<div class='uagb-post__text uagb-post-grid-byline'>\n\t\t\t\t\t\t\t<\/div>\n\t\t\t\n\t\t\t\t\t\t\t\t\t<\/article>\n\t\t\t\t\t\t\t\t\t\t\t\t\t\t\t\t<article class=\"uagb-post__inner-wrap\">\t\t\t\t\t\t\t\t<div class='uagb-post__image'>\n\t\t\t\t\t\t\t\t\t<a href=\"https:\/\/fabian-claude-walter.com\/en\/shop\/port-house-2017\/\" target=\"_self\" rel=\"bookmark noopener noreferrer\" class='uagb-image-ratio-inherit'><img decoding=\"async\" width=\"350\" height=\"350\" data-src=\"https:\/\/fabian-claude-walter.com\/fcw\/wp-content\/uploads\/AH_2017_960-350x350.jpg\" class=\"attachment-homepage-thumb-crop1 size-homepage-thumb-crop1 lazyload\" alt=\"\" data-srcset=\"https:\/\/fabian-claude-walter.com\/fcw\/wp-content\/uploads\/AH_2017_960-350x350.jpg 350w, https:\/\/fabian-claude-walter.com\/fcw\/wp-content\/uploads\/AH_2017_960-150x150.jpg 150w\" data-sizes=\"(max-width: 350px) 100vw, 350px\" src=\"data:image\/svg+xml;base64,PHN2ZyB3aWR0aD0iMSIgaGVpZ2h0PSIxIiB4bWxucz0iaHR0cDovL3d3dy53My5vcmcvMjAwMC9zdmciPjwvc3ZnPg==\" style=\"--smush-placeholder-width: 350px; --smush-placeholder-aspect-ratio: 350\/350;\" \/>\t\t\t\t\t<\/a>\n\t\t\t\t\t\t\t<\/div>\n\t\t\t\t\t\t\t<nav class=\"connected\">\n\t\t\t\t\t<ul>\n\t\t\t\t\t\t\t\t\t\t\t\t\t<li><a href=\"https:\/\/fabian-claude-walter.com\/en\/artist\/arnold-helbling-2\/\">Arnold Helbling (CH)<\/a><\/li>\n\t\t\t\t\t\t\t\t\t\t\t<\/ul>\n\t\t\t\t<\/nav>\n\t\t\t\t<h4 class=\"uagb-post__title uagb-post__text\">\n\t\t\t\t<a href=\"https:\/\/fabian-claude-walter.com\/en\/shop\/port-house-2017\/\" target=\"_self\" rel=\"bookmark noopener noreferrer\">Port House, 2017<\/a>\n\t\t\t<\/h4>\n\t\t\t\t\t\t\t\tCHF 7&#8217;100<br>\t\t\t\t\t<a class=\"order-link\" href=\"mailto:shop@fabian-claude-walter.com?subject=Request%20offer%3A%20Arnold%20Helbling%20%28CH%29%2C%20Port%20House%2C%202017%20%28%2312462%29&#038;body=https%3A%2F%2Ffabian-claude-walter.com%2Fen%2Fshop%2Fport-house-2017%2F\">\n\t\t\t\t\t\tRequest offer\t\t\t\t\t<\/a>\n\t\t\t\t\t\t\t<div class='uagb-post__text uagb-post-grid-byline'>\n\t\t\t\t\t\t\t<\/div>\n\t\t\t\n\t\t\t\t\t\t\t\t\t<\/article>\n\t\t\t\t\t\t\t\t\t\t\t\t\t\t\t\t<article class=\"uagb-post__inner-wrap\">\t\t\t\t\t\t\t\t<div class='uagb-post__image'>\n\t\t\t\t\t\t\t\t\t<a href=\"https:\/\/fabian-claude-walter.com\/en\/shop\/untitled-2018\/\" target=\"_self\" rel=\"bookmark noopener noreferrer\" class='uagb-image-ratio-inherit'><img decoding=\"async\" width=\"350\" height=\"350\" data-src=\"https:\/\/fabian-claude-walter.com\/fcw\/wp-content\/uploads\/AH_2018_969-350x350.jpg\" class=\"attachment-homepage-thumb-crop1 size-homepage-thumb-crop1 lazyload\" alt=\"\" data-srcset=\"https:\/\/fabian-claude-walter.com\/fcw\/wp-content\/uploads\/AH_2018_969-350x350.jpg 350w, https:\/\/fabian-claude-walter.com\/fcw\/wp-content\/uploads\/AH_2018_969-150x150.jpg 150w\" data-sizes=\"(max-width: 350px) 100vw, 350px\" src=\"data:image\/svg+xml;base64,PHN2ZyB3aWR0aD0iMSIgaGVpZ2h0PSIxIiB4bWxucz0iaHR0cDovL3d3dy53My5vcmcvMjAwMC9zdmciPjwvc3ZnPg==\" style=\"--smush-placeholder-width: 350px; --smush-placeholder-aspect-ratio: 350\/350;\" \/>\t\t\t\t\t<\/a>\n\t\t\t\t\t\t\t<\/div>\n\t\t\t\t\t\t\t<nav class=\"connected\">\n\t\t\t\t\t<ul>\n\t\t\t\t\t\t\t\t\t\t\t\t\t<li><a href=\"https:\/\/fabian-claude-walter.com\/en\/artist\/arnold-helbling-2\/\">Arnold Helbling (CH)<\/a><\/li>\n\t\t\t\t\t\t\t\t\t\t\t<\/ul>\n\t\t\t\t<\/nav>\n\t\t\t\t<h4 class=\"uagb-post__title uagb-post__text\">\n\t\t\t\t<a href=\"https:\/\/fabian-claude-walter.com\/en\/shop\/untitled-2018\/\" target=\"_self\" rel=\"bookmark noopener noreferrer\">Untitled (AH 2018.969), 2018<\/a>\n\t\t\t<\/h4>\n\t\t\t\t\t\t\t\tCHF 6&#8217;500<br>\t\t\t\t\t<a class=\"order-link\" href=\"mailto:shop@fabian-claude-walter.com?subject=Request%20offer%3A%20Arnold%20Helbling%20%28CH%29%2C%20Untitled%20%28AH%202018.969%29%2C%202018%20%28%2312196%29&#038;body=https%3A%2F%2Ffabian-claude-walter.com%2Fen%2Fshop%2Funtitled-2018%2F\">\n\t\t\t\t\t\tRequest offer\t\t\t\t\t<\/a>\n\t\t\t\t\t\t\t<div class='uagb-post__text uagb-post-grid-byline'>\n\t\t\t\t\t\t\t<\/div>\n\t\t\t\n\t\t\t\t\t\t\t\t\t<\/article>\n\t\t\t\t\t\t\t\t\t\t\t\t\t\t\t\t<article class=\"uagb-post__inner-wrap\">\t\t\t\t\t\t\t\t<div class='uagb-post__image'>\n\t\t\t\t\t\t\t\t\t<a href=\"https:\/\/fabian-claude-walter.com\/en\/shop\/you-cannot-say-21-2017\/\" target=\"_self\" rel=\"bookmark noopener noreferrer\" class='uagb-image-ratio-inherit'><img decoding=\"async\" width=\"350\" height=\"350\" data-src=\"https:\/\/fabian-claude-walter.com\/fcw\/wp-content\/uploads\/AH_2017_974-350x350.jpg\" class=\"attachment-homepage-thumb-crop1 size-homepage-thumb-crop1 lazyload\" alt=\"\" data-srcset=\"https:\/\/fabian-claude-walter.com\/fcw\/wp-content\/uploads\/AH_2017_974-350x350.jpg 350w, https:\/\/fabian-claude-walter.com\/fcw\/wp-content\/uploads\/AH_2017_974-150x150.jpg 150w\" data-sizes=\"(max-width: 350px) 100vw, 350px\" src=\"data:image\/svg+xml;base64,PHN2ZyB3aWR0aD0iMSIgaGVpZ2h0PSIxIiB4bWxucz0iaHR0cDovL3d3dy53My5vcmcvMjAwMC9zdmciPjwvc3ZnPg==\" style=\"--smush-placeholder-width: 350px; --smush-placeholder-aspect-ratio: 350\/350;\" \/>\t\t\t\t\t<\/a>\n\t\t\t\t\t\t\t<\/div>\n\t\t\t\t\t\t\t<nav class=\"connected\">\n\t\t\t\t\t<ul>\n\t\t\t\t\t\t\t\t\t\t\t\t\t<li><a href=\"https:\/\/fabian-claude-walter.com\/en\/artist\/arnold-helbling-2\/\">Arnold Helbling (CH)<\/a><\/li>\n\t\t\t\t\t\t\t\t\t\t\t<\/ul>\n\t\t\t\t<\/nav>\n\t\t\t\t<h4 class=\"uagb-post__title uagb-post__text\">\n\t\t\t\t<a href=\"https:\/\/fabian-claude-walter.com\/en\/shop\/you-cannot-say-21-2017\/\" target=\"_self\" rel=\"bookmark noopener noreferrer\">You Cannot Say &#8211; 21, 2017<\/a>\n\t\t\t<\/h4>\n\t\t\t\t\t\t\t\tCHF 7&#8217;700<br>\t\t\t\t\t<a class=\"order-link\" href=\"mailto:shop@fabian-claude-walter.com?subject=Request%20offer%3A%20Arnold%20Helbling%20%28CH%29%2C%20You%20Cannot%20Say%20%26%238211%3B%2021%2C%202017%20%28%2312170%29&#038;body=https%3A%2F%2Ffabian-claude-walter.com%2Fen%2Fshop%2Fyou-cannot-say-21-2017%2F\">\n\t\t\t\t\t\tRequest offer\t\t\t\t\t<\/a>\n\t\t\t\t\t\t\t<div class='uagb-post__text uagb-post-grid-byline'>\n\t\t\t\t\t\t\t<\/div>\n\t\t\t\n\t\t\t\t\t\t\t\t\t<\/article>\n\t\t\t\t\t\t\t\t\t\t\t\t\t\t\t\t<article class=\"uagb-post__inner-wrap\">\t\t\t\t\t\t\t\t<div class='uagb-post__image'>\n\t\t\t\t\t\t\t\t\t<a href=\"https:\/\/fabian-claude-walter.com\/en\/shop\/untitled-2017-830-2017\/\" target=\"_self\" rel=\"bookmark noopener noreferrer\" class='uagb-image-ratio-inherit'><img decoding=\"async\" width=\"350\" height=\"350\" data-src=\"https:\/\/fabian-claude-walter.com\/fcw\/wp-content\/uploads\/Thomas-Ritz-O.-T.-2017-Pigment-Acrylharz-auf-Leinwand-65-x-80-cm-Kat.Nr_.-2017-830-350x350.png\" class=\"attachment-homepage-thumb-crop1 size-homepage-thumb-crop1 lazyload\" alt=\"\" data-srcset=\"https:\/\/fabian-claude-walter.com\/fcw\/wp-content\/uploads\/Thomas-Ritz-O.-T.-2017-Pigment-Acrylharz-auf-Leinwand-65-x-80-cm-Kat.Nr_.-2017-830-350x350.png 350w, https:\/\/fabian-claude-walter.com\/fcw\/wp-content\/uploads\/Thomas-Ritz-O.-T.-2017-Pigment-Acrylharz-auf-Leinwand-65-x-80-cm-Kat.Nr_.-2017-830-150x150.png 150w\" data-sizes=\"(max-width: 350px) 100vw, 350px\" src=\"data:image\/svg+xml;base64,PHN2ZyB3aWR0aD0iMSIgaGVpZ2h0PSIxIiB4bWxucz0iaHR0cDovL3d3dy53My5vcmcvMjAwMC9zdmciPjwvc3ZnPg==\" style=\"--smush-placeholder-width: 350px; --smush-placeholder-aspect-ratio: 350\/350;\" \/>\t\t\t\t\t<\/a>\n\t\t\t\t\t\t\t<\/div>\n\t\t\t\t\t\t\t<nav class=\"connected\">\n\t\t\t\t\t<ul>\n\t\t\t\t\t\t\t\t\t\t\t\t\t<li><a href=\"https:\/\/fabian-claude-walter.com\/en\/artist\/thomas-ritz\/\">Thomas Ritz (CH)<\/a><\/li>\n\t\t\t\t\t\t\t\t\t\t\t<\/ul>\n\t\t\t\t<\/nav>\n\t\t\t\t<h4 class=\"uagb-post__title uagb-post__text\">\n\t\t\t\t<a href=\"https:\/\/fabian-claude-walter.com\/en\/shop\/untitled-2017-830-2017\/\" target=\"_self\" rel=\"bookmark noopener noreferrer\">Untitled (2017-830), 2017<\/a>\n\t\t\t<\/h4>\n\t\t\t\t\t\t\t\tCHF 7&#8217;600<br>\t\t\t\t\t<a class=\"order-link\" href=\"mailto:shop@fabian-claude-walter.com?subject=Request%20offer%3A%20Thomas%20Ritz%20%28CH%29%2C%20Untitled%20%282017-830%29%2C%202017%20%28%2312297%29&#038;body=https%3A%2F%2Ffabian-claude-walter.com%2Fen%2Fshop%2Funtitled-2017-830-2017%2F\">\n\t\t\t\t\t\tRequest offer\t\t\t\t\t<\/a>\n\t\t\t\t\t\t\t<div class='uagb-post__text uagb-post-grid-byline'>\n\t\t\t\t\t\t\t<\/div>\n\t\t\t\n\t\t\t\t\t\t\t\t\t<\/article>\n\t\t\t\t\t\t\t\t\t\t\t\t\t\t\t\t<article class=\"uagb-post__inner-wrap\">\t\t\t\t\t\t\t\t<div class='uagb-post__image'>\n\t\t\t\t\t\t\t\t\t<a href=\"https:\/\/fabian-claude-walter.com\/en\/shop\/untitled-2017-832-2017\/\" target=\"_self\" rel=\"bookmark noopener noreferrer\" class='uagb-image-ratio-inherit'><img decoding=\"async\" width=\"350\" height=\"350\" data-src=\"https:\/\/fabian-claude-walter.com\/fcw\/wp-content\/uploads\/Thomas-Ritz-O.-T.-2017-Pigment-Acrylharz-auf-Leinwand-65-x-80-cm-Kat.Nr_.-2017-832-350x350.png\" class=\"attachment-homepage-thumb-crop1 size-homepage-thumb-crop1 lazyload\" alt=\"\" data-srcset=\"https:\/\/fabian-claude-walter.com\/fcw\/wp-content\/uploads\/Thomas-Ritz-O.-T.-2017-Pigment-Acrylharz-auf-Leinwand-65-x-80-cm-Kat.Nr_.-2017-832-350x350.png 350w, https:\/\/fabian-claude-walter.com\/fcw\/wp-content\/uploads\/Thomas-Ritz-O.-T.-2017-Pigment-Acrylharz-auf-Leinwand-65-x-80-cm-Kat.Nr_.-2017-832-150x150.png 150w\" data-sizes=\"(max-width: 350px) 100vw, 350px\" src=\"data:image\/svg+xml;base64,PHN2ZyB3aWR0aD0iMSIgaGVpZ2h0PSIxIiB4bWxucz0iaHR0cDovL3d3dy53My5vcmcvMjAwMC9zdmciPjwvc3ZnPg==\" style=\"--smush-placeholder-width: 350px; --smush-placeholder-aspect-ratio: 350\/350;\" \/>\t\t\t\t\t<\/a>\n\t\t\t\t\t\t\t<\/div>\n\t\t\t\t\t\t\t<nav class=\"connected\">\n\t\t\t\t\t<ul>\n\t\t\t\t\t\t\t\t\t\t\t\t\t<li><a href=\"https:\/\/fabian-claude-walter.com\/en\/artist\/thomas-ritz\/\">Thomas Ritz (CH)<\/a><\/li>\n\t\t\t\t\t\t\t\t\t\t\t<\/ul>\n\t\t\t\t<\/nav>\n\t\t\t\t<h4 class=\"uagb-post__title uagb-post__text\">\n\t\t\t\t<a href=\"https:\/\/fabian-claude-walter.com\/en\/shop\/untitled-2017-832-2017\/\" target=\"_self\" rel=\"bookmark noopener noreferrer\">Untitled (2017-832), 2017<\/a>\n\t\t\t<\/h4>\n\t\t\t\t\t\t\t\tCHF 7&#8217;600<br>\t\t\t\t\t<a class=\"order-link\" href=\"mailto:shop@fabian-claude-walter.com?subject=Request%20offer%3A%20Thomas%20Ritz%20%28CH%29%2C%20Untitled%20%282017-832%29%2C%202017%20%28%2312317%29&#038;body=https%3A%2F%2Ffabian-claude-walter.com%2Fen%2Fshop%2Funtitled-2017-832-2017%2F\">\n\t\t\t\t\t\tRequest offer\t\t\t\t\t<\/a>\n\t\t\t\t\t\t\t<div class='uagb-post__text uagb-post-grid-byline'>\n\t\t\t\t\t\t\t<\/div>\n\t\t\t\n\t\t\t\t\t\t\t\t\t<\/article>\n\t\t\t\t\t\t\t\t\t\t\t\t\t\t\t\t<article class=\"uagb-post__inner-wrap\">\t\t\t\t\t\t\t\t<div class='uagb-post__image'>\n\t\t\t\t\t\t\t\t\t<a href=\"https:\/\/fabian-claude-walter.com\/en\/shop\/untitled-2017-838-2017\/\" target=\"_self\" rel=\"bookmark noopener noreferrer\" class='uagb-image-ratio-inherit'><img decoding=\"async\" width=\"350\" height=\"350\" data-src=\"https:\/\/fabian-claude-walter.com\/fcw\/wp-content\/uploads\/Thomas-Ritz-O.-T.-2017-Oel-auf-Papier-26-x-21-cm-Kat.Nr_.-2017-838-350x350.png\" class=\"attachment-homepage-thumb-crop1 size-homepage-thumb-crop1 lazyload\" alt=\"\" data-srcset=\"https:\/\/fabian-claude-walter.com\/fcw\/wp-content\/uploads\/Thomas-Ritz-O.-T.-2017-Oel-auf-Papier-26-x-21-cm-Kat.Nr_.-2017-838-350x350.png 350w, https:\/\/fabian-claude-walter.com\/fcw\/wp-content\/uploads\/Thomas-Ritz-O.-T.-2017-Oel-auf-Papier-26-x-21-cm-Kat.Nr_.-2017-838-150x150.png 150w\" data-sizes=\"(max-width: 350px) 100vw, 350px\" src=\"data:image\/svg+xml;base64,PHN2ZyB3aWR0aD0iMSIgaGVpZ2h0PSIxIiB4bWxucz0iaHR0cDovL3d3dy53My5vcmcvMjAwMC9zdmciPjwvc3ZnPg==\" style=\"--smush-placeholder-width: 350px; --smush-placeholder-aspect-ratio: 350\/350;\" \/>\t\t\t\t\t<\/a>\n\t\t\t\t\t\t\t<\/div>\n\t\t\t\t\t\t\t<nav class=\"connected\">\n\t\t\t\t\t<ul>\n\t\t\t\t\t\t\t\t\t\t\t\t\t<li><a href=\"https:\/\/fabian-claude-walter.com\/en\/artist\/thomas-ritz\/\">Thomas Ritz (CH)<\/a><\/li>\n\t\t\t\t\t\t\t\t\t\t\t<\/ul>\n\t\t\t\t<\/nav>\n\t\t\t\t<h4 class=\"uagb-post__title uagb-post__text\">\n\t\t\t\t<a href=\"https:\/\/fabian-claude-walter.com\/en\/shop\/untitled-2017-838-2017\/\" target=\"_self\" rel=\"bookmark noopener noreferrer\">Untitled (2017-838), 2017<\/a>\n\t\t\t<\/h4>\n\t\t\t\t\t\t\t\tCHF 1&#8217;500<br>\t\t\t\t\t<a class=\"order-link\" href=\"mailto:shop@fabian-claude-walter.com?subject=Request%20offer%3A%20Thomas%20Ritz%20%28CH%29%2C%20Untitled%20%282017-838%29%2C%202017%20%28%2312311%29&#038;body=https%3A%2F%2Ffabian-claude-walter.com%2Fen%2Fshop%2Funtitled-2017-838-2017%2F\">\n\t\t\t\t\t\tRequest offer\t\t\t\t\t<\/a>\n\t\t\t\t\t\t\t<div class='uagb-post__text uagb-post-grid-byline'>\n\t\t\t\t\t\t\t<\/div>\n\t\t\t\n\t\t\t\t\t\t\t\t\t<\/article>\n\t\t\t\t\t\t\t\t\t\t\t\t\t\t\t\t<article class=\"uagb-post__inner-wrap\">\t\t\t\t\t\t\t\t<div class='uagb-post__image'>\n\t\t\t\t\t\t\t\t\t<a href=\"https:\/\/fabian-claude-walter.com\/en\/shop\/untitled-2017-839-2017\/\" target=\"_self\" rel=\"bookmark noopener noreferrer\" class='uagb-image-ratio-inherit'><img decoding=\"async\" width=\"350\" height=\"350\" data-src=\"https:\/\/fabian-claude-walter.com\/fcw\/wp-content\/uploads\/Thomas-Ritz-O.-T.-2017-Oel-auf-Papier-26-x-21-cm-Kat.Nr_.-2017-839-350x350.png\" class=\"attachment-homepage-thumb-crop1 size-homepage-thumb-crop1 lazyload\" alt=\"\" data-srcset=\"https:\/\/fabian-claude-walter.com\/fcw\/wp-content\/uploads\/Thomas-Ritz-O.-T.-2017-Oel-auf-Papier-26-x-21-cm-Kat.Nr_.-2017-839-350x350.png 350w, https:\/\/fabian-claude-walter.com\/fcw\/wp-content\/uploads\/Thomas-Ritz-O.-T.-2017-Oel-auf-Papier-26-x-21-cm-Kat.Nr_.-2017-839-150x150.png 150w\" data-sizes=\"(max-width: 350px) 100vw, 350px\" src=\"data:image\/svg+xml;base64,PHN2ZyB3aWR0aD0iMSIgaGVpZ2h0PSIxIiB4bWxucz0iaHR0cDovL3d3dy53My5vcmcvMjAwMC9zdmciPjwvc3ZnPg==\" style=\"--smush-placeholder-width: 350px; --smush-placeholder-aspect-ratio: 350\/350;\" \/>\t\t\t\t\t<\/a>\n\t\t\t\t\t\t\t<\/div>\n\t\t\t\t\t\t\t<nav class=\"connected\">\n\t\t\t\t\t<ul>\n\t\t\t\t\t\t\t\t\t\t\t\t\t<li><a href=\"https:\/\/fabian-claude-walter.com\/en\/artist\/thomas-ritz\/\">Thomas Ritz (CH)<\/a><\/li>\n\t\t\t\t\t\t\t\t\t\t\t<\/ul>\n\t\t\t\t<\/nav>\n\t\t\t\t<h4 class=\"uagb-post__title uagb-post__text\">\n\t\t\t\t<a href=\"https:\/\/fabian-claude-walter.com\/en\/shop\/untitled-2017-839-2017\/\" target=\"_self\" rel=\"bookmark noopener noreferrer\">Untitled (2017-839), 2017<\/a>\n\t\t\t<\/h4>\n\t\t\t\t\t\t\t\tCHF 1&#8217;500<br>\t\t\t\t\t<a class=\"order-link\" href=\"mailto:shop@fabian-claude-walter.com?subject=Request%20offer%3A%20Thomas%20Ritz%20%28CH%29%2C%20Untitled%20%282017-839%29%2C%202017%20%28%2312304%29&#038;body=https%3A%2F%2Ffabian-claude-walter.com%2Fen%2Fshop%2Funtitled-2017-839-2017%2F\">\n\t\t\t\t\t\tRequest offer\t\t\t\t\t<\/a>\n\t\t\t\t\t\t\t<div class='uagb-post__text uagb-post-grid-byline'>\n\t\t\t\t\t\t\t<\/div>\n\t\t\t\n\t\t\t\t\t\t\t\t\t<\/article>\n\t\t\t\t\t\t\t\t\t\t\t<\/div>\n\t\t\t<\/div><\/div>\n\n\n\n<div class=\"wp-block-group\"><div class=\"wp-block-group__inner-container is-layout-flow wp-block-group-is-layout-flow\">\n<h2 class=\"wp-block-heading\">Prints<\/h2>\n\n\n\n\t\t\t<div class=\"wp-block-uagb-post-grid uagb-post-grid  uagb-post__image-position-top uagb-post__image-enabled uagb-block-453757aa     uagb-post__items uagb-post__columns-4 is-grid uagb-post__columns-tablet-3 uagb-post__columns-mobile-2 uagb-post__equal-height\" data-total=\"1\" style=\"\">\n\n\t\t\t\t\t\t\t\t\t\t\t\t<article class=\"uagb-post__inner-wrap\">\t\t\t\t\t\t\t\t<div class='uagb-post__image'>\n\t\t\t\t\t\t\t\t\t<a href=\"https:\/\/fabian-claude-walter.com\/en\/shop\/cerebral\/\" target=\"_self\" rel=\"bookmark noopener noreferrer\" class='uagb-image-ratio-inherit'><img decoding=\"async\" width=\"350\" height=\"350\" data-src=\"https:\/\/fabian-claude-walter.com\/fcw\/wp-content\/uploads\/Ohne-Titel-2-3-350x350.jpg\" class=\"attachment-homepage-thumb-crop1 size-homepage-thumb-crop1 lazyload\" alt=\"\" data-srcset=\"https:\/\/fabian-claude-walter.com\/fcw\/wp-content\/uploads\/Ohne-Titel-2-3-350x350.jpg 350w, https:\/\/fabian-claude-walter.com\/fcw\/wp-content\/uploads\/Ohne-Titel-2-3-672x671.jpg 672w, https:\/\/fabian-claude-walter.com\/fcw\/wp-content\/uploads\/Ohne-Titel-2-3-1024x1022.jpg 1024w, https:\/\/fabian-claude-walter.com\/fcw\/wp-content\/uploads\/Ohne-Titel-2-3-150x150.jpg 150w, https:\/\/fabian-claude-walter.com\/fcw\/wp-content\/uploads\/Ohne-Titel-2-3-768x767.jpg 768w, https:\/\/fabian-claude-walter.com\/fcw\/wp-content\/uploads\/Ohne-Titel-2-3-1536x1533.jpg 1536w, https:\/\/fabian-claude-walter.com\/fcw\/wp-content\/uploads\/Ohne-Titel-2-3-2048x2045.jpg 2048w, https:\/\/fabian-claude-walter.com\/fcw\/wp-content\/uploads\/Ohne-Titel-2-3-517x516.jpg 517w, https:\/\/fabian-claude-walter.com\/fcw\/wp-content\/uploads\/Ohne-Titel-2-3-787x786.jpg 787w, https:\/\/fabian-claude-walter.com\/fcw\/wp-content\/uploads\/Ohne-Titel-2-3-1600x1597.jpg 1600w\" data-sizes=\"(max-width: 350px) 100vw, 350px\" src=\"data:image\/svg+xml;base64,PHN2ZyB3aWR0aD0iMSIgaGVpZ2h0PSIxIiB4bWxucz0iaHR0cDovL3d3dy53My5vcmcvMjAwMC9zdmciPjwvc3ZnPg==\" style=\"--smush-placeholder-width: 350px; --smush-placeholder-aspect-ratio: 350\/350;\" \/>\t\t\t\t\t<\/a>\n\t\t\t\t\t\t\t<\/div>\n\t\t\t\t\t\t<h4 class=\"uagb-post__title uagb-post__text\">\n\t\t\t\t<a href=\"https:\/\/fabian-claude-walter.com\/en\/shop\/cerebral\/\" target=\"_self\" rel=\"bookmark noopener noreferrer\">Cerebral Portfolio, 1994<\/a>\n\t\t\t<\/h4>\n\t\t\t\t\t\t\t\tCHF 9&#8217;900<br>\t\t\t\t\t<a class=\"order-link\" href=\"mailto:shop@fabian-claude-walter.com?subject=Request%20offer%3A%20Cerebral%20Portfolio%2C%201994%20%28%2313345%29&#038;body=https%3A%2F%2Ffabian-claude-walter.com%2Fen%2Fshop%2Fcerebral%2F\">\n\t\t\t\t\t\tRequest offer\t\t\t\t\t<\/a>\n\t\t\t\t\t\t\t<div class='uagb-post__text uagb-post-grid-byline'>\n\t\t\t\t\t\t\t<\/div>\n\t\t\t\n\t\t\t\t\t\t\t\t\t<\/article>\n\t\t\t\t\t\t\t\t\t\t\t\t\t\t\t\t<article class=\"uagb-post__inner-wrap\">\t\t\t\t\t\t\t\t<div class='uagb-post__image'>\n\t\t\t\t\t\t\t\t\t<a href=\"https:\/\/fabian-claude-walter.com\/en\/shop\/chica-tzara-1990\/\" target=\"_self\" rel=\"bookmark noopener noreferrer\" class='uagb-image-ratio-inherit'><img decoding=\"async\" width=\"350\" height=\"350\" data-src=\"https:\/\/fabian-claude-walter.com\/fcw\/wp-content\/uploads\/Balthasar-Burkhard-e.a-199098-350x350.jpg\" class=\"attachment-homepage-thumb-crop1 size-homepage-thumb-crop1 lazyload\" alt=\"\" data-srcset=\"https:\/\/fabian-claude-walter.com\/fcw\/wp-content\/uploads\/Balthasar-Burkhard-e.a-199098-350x350.jpg 350w, https:\/\/fabian-claude-walter.com\/fcw\/wp-content\/uploads\/Balthasar-Burkhard-e.a-199098-150x150.jpg 150w\" data-sizes=\"(max-width: 350px) 100vw, 350px\" src=\"data:image\/svg+xml;base64,PHN2ZyB3aWR0aD0iMSIgaGVpZ2h0PSIxIiB4bWxucz0iaHR0cDovL3d3dy53My5vcmcvMjAwMC9zdmciPjwvc3ZnPg==\" style=\"--smush-placeholder-width: 350px; --smush-placeholder-aspect-ratio: 350\/350;\" \/>\t\t\t\t\t<\/a>\n\t\t\t\t\t\t\t<\/div>\n\t\t\t\t\t\t\t<nav class=\"connected\">\n\t\t\t\t\t<ul>\n\t\t\t\t\t\t\t\t\t\t\t\t\t<li><a href=\"https:\/\/fabian-claude-walter.com\/en\/artist\/balthasar-burkhard\/\">Balthasar Burkhard (CH)<\/a><\/li>\n\t\t\t\t\t\t\t\t\t\t\t<\/ul>\n\t\t\t\t<\/nav>\n\t\t\t\t<h4 class=\"uagb-post__title uagb-post__text\">\n\t\t\t\t<a href=\"https:\/\/fabian-claude-walter.com\/en\/shop\/chica-tzara-1990\/\" target=\"_self\" rel=\"bookmark noopener noreferrer\">Chica &#038; Tzara, 1990<\/a>\n\t\t\t<\/h4>\n\t\t\t\t\t\t\t\tCHF 1&#8217;900<br>\t\t\t\t\t<a class=\"order-link\" href=\"mailto:shop@fabian-claude-walter.com?subject=Request%20offer%3A%20Balthasar%20Burkhard%20%28CH%29%2C%20Chica%20%26%20Tzara%2C%201990%20%28%2312223%29&#038;body=https%3A%2F%2Ffabian-claude-walter.com%2Fen%2Fshop%2Fchica-tzara-1990%2F\">\n\t\t\t\t\t\tRequest offer\t\t\t\t\t<\/a>\n\t\t\t\t\t\t\t<div class='uagb-post__text uagb-post-grid-byline'>\n\t\t\t\t\t\t\t<\/div>\n\t\t\t\n\t\t\t\t\t\t\t\t\t<\/article>\n\t\t\t\t\t\t\t\t\t\t\t\t\t\t\t\t<article class=\"uagb-post__inner-wrap\">\t\t\t\t\t\t\t\t<div class='uagb-post__image'>\n\t\t\t\t\t\t\t\t\t<a href=\"https:\/\/fabian-claude-walter.com\/en\/shop\/sans-titre-1988-2000\/\" target=\"_self\" rel=\"bookmark noopener noreferrer\" class='uagb-image-ratio-inherit'><img decoding=\"async\" width=\"350\" height=\"350\" data-src=\"https:\/\/fabian-claude-walter.com\/fcw\/wp-content\/uploads\/Balthasar-Burkhard_Sans-Titre-R\u00fccken.jpg-350x350.jpg\" class=\"attachment-homepage-thumb-crop1 size-homepage-thumb-crop1 lazyload\" alt=\"\" data-srcset=\"https:\/\/fabian-claude-walter.com\/fcw\/wp-content\/uploads\/Balthasar-Burkhard_Sans-Titre-R\u00fccken.jpg-350x350.jpg 350w, https:\/\/fabian-claude-walter.com\/fcw\/wp-content\/uploads\/Balthasar-Burkhard_Sans-Titre-R\u00fccken.jpg-150x150.jpg 150w\" data-sizes=\"(max-width: 350px) 100vw, 350px\" src=\"data:image\/svg+xml;base64,PHN2ZyB3aWR0aD0iMSIgaGVpZ2h0PSIxIiB4bWxucz0iaHR0cDovL3d3dy53My5vcmcvMjAwMC9zdmciPjwvc3ZnPg==\" style=\"--smush-placeholder-width: 350px; --smush-placeholder-aspect-ratio: 350\/350;\" \/>\t\t\t\t\t<\/a>\n\t\t\t\t\t\t\t<\/div>\n\t\t\t\t\t\t\t<nav class=\"connected\">\n\t\t\t\t\t<ul>\n\t\t\t\t\t\t\t\t\t\t\t\t\t<li><a href=\"https:\/\/fabian-claude-walter.com\/en\/artist\/balthasar-burkhard\/\">Balthasar Burkhard (CH)<\/a><\/li>\n\t\t\t\t\t\t\t\t\t\t\t<\/ul>\n\t\t\t\t<\/nav>\n\t\t\t\t<h4 class=\"uagb-post__title uagb-post__text\">\n\t\t\t\t<a href=\"https:\/\/fabian-claude-walter.com\/en\/shop\/sans-titre-1988-2000\/\" target=\"_self\" rel=\"bookmark noopener noreferrer\">Sans Titre, 1988-2000<\/a>\n\t\t\t<\/h4>\n\t\t\t\t\t\t\t\tCHF 1&#8217;900<br>\t\t\t\t\t<a class=\"order-link\" href=\"mailto:shop@fabian-claude-walter.com?subject=Request%20offer%3A%20Balthasar%20Burkhard%20%28CH%29%2C%20Sans%20Titre%2C%201988-2000%20%28%2312229%29&#038;body=https%3A%2F%2Ffabian-claude-walter.com%2Fen%2Fshop%2Fsans-titre-1988-2000%2F\">\n\t\t\t\t\t\tRequest offer\t\t\t\t\t<\/a>\n\t\t\t\t\t\t\t<div class='uagb-post__text uagb-post-grid-byline'>\n\t\t\t\t\t\t\t<\/div>\n\t\t\t\n\t\t\t\t\t\t\t\t\t<\/article>\n\t\t\t\t\t\t\t\t\t\t\t\t\t\t\t\t<article class=\"uagb-post__inner-wrap\">\t\t\t\t\t\t\t\t<div class='uagb-post__image'>\n\t\t\t\t\t\t\t\t\t<a href=\"https:\/\/fabian-claude-walter.com\/en\/shop\/marianne-eigenheer-rose-auslaender-1991\/\" target=\"_self\" rel=\"bookmark noopener noreferrer\" class='uagb-image-ratio-inherit'><img decoding=\"async\" width=\"350\" height=\"350\" data-src=\"https:\/\/fabian-claude-walter.com\/fcw\/wp-content\/uploads\/IMG_8087-350x350.jpg\" class=\"attachment-homepage-thumb-crop1 size-homepage-thumb-crop1 lazyload\" alt=\"\" data-srcset=\"https:\/\/fabian-claude-walter.com\/fcw\/wp-content\/uploads\/IMG_8087-350x350.jpg 350w, https:\/\/fabian-claude-walter.com\/fcw\/wp-content\/uploads\/IMG_8087-150x150.jpg 150w\" data-sizes=\"(max-width: 350px) 100vw, 350px\" src=\"data:image\/svg+xml;base64,PHN2ZyB3aWR0aD0iMSIgaGVpZ2h0PSIxIiB4bWxucz0iaHR0cDovL3d3dy53My5vcmcvMjAwMC9zdmciPjwvc3ZnPg==\" style=\"--smush-placeholder-width: 350px; --smush-placeholder-aspect-ratio: 350\/350;\" \/>\t\t\t\t\t<\/a>\n\t\t\t\t\t\t\t<\/div>\n\t\t\t\t\t\t\t<nav class=\"connected\">\n\t\t\t\t\t<ul>\n\t\t\t\t\t\t\t\t\t\t\t\t\t<li><a href=\"https:\/\/fabian-claude-walter.com\/en\/artist\/marianne-eigenheer\/\">Marianne Eigenheer (CH)<\/a><\/li>\n\t\t\t\t\t\t\t\t\t\t\t<\/ul>\n\t\t\t\t<\/nav>\n\t\t\t\t<h4 class=\"uagb-post__title uagb-post__text\">\n\t\t\t\t<a href=\"https:\/\/fabian-claude-walter.com\/en\/shop\/marianne-eigenheer-rose-auslaender-1991\/\" target=\"_self\" rel=\"bookmark noopener noreferrer\">Marianne Eigenheer, Rose Ausl\u00e4nder, 1991<\/a>\n\t\t\t<\/h4>\n\t\t\t\t\t\t\t\tCHF 1&#8217;800<br>\t\t\t\t\t<a class=\"order-link\" href=\"mailto:shop@fabian-claude-walter.com?subject=Request%20offer%3A%20Marianne%20Eigenheer%20%28CH%29%2C%20Marianne%20Eigenheer%2C%20Rose%20Ausl%C3%A4nder%2C%201991%20%28%2312849%29&#038;body=https%3A%2F%2Ffabian-claude-walter.com%2Fen%2Fshop%2Fmarianne-eigenheer-rose-auslaender-1991%2F\">\n\t\t\t\t\t\tRequest offer\t\t\t\t\t<\/a>\n\t\t\t\t\t\t\t<div class='uagb-post__text uagb-post-grid-byline'>\n\t\t\t\t\t\t\t<\/div>\n\t\t\t\n\t\t\t\t\t\t\t\t\t<\/article>\n\t\t\t\t\t\t\t\t\t\t\t<\/div>\n\t\t\t<\/div><\/div>\n\n\n\n<div class=\"wp-block-group\"><div class=\"wp-block-group__inner-container is-layout-flow wp-block-group-is-layout-flow\">\n<h2 class=\"wp-block-heading\">Sculptures<\/h2>\n\n\n\n\t\t\t<div class=\"wp-block-uagb-post-grid uagb-post-grid  uagb-post__image-position-top uagb-post__image-enabled uagb-block-752b5407     uagb-post__items uagb-post__columns-4 is-grid uagb-post__columns-tablet-3 uagb-post__columns-mobile-2 uagb-post__equal-height\" data-total=\"1\" style=\"\">\n\n\t\t\t\t\t\t\t\t\t\t\t\t<article class=\"uagb-post__inner-wrap\">\t\t\t\t\t\t\t\t<div class='uagb-post__image'>\n\t\t\t\t\t\t\t\t\t<a href=\"https:\/\/fabian-claude-walter.com\/en\/shop\/untitled-10-2017-2020\/\" target=\"_self\" rel=\"bookmark noopener noreferrer\" class='uagb-image-ratio-inherit'><img decoding=\"async\" width=\"350\" height=\"350\" data-src=\"https:\/\/fabian-claude-walter.com\/fcw\/wp-content\/uploads\/Gabi-Hamm_Untitled-10-2017-2020_Glazed-clay_Height-19-cm_2-350x350.jpg\" class=\"attachment-homepage-thumb-crop1 size-homepage-thumb-crop1 lazyload\" alt=\"\" data-srcset=\"https:\/\/fabian-claude-walter.com\/fcw\/wp-content\/uploads\/Gabi-Hamm_Untitled-10-2017-2020_Glazed-clay_Height-19-cm_2-350x350.jpg 350w, https:\/\/fabian-claude-walter.com\/fcw\/wp-content\/uploads\/Gabi-Hamm_Untitled-10-2017-2020_Glazed-clay_Height-19-cm_2-150x150.jpg 150w\" data-sizes=\"(max-width: 350px) 100vw, 350px\" src=\"data:image\/svg+xml;base64,PHN2ZyB3aWR0aD0iMSIgaGVpZ2h0PSIxIiB4bWxucz0iaHR0cDovL3d3dy53My5vcmcvMjAwMC9zdmciPjwvc3ZnPg==\" style=\"--smush-placeholder-width: 350px; --smush-placeholder-aspect-ratio: 350\/350;\" \/>\t\t\t\t\t<\/a>\n\t\t\t\t\t\t\t<\/div>\n\t\t\t\t\t\t\t<nav class=\"connected\">\n\t\t\t\t\t<ul>\n\t\t\t\t\t\t\t\t\t\t\t\t\t<li><a href=\"https:\/\/fabian-claude-walter.com\/en\/artist\/gabi-hamm\/\">Gabi Hamm (GER)<\/a><\/li>\n\t\t\t\t\t\t\t\t\t\t\t<\/ul>\n\t\t\t\t<\/nav>\n\t\t\t\t<h4 class=\"uagb-post__title uagb-post__text\">\n\t\t\t\t<a href=\"https:\/\/fabian-claude-walter.com\/en\/shop\/untitled-10-2017-2020\/\" target=\"_self\" rel=\"bookmark noopener noreferrer\">Mask, Untitled #10, 2017-2020<\/a>\n\t\t\t<\/h4>\n\t\t\t\t\t\t\t\tCHF 1&#8217;500<br>\t\t\t\t\t<a class=\"order-link\" href=\"mailto:shop@fabian-claude-walter.com?subject=Request%20offer%3A%20Gabi%20Hamm%20%28GER%29%2C%20Mask%2C%20Untitled%20%2310%2C%202017-2020%20%28%2314372%29&#038;body=https%3A%2F%2Ffabian-claude-walter.com%2Fen%2Fshop%2Funtitled-10-2017-2020%2F\">\n\t\t\t\t\t\tRequest offer\t\t\t\t\t<\/a>\n\t\t\t\t\t\t\t<div class='uagb-post__text uagb-post-grid-byline'>\n\t\t\t\t\t\t\t<\/div>\n\t\t\t\n\t\t\t\t\t\t\t\t\t<\/article>\n\t\t\t\t\t\t\t\t\t\t\t\t\t\t\t\t<article class=\"uagb-post__inner-wrap\">\t\t\t\t\t\t\t\t<div class='uagb-post__image'>\n\t\t\t\t\t\t\t\t\t<a href=\"https:\/\/fabian-claude-walter.com\/en\/shop\/untitled-10-2017-2020-2\/\" target=\"_self\" rel=\"bookmark noopener noreferrer\" class='uagb-image-ratio-inherit'><img decoding=\"async\" width=\"350\" height=\"350\" data-src=\"https:\/\/fabian-claude-walter.com\/fcw\/wp-content\/uploads\/Gabi-Hamm_Untitled-11-2017-2020_Glazed-clay_Height-20-cm-350x350.jpg\" class=\"attachment-homepage-thumb-crop1 size-homepage-thumb-crop1 lazyload\" alt=\"\" data-srcset=\"https:\/\/fabian-claude-walter.com\/fcw\/wp-content\/uploads\/Gabi-Hamm_Untitled-11-2017-2020_Glazed-clay_Height-20-cm-350x350.jpg 350w, https:\/\/fabian-claude-walter.com\/fcw\/wp-content\/uploads\/Gabi-Hamm_Untitled-11-2017-2020_Glazed-clay_Height-20-cm-150x150.jpg 150w\" data-sizes=\"(max-width: 350px) 100vw, 350px\" src=\"data:image\/svg+xml;base64,PHN2ZyB3aWR0aD0iMSIgaGVpZ2h0PSIxIiB4bWxucz0iaHR0cDovL3d3dy53My5vcmcvMjAwMC9zdmciPjwvc3ZnPg==\" style=\"--smush-placeholder-width: 350px; --smush-placeholder-aspect-ratio: 350\/350;\" \/>\t\t\t\t\t<\/a>\n\t\t\t\t\t\t\t<\/div>\n\t\t\t\t\t\t\t<nav class=\"connected\">\n\t\t\t\t\t<ul>\n\t\t\t\t\t\t\t\t\t\t\t\t\t<li><a href=\"https:\/\/fabian-claude-walter.com\/en\/artist\/gabi-hamm\/\">Gabi Hamm (GER)<\/a><\/li>\n\t\t\t\t\t\t\t\t\t\t\t<\/ul>\n\t\t\t\t<\/nav>\n\t\t\t\t<h4 class=\"uagb-post__title uagb-post__text\">\n\t\t\t\t<a href=\"https:\/\/fabian-claude-walter.com\/en\/shop\/untitled-10-2017-2020-2\/\" target=\"_self\" rel=\"bookmark noopener noreferrer\">Mask, Untitled #11, 2017-2020<\/a>\n\t\t\t<\/h4>\n\t\t\t\t\t\t\t\tCHF 1&#8217;500<br>\t\t\t\t\t<a class=\"order-link\" href=\"mailto:shop@fabian-claude-walter.com?subject=Request%20offer%3A%20Gabi%20Hamm%20%28GER%29%2C%20Mask%2C%20Untitled%20%2311%2C%202017-2020%20%28%2314376%29&#038;body=https%3A%2F%2Ffabian-claude-walter.com%2Fen%2Fshop%2Funtitled-10-2017-2020-2%2F\">\n\t\t\t\t\t\tRequest offer\t\t\t\t\t<\/a>\n\t\t\t\t\t\t\t<div class='uagb-post__text uagb-post-grid-byline'>\n\t\t\t\t\t\t\t<\/div>\n\t\t\t\n\t\t\t\t\t\t\t\t\t<\/article>\n\t\t\t\t\t\t\t\t\t\t\t\t\t\t\t\t<article class=\"uagb-post__inner-wrap\">\t\t\t\t\t\t\t\t<div class='uagb-post__image'>\n\t\t\t\t\t\t\t\t\t<a href=\"https:\/\/fabian-claude-walter.com\/en\/shop\/untitled-15-2017-2020\/\" target=\"_self\" rel=\"bookmark noopener noreferrer\" class='uagb-image-ratio-inherit'><img decoding=\"async\" width=\"350\" height=\"350\" data-src=\"https:\/\/fabian-claude-walter.com\/fcw\/wp-content\/uploads\/Gabi-Hamm_Untitled-15-2017-2020_Glazed-clay_Height-26-cm-350x350.jpg\" class=\"attachment-homepage-thumb-crop1 size-homepage-thumb-crop1 lazyload\" alt=\"\" data-srcset=\"https:\/\/fabian-claude-walter.com\/fcw\/wp-content\/uploads\/Gabi-Hamm_Untitled-15-2017-2020_Glazed-clay_Height-26-cm-350x350.jpg 350w, https:\/\/fabian-claude-walter.com\/fcw\/wp-content\/uploads\/Gabi-Hamm_Untitled-15-2017-2020_Glazed-clay_Height-26-cm-150x150.jpg 150w\" data-sizes=\"(max-width: 350px) 100vw, 350px\" src=\"data:image\/svg+xml;base64,PHN2ZyB3aWR0aD0iMSIgaGVpZ2h0PSIxIiB4bWxucz0iaHR0cDovL3d3dy53My5vcmcvMjAwMC9zdmciPjwvc3ZnPg==\" style=\"--smush-placeholder-width: 350px; --smush-placeholder-aspect-ratio: 350\/350;\" \/>\t\t\t\t\t<\/a>\n\t\t\t\t\t\t\t<\/div>\n\t\t\t\t\t\t\t<nav class=\"connected\">\n\t\t\t\t\t<ul>\n\t\t\t\t\t\t\t\t\t\t\t\t\t<li><a href=\"https:\/\/fabian-claude-walter.com\/en\/artist\/gabi-hamm\/\">Gabi Hamm (GER)<\/a><\/li>\n\t\t\t\t\t\t\t\t\t\t\t<\/ul>\n\t\t\t\t<\/nav>\n\t\t\t\t<h4 class=\"uagb-post__title uagb-post__text\">\n\t\t\t\t<a href=\"https:\/\/fabian-claude-walter.com\/en\/shop\/untitled-15-2017-2020\/\" target=\"_self\" rel=\"bookmark noopener noreferrer\">Mask, Untitled #15, 2017-2020<\/a>\n\t\t\t<\/h4>\n\t\t\t\t\t\t\t\tCHF 1&#8217;500<br>\t\t\t\t\t<a class=\"order-link\" href=\"mailto:shop@fabian-claude-walter.com?subject=Request%20offer%3A%20Gabi%20Hamm%20%28GER%29%2C%20Mask%2C%20Untitled%20%2315%2C%202017-2020%20%28%2314415%29&#038;body=https%3A%2F%2Ffabian-claude-walter.com%2Fen%2Fshop%2Funtitled-15-2017-2020%2F\">\n\t\t\t\t\t\tRequest offer\t\t\t\t\t<\/a>\n\t\t\t\t\t\t\t<div class='uagb-post__text uagb-post-grid-byline'>\n\t\t\t\t\t\t\t<\/div>\n\t\t\t\n\t\t\t\t\t\t\t\t\t<\/article>\n\t\t\t\t\t\t\t\t\t\t\t\t\t\t\t\t<article class=\"uagb-post__inner-wrap\">\t\t\t\t\t\t\t\t<div class='uagb-post__image'>\n\t\t\t\t\t\t\t\t\t<a href=\"https:\/\/fabian-claude-walter.com\/en\/shop\/gabi-hamm-untitled-28-2017-2020\/\" target=\"_self\" rel=\"bookmark noopener noreferrer\" class='uagb-image-ratio-inherit'><img decoding=\"async\" width=\"350\" height=\"350\" data-src=\"https:\/\/fabian-claude-walter.com\/fcw\/wp-content\/uploads\/Gabi-Hamm_Untitled-28-2017-2020_Glazed-clay_Height-15-cm-350x350.jpg\" class=\"attachment-homepage-thumb-crop1 size-homepage-thumb-crop1 lazyload\" alt=\"\" data-srcset=\"https:\/\/fabian-claude-walter.com\/fcw\/wp-content\/uploads\/Gabi-Hamm_Untitled-28-2017-2020_Glazed-clay_Height-15-cm-350x350.jpg 350w, https:\/\/fabian-claude-walter.com\/fcw\/wp-content\/uploads\/Gabi-Hamm_Untitled-28-2017-2020_Glazed-clay_Height-15-cm-150x150.jpg 150w\" data-sizes=\"(max-width: 350px) 100vw, 350px\" src=\"data:image\/svg+xml;base64,PHN2ZyB3aWR0aD0iMSIgaGVpZ2h0PSIxIiB4bWxucz0iaHR0cDovL3d3dy53My5vcmcvMjAwMC9zdmciPjwvc3ZnPg==\" style=\"--smush-placeholder-width: 350px; --smush-placeholder-aspect-ratio: 350\/350;\" \/>\t\t\t\t\t<\/a>\n\t\t\t\t\t\t\t<\/div>\n\t\t\t\t\t\t\t<nav class=\"connected\">\n\t\t\t\t\t<ul>\n\t\t\t\t\t\t\t\t\t\t\t\t\t<li><a href=\"https:\/\/fabian-claude-walter.com\/en\/artist\/gabi-hamm\/\">Gabi Hamm (GER)<\/a><\/li>\n\t\t\t\t\t\t\t\t\t\t\t<\/ul>\n\t\t\t\t<\/nav>\n\t\t\t\t<h4 class=\"uagb-post__title uagb-post__text\">\n\t\t\t\t<a href=\"https:\/\/fabian-claude-walter.com\/en\/shop\/gabi-hamm-untitled-28-2017-2020\/\" target=\"_self\" rel=\"bookmark noopener noreferrer\">Mask, Untitled #28, 2017-2020<\/a>\n\t\t\t<\/h4>\n\t\t\t\t\t\t\t\tCHF 1&#8217;500<br>\t\t\t\t\t<a class=\"order-link\" href=\"mailto:shop@fabian-claude-walter.com?subject=Request%20offer%3A%20Gabi%20Hamm%20%28GER%29%2C%20Mask%2C%20Untitled%20%2328%2C%202017-2020%20%28%2314380%29&#038;body=https%3A%2F%2Ffabian-claude-walter.com%2Fen%2Fshop%2Fgabi-hamm-untitled-28-2017-2020%2F\">\n\t\t\t\t\t\tRequest offer\t\t\t\t\t<\/a>\n\t\t\t\t\t\t\t<div class='uagb-post__text uagb-post-grid-byline'>\n\t\t\t\t\t\t\t<\/div>\n\t\t\t\n\t\t\t\t\t\t\t\t\t<\/article>\n\t\t\t\t\t\t\t\t\t\t\t\t\t\t\t\t<article class=\"uagb-post__inner-wrap\">\t\t\t\t\t\t\t\t<div class='uagb-post__image'>\n\t\t\t\t\t\t\t\t\t<a href=\"https:\/\/fabian-claude-walter.com\/en\/shop\/untitled-33-2017-2020\/\" target=\"_self\" rel=\"bookmark noopener noreferrer\" class='uagb-image-ratio-inherit'><img decoding=\"async\" width=\"350\" height=\"350\" data-src=\"https:\/\/fabian-claude-walter.com\/fcw\/wp-content\/uploads\/Gabi-Hamm_Untitled-33-2017-2020_Glazed-clay_Height-10-cm-350x350.jpg\" class=\"attachment-homepage-thumb-crop1 size-homepage-thumb-crop1 lazyload\" alt=\"\" data-srcset=\"https:\/\/fabian-claude-walter.com\/fcw\/wp-content\/uploads\/Gabi-Hamm_Untitled-33-2017-2020_Glazed-clay_Height-10-cm-350x350.jpg 350w, https:\/\/fabian-claude-walter.com\/fcw\/wp-content\/uploads\/Gabi-Hamm_Untitled-33-2017-2020_Glazed-clay_Height-10-cm-150x150.jpg 150w\" data-sizes=\"(max-width: 350px) 100vw, 350px\" src=\"data:image\/svg+xml;base64,PHN2ZyB3aWR0aD0iMSIgaGVpZ2h0PSIxIiB4bWxucz0iaHR0cDovL3d3dy53My5vcmcvMjAwMC9zdmciPjwvc3ZnPg==\" style=\"--smush-placeholder-width: 350px; --smush-placeholder-aspect-ratio: 350\/350;\" \/>\t\t\t\t\t<\/a>\n\t\t\t\t\t\t\t<\/div>\n\t\t\t\t\t\t\t<nav class=\"connected\">\n\t\t\t\t\t<ul>\n\t\t\t\t\t\t\t\t\t\t\t\t\t<li><a href=\"https:\/\/fabian-claude-walter.com\/en\/artist\/gabi-hamm\/\">Gabi Hamm (GER)<\/a><\/li>\n\t\t\t\t\t\t\t\t\t\t\t<\/ul>\n\t\t\t\t<\/nav>\n\t\t\t\t<h4 class=\"uagb-post__title uagb-post__text\">\n\t\t\t\t<a href=\"https:\/\/fabian-claude-walter.com\/en\/shop\/untitled-33-2017-2020\/\" target=\"_self\" rel=\"bookmark noopener noreferrer\">Mask, Untitled #33, 2017-2020<\/a>\n\t\t\t<\/h4>\n\t\t\t\t\t\t\t\tCHF 1&#8217;500<br>\t\t\t\t\t<a class=\"order-link\" href=\"mailto:shop@fabian-claude-walter.com?subject=Request%20offer%3A%20Gabi%20Hamm%20%28GER%29%2C%20Mask%2C%20Untitled%20%2333%2C%202017-2020%20%28%2314420%29&#038;body=https%3A%2F%2Ffabian-claude-walter.com%2Fen%2Fshop%2Funtitled-33-2017-2020%2F\">\n\t\t\t\t\t\tRequest offer\t\t\t\t\t<\/a>\n\t\t\t\t\t\t\t<div class='uagb-post__text uagb-post-grid-byline'>\n\t\t\t\t\t\t\t<\/div>\n\t\t\t\n\t\t\t\t\t\t\t\t\t<\/article>\n\t\t\t\t\t\t\t\t\t\t\t\t\t\t\t\t<article class=\"uagb-post__inner-wrap\">\t\t\t\t\t\t\t\t<div class='uagb-post__image'>\n\t\t\t\t\t\t\t\t\t<a href=\"https:\/\/fabian-claude-walter.com\/en\/shop\/untitled-34-2017-2020\/\" target=\"_self\" rel=\"bookmark noopener noreferrer\" class='uagb-image-ratio-inherit'><img decoding=\"async\" width=\"350\" height=\"350\" data-src=\"https:\/\/fabian-claude-walter.com\/fcw\/wp-content\/uploads\/Gabi-Hamm_Untitled-34-2017-2020_Glazed-clay_Height-17-cm-350x350.jpg\" class=\"attachment-homepage-thumb-crop1 size-homepage-thumb-crop1 lazyload\" alt=\"\" data-srcset=\"https:\/\/fabian-claude-walter.com\/fcw\/wp-content\/uploads\/Gabi-Hamm_Untitled-34-2017-2020_Glazed-clay_Height-17-cm-350x350.jpg 350w, https:\/\/fabian-claude-walter.com\/fcw\/wp-content\/uploads\/Gabi-Hamm_Untitled-34-2017-2020_Glazed-clay_Height-17-cm-150x150.jpg 150w\" data-sizes=\"(max-width: 350px) 100vw, 350px\" src=\"data:image\/svg+xml;base64,PHN2ZyB3aWR0aD0iMSIgaGVpZ2h0PSIxIiB4bWxucz0iaHR0cDovL3d3dy53My5vcmcvMjAwMC9zdmciPjwvc3ZnPg==\" style=\"--smush-placeholder-width: 350px; --smush-placeholder-aspect-ratio: 350\/350;\" \/>\t\t\t\t\t<\/a>\n\t\t\t\t\t\t\t<\/div>\n\t\t\t\t\t\t\t<nav class=\"connected\">\n\t\t\t\t\t<ul>\n\t\t\t\t\t\t\t\t\t\t\t\t\t<li><a href=\"https:\/\/fabian-claude-walter.com\/en\/artist\/gabi-hamm\/\">Gabi Hamm (GER)<\/a><\/li>\n\t\t\t\t\t\t\t\t\t\t\t<\/ul>\n\t\t\t\t<\/nav>\n\t\t\t\t<h4 class=\"uagb-post__title uagb-post__text\">\n\t\t\t\t<a href=\"https:\/\/fabian-claude-walter.com\/en\/shop\/untitled-34-2017-2020\/\" target=\"_self\" rel=\"bookmark noopener noreferrer\">Mask, Untitled #34, 2017-2020<\/a>\n\t\t\t<\/h4>\n\t\t\t\t\t\t\t\tCHF 1&#8217;500<br>\t\t\t\t\t<a class=\"order-link\" href=\"mailto:shop@fabian-claude-walter.com?subject=Request%20offer%3A%20Gabi%20Hamm%20%28GER%29%2C%20Mask%2C%20Untitled%20%2334%2C%202017-2020%20%28%2314425%29&#038;body=https%3A%2F%2Ffabian-claude-walter.com%2Fen%2Fshop%2Funtitled-34-2017-2020%2F\">\n\t\t\t\t\t\tRequest offer\t\t\t\t\t<\/a>\n\t\t\t\t\t\t\t<div class='uagb-post__text uagb-post-grid-byline'>\n\t\t\t\t\t\t\t<\/div>\n\t\t\t\n\t\t\t\t\t\t\t\t\t<\/article>\n\t\t\t\t\t\t\t\t\t\t\t\t\t\t\t\t<article class=\"uagb-post__inner-wrap\">\t\t\t\t\t\t\t\t<div class='uagb-post__image'>\n\t\t\t\t\t\t\t\t\t<a href=\"https:\/\/fabian-claude-walter.com\/en\/shop\/untitled-36-2015\/\" target=\"_self\" rel=\"bookmark noopener noreferrer\" class='uagb-image-ratio-inherit'><img decoding=\"async\" width=\"350\" height=\"350\" data-src=\"https:\/\/fabian-claude-walter.com\/fcw\/wp-content\/uploads\/Gabi-Hamm_Untitled-36-2015_Glazed-clay_Height-16-cm-350x350.jpg\" class=\"attachment-homepage-thumb-crop1 size-homepage-thumb-crop1 lazyload\" alt=\"\" data-srcset=\"https:\/\/fabian-claude-walter.com\/fcw\/wp-content\/uploads\/Gabi-Hamm_Untitled-36-2015_Glazed-clay_Height-16-cm-350x350.jpg 350w, https:\/\/fabian-claude-walter.com\/fcw\/wp-content\/uploads\/Gabi-Hamm_Untitled-36-2015_Glazed-clay_Height-16-cm-150x150.jpg 150w\" data-sizes=\"(max-width: 350px) 100vw, 350px\" src=\"data:image\/svg+xml;base64,PHN2ZyB3aWR0aD0iMSIgaGVpZ2h0PSIxIiB4bWxucz0iaHR0cDovL3d3dy53My5vcmcvMjAwMC9zdmciPjwvc3ZnPg==\" style=\"--smush-placeholder-width: 350px; --smush-placeholder-aspect-ratio: 350\/350;\" \/>\t\t\t\t\t<\/a>\n\t\t\t\t\t\t\t<\/div>\n\t\t\t\t\t\t\t<nav class=\"connected\">\n\t\t\t\t\t<ul>\n\t\t\t\t\t\t\t\t\t\t\t\t\t<li><a href=\"https:\/\/fabian-claude-walter.com\/en\/artist\/gabi-hamm\/\">Gabi Hamm (GER)<\/a><\/li>\n\t\t\t\t\t\t\t\t\t\t\t<\/ul>\n\t\t\t\t<\/nav>\n\t\t\t\t<h4 class=\"uagb-post__title uagb-post__text\">\n\t\t\t\t<a href=\"https:\/\/fabian-claude-walter.com\/en\/shop\/untitled-36-2015\/\" target=\"_self\" rel=\"bookmark noopener noreferrer\">Mask, Untitled #36, 2015<\/a>\n\t\t\t<\/h4>\n\t\t\t\t\t\t\t\tCHF 1&#8217;500<br>\t\t\t\t\t<a class=\"order-link\" href=\"mailto:shop@fabian-claude-walter.com?subject=Request%20offer%3A%20Gabi%20Hamm%20%28GER%29%2C%20Mask%2C%20Untitled%20%2336%2C%202015%20%28%2314429%29&#038;body=https%3A%2F%2Ffabian-claude-walter.com%2Fen%2Fshop%2Funtitled-36-2015%2F\">\n\t\t\t\t\t\tRequest offer\t\t\t\t\t<\/a>\n\t\t\t\t\t\t\t<div class='uagb-post__text uagb-post-grid-byline'>\n\t\t\t\t\t\t\t<\/div>\n\t\t\t\n\t\t\t\t\t\t\t\t\t<\/article>\n\t\t\t\t\t\t\t\t\t\t\t\t\t\t\t\t<article class=\"uagb-post__inner-wrap\">\t\t\t\t\t\t\t\t<div class='uagb-post__image'>\n\t\t\t\t\t\t\t\t\t<a href=\"https:\/\/fabian-claude-walter.com\/en\/shop\/vase-untitled-23-2017-2020\/\" target=\"_self\" rel=\"bookmark noopener noreferrer\" class='uagb-image-ratio-inherit'><img decoding=\"async\" width=\"350\" height=\"350\" data-src=\"https:\/\/fabian-claude-walter.com\/fcw\/wp-content\/uploads\/Gabi-Hamm_Untitled-23-2017-2020_Glazed-clay_Height-31-cm-350x350.jpg\" class=\"attachment-homepage-thumb-crop1 size-homepage-thumb-crop1 lazyload\" alt=\"\" data-srcset=\"https:\/\/fabian-claude-walter.com\/fcw\/wp-content\/uploads\/Gabi-Hamm_Untitled-23-2017-2020_Glazed-clay_Height-31-cm-350x350.jpg 350w, https:\/\/fabian-claude-walter.com\/fcw\/wp-content\/uploads\/Gabi-Hamm_Untitled-23-2017-2020_Glazed-clay_Height-31-cm-150x150.jpg 150w\" data-sizes=\"(max-width: 350px) 100vw, 350px\" src=\"data:image\/svg+xml;base64,PHN2ZyB3aWR0aD0iMSIgaGVpZ2h0PSIxIiB4bWxucz0iaHR0cDovL3d3dy53My5vcmcvMjAwMC9zdmciPjwvc3ZnPg==\" style=\"--smush-placeholder-width: 350px; --smush-placeholder-aspect-ratio: 350\/350;\" \/>\t\t\t\t\t<\/a>\n\t\t\t\t\t\t\t<\/div>\n\t\t\t\t\t\t\t<nav class=\"connected\">\n\t\t\t\t\t<ul>\n\t\t\t\t\t\t\t\t\t\t\t\t\t<li><a href=\"https:\/\/fabian-claude-walter.com\/en\/artist\/gabi-hamm\/\">Gabi Hamm (GER)<\/a><\/li>\n\t\t\t\t\t\t\t\t\t\t\t<\/ul>\n\t\t\t\t<\/nav>\n\t\t\t\t<h4 class=\"uagb-post__title uagb-post__text\">\n\t\t\t\t<a href=\"https:\/\/fabian-claude-walter.com\/en\/shop\/vase-untitled-23-2017-2020\/\" target=\"_self\" rel=\"bookmark noopener noreferrer\">Vase, Untitled #23, 2017-2020<\/a>\n\t\t\t<\/h4>\n\t\t\t\t\t\t\t\tCHF 950.\u2013<br>\t\t\t\t\t<a class=\"order-link\" href=\"mailto:shop@fabian-claude-walter.com?subject=Request%20offer%3A%20Gabi%20Hamm%20%28GER%29%2C%20Vase%2C%20Untitled%20%2323%2C%202017-2020%20%28%2314472%29&#038;body=https%3A%2F%2Ffabian-claude-walter.com%2Fen%2Fshop%2Fvase-untitled-23-2017-2020%2F\">\n\t\t\t\t\t\tRequest offer\t\t\t\t\t<\/a>\n\t\t\t\t\t\t\t<div class='uagb-post__text uagb-post-grid-byline'>\n\t\t\t\t\t\t\t<\/div>\n\t\t\t\n\t\t\t\t\t\t\t\t\t<\/article>\n\t\t\t\t\t\t\t\t\t\t\t\t\t\t\t\t<article class=\"uagb-post__inner-wrap\">\t\t\t\t\t\t\t\t<div class='uagb-post__image'>\n\t\t\t\t\t\t\t\t\t<a href=\"https:\/\/fabian-claude-walter.com\/en\/shop\/vase-untitled-36-2017-2020\/\" target=\"_self\" rel=\"bookmark noopener noreferrer\" class='uagb-image-ratio-inherit'><img decoding=\"async\" width=\"350\" height=\"350\" data-src=\"https:\/\/fabian-claude-walter.com\/fcw\/wp-content\/uploads\/Gabi-Hamm_Untitled-36-2017-2020_Glazed-clay_Height-35-cm-350x350.jpg\" class=\"attachment-homepage-thumb-crop1 size-homepage-thumb-crop1 lazyload\" alt=\"\" data-srcset=\"https:\/\/fabian-claude-walter.com\/fcw\/wp-content\/uploads\/Gabi-Hamm_Untitled-36-2017-2020_Glazed-clay_Height-35-cm-350x350.jpg 350w, https:\/\/fabian-claude-walter.com\/fcw\/wp-content\/uploads\/Gabi-Hamm_Untitled-36-2017-2020_Glazed-clay_Height-35-cm-150x150.jpg 150w\" data-sizes=\"(max-width: 350px) 100vw, 350px\" src=\"data:image\/svg+xml;base64,PHN2ZyB3aWR0aD0iMSIgaGVpZ2h0PSIxIiB4bWxucz0iaHR0cDovL3d3dy53My5vcmcvMjAwMC9zdmciPjwvc3ZnPg==\" style=\"--smush-placeholder-width: 350px; --smush-placeholder-aspect-ratio: 350\/350;\" \/>\t\t\t\t\t<\/a>\n\t\t\t\t\t\t\t<\/div>\n\t\t\t\t\t\t\t<nav class=\"connected\">\n\t\t\t\t\t<ul>\n\t\t\t\t\t\t\t\t\t\t\t\t\t<li><a href=\"https:\/\/fabian-claude-walter.com\/en\/artist\/gabi-hamm\/\">Gabi Hamm (GER)<\/a><\/li>\n\t\t\t\t\t\t\t\t\t\t\t<\/ul>\n\t\t\t\t<\/nav>\n\t\t\t\t<h4 class=\"uagb-post__title uagb-post__text\">\n\t\t\t\t<a href=\"https:\/\/fabian-claude-walter.com\/en\/shop\/vase-untitled-36-2017-2020\/\" target=\"_self\" rel=\"bookmark noopener noreferrer\">Vase, Untitled #36, 2017-2020<\/a>\n\t\t\t<\/h4>\n\t\t\t\t\t\t\t\tCHF 950.\u2013<br>\t\t\t\t\t<a class=\"order-link\" href=\"mailto:shop@fabian-claude-walter.com?subject=Request%20offer%3A%20Gabi%20Hamm%20%28GER%29%2C%20Vase%2C%20Untitled%20%2336%2C%202017-2020%20%28%2314464%29&#038;body=https%3A%2F%2Ffabian-claude-walter.com%2Fen%2Fshop%2Fvase-untitled-36-2017-2020%2F\">\n\t\t\t\t\t\tRequest offer\t\t\t\t\t<\/a>\n\t\t\t\t\t\t\t<div class='uagb-post__text uagb-post-grid-byline'>\n\t\t\t\t\t\t\t<\/div>\n\t\t\t\n\t\t\t\t\t\t\t\t\t<\/article>\n\t\t\t\t\t\t\t\t\t\t\t\t\t\t\t\t<article class=\"uagb-post__inner-wrap\">\t\t\t\t\t\t\t\t<div class='uagb-post__image'>\n\t\t\t\t\t\t\t\t\t<a href=\"https:\/\/fabian-claude-walter.com\/en\/shop\/vase-untitled-38-2017-2020\/\" target=\"_self\" rel=\"bookmark noopener noreferrer\" class='uagb-image-ratio-inherit'><img decoding=\"async\" width=\"350\" height=\"350\" data-src=\"https:\/\/fabian-claude-walter.com\/fcw\/wp-content\/uploads\/Gabi-Hamm_Untitled-38-2017-2020_Glazed-clay_Height-27-cm-350x350.jpg\" class=\"attachment-homepage-thumb-crop1 size-homepage-thumb-crop1 lazyload\" alt=\"\" data-srcset=\"https:\/\/fabian-claude-walter.com\/fcw\/wp-content\/uploads\/Gabi-Hamm_Untitled-38-2017-2020_Glazed-clay_Height-27-cm-350x350.jpg 350w, https:\/\/fabian-claude-walter.com\/fcw\/wp-content\/uploads\/Gabi-Hamm_Untitled-38-2017-2020_Glazed-clay_Height-27-cm-150x150.jpg 150w\" data-sizes=\"(max-width: 350px) 100vw, 350px\" src=\"data:image\/svg+xml;base64,PHN2ZyB3aWR0aD0iMSIgaGVpZ2h0PSIxIiB4bWxucz0iaHR0cDovL3d3dy53My5vcmcvMjAwMC9zdmciPjwvc3ZnPg==\" style=\"--smush-placeholder-width: 350px; --smush-placeholder-aspect-ratio: 350\/350;\" \/>\t\t\t\t\t<\/a>\n\t\t\t\t\t\t\t<\/div>\n\t\t\t\t\t\t\t<nav class=\"connected\">\n\t\t\t\t\t<ul>\n\t\t\t\t\t\t\t\t\t\t\t\t\t<li><a href=\"https:\/\/fabian-claude-walter.com\/en\/artist\/gabi-hamm\/\">Gabi Hamm (GER)<\/a><\/li>\n\t\t\t\t\t\t\t\t\t\t\t<\/ul>\n\t\t\t\t<\/nav>\n\t\t\t\t<h4 class=\"uagb-post__title uagb-post__text\">\n\t\t\t\t<a href=\"https:\/\/fabian-claude-walter.com\/en\/shop\/vase-untitled-38-2017-2020\/\" target=\"_self\" rel=\"bookmark noopener noreferrer\">Vase, Untitled #38, 2017-2020<\/a>\n\t\t\t<\/h4>\n\t\t\t\t\t\t\t\tCHF 1&#8217;200<br>\t\t\t\t\t<a class=\"order-link\" href=\"mailto:shop@fabian-claude-walter.com?subject=Request%20offer%3A%20Gabi%20Hamm%20%28GER%29%2C%20Vase%2C%20Untitled%20%2338%2C%202017-2020%20%28%2314468%29&#038;body=https%3A%2F%2Ffabian-claude-walter.com%2Fen%2Fshop%2Fvase-untitled-38-2017-2020%2F\">\n\t\t\t\t\t\tRequest offer\t\t\t\t\t<\/a>\n\t\t\t\t\t\t\t<div class='uagb-post__text uagb-post-grid-byline'>\n\t\t\t\t\t\t\t<\/div>\n\t\t\t\n\t\t\t\t\t\t\t\t\t<\/article>\n\t\t\t\t\t\t\t\t\t\t\t\t\t\t\t\t<article class=\"uagb-post__inner-wrap\">\t\t\t\t\t\t\t\t<div class='uagb-post__image'>\n\t\t\t\t\t\t\t\t\t<a href=\"https:\/\/fabian-claude-walter.com\/en\/shop\/vase-untitled-4-2020\/\" target=\"_self\" rel=\"bookmark noopener noreferrer\" class='uagb-image-ratio-inherit'><img decoding=\"async\" width=\"350\" height=\"350\" data-src=\"https:\/\/fabian-claude-walter.com\/fcw\/wp-content\/uploads\/Gabi-Hamm_Untitled-4-2020_Glazed-clay_Height-36-cm-350x350.jpg\" class=\"attachment-homepage-thumb-crop1 size-homepage-thumb-crop1 lazyload\" alt=\"\" data-srcset=\"https:\/\/fabian-claude-walter.com\/fcw\/wp-content\/uploads\/Gabi-Hamm_Untitled-4-2020_Glazed-clay_Height-36-cm-350x350.jpg 350w, https:\/\/fabian-claude-walter.com\/fcw\/wp-content\/uploads\/Gabi-Hamm_Untitled-4-2020_Glazed-clay_Height-36-cm-150x150.jpg 150w\" data-sizes=\"(max-width: 350px) 100vw, 350px\" src=\"data:image\/svg+xml;base64,PHN2ZyB3aWR0aD0iMSIgaGVpZ2h0PSIxIiB4bWxucz0iaHR0cDovL3d3dy53My5vcmcvMjAwMC9zdmciPjwvc3ZnPg==\" style=\"--smush-placeholder-width: 350px; --smush-placeholder-aspect-ratio: 350\/350;\" \/>\t\t\t\t\t<\/a>\n\t\t\t\t\t\t\t<\/div>\n\t\t\t\t\t\t\t<nav class=\"connected\">\n\t\t\t\t\t<ul>\n\t\t\t\t\t\t\t\t\t\t\t\t\t<li><a href=\"https:\/\/fabian-claude-walter.com\/en\/artist\/gabi-hamm\/\">Gabi Hamm (GER)<\/a><\/li>\n\t\t\t\t\t\t\t\t\t\t\t<\/ul>\n\t\t\t\t<\/nav>\n\t\t\t\t<h4 class=\"uagb-post__title uagb-post__text\">\n\t\t\t\t<a href=\"https:\/\/fabian-claude-walter.com\/en\/shop\/vase-untitled-4-2020\/\" target=\"_self\" rel=\"bookmark noopener noreferrer\">Vase, Untitled #4, 2020<\/a>\n\t\t\t<\/h4>\n\t\t\t\t\t\t\t\tCHF 1&#8217;200<br>\t\t\t\t\t<a class=\"order-link\" href=\"mailto:shop@fabian-claude-walter.com?subject=Request%20offer%3A%20Gabi%20Hamm%20%28GER%29%2C%20Vase%2C%20Untitled%20%234%2C%202020%20%28%2314476%29&#038;body=https%3A%2F%2Ffabian-claude-walter.com%2Fen%2Fshop%2Fvase-untitled-4-2020%2F\">\n\t\t\t\t\t\tRequest offer\t\t\t\t\t<\/a>\n\t\t\t\t\t\t\t<div class='uagb-post__text uagb-post-grid-byline'>\n\t\t\t\t\t\t\t<\/div>\n\t\t\t\n\t\t\t\t\t\t\t\t\t<\/article>\n\t\t\t\t\t\t\t\t\t\t\t<\/div>\n\t\t\t<\/div><\/div>\n","protected":false},"excerpt":{"rendered":"","protected":false},"author":4,"featured_media":0,"parent":0,"menu_order":0,"comment_status":"closed","ping_status":"closed","template":"page-wide-without-title.php","meta":{"_acf_changed":false,"_uag_custom_page_level_css":"","_monsterinsights_skip_tracking":false,"_monsterinsights_sitenote_active":false,"_monsterinsights_sitenote_note":"","_monsterinsights_sitenote_category":0,"footnotes":""},"class_list":["post-8540","page","type-page","status-publish","hentry"],"acf":[],"yoast_head":"<!-- This site is optimized with the Yoast SEO plugin v27.4 - https:\/\/yoast.com\/product\/yoast-seo-wordpress\/ -->\n<title>Shop - Fabian &amp; Claude Walter Galerie<\/title>\n<meta name=\"robots\" content=\"index, follow, max-snippet:-1, max-image-preview:large, max-video-preview:-1\" \/>\n<link rel=\"canonical\" href=\"https:\/\/fabian-claude-walter.com\/en\/shop\/\" \/>\n<meta property=\"og:locale\" content=\"en_US\" \/>\n<meta property=\"og:type\" content=\"article\" \/>\n<meta property=\"og:title\" content=\"Shop - Fabian &amp; Claude Walter Galerie\" \/>\n<meta property=\"og:url\" content=\"https:\/\/fabian-claude-walter.com\/en\/shop\/\" \/>\n<meta property=\"og:site_name\" content=\"Fabian &amp; Claude Walter\" \/>\n<meta property=\"article:modified_time\" content=\"2021-12-22T10:39:20+00:00\" \/>\n<meta name=\"twitter:label1\" content=\"Est. reading time\" \/>\n\t<meta name=\"twitter:data1\" content=\"1 minute\" \/>\n<script type=\"application\/ld+json\" class=\"yoast-schema-graph\">{\"@context\":\"https:\\\/\\\/schema.org\",\"@graph\":[{\"@type\":\"WebPage\",\"@id\":\"https:\\\/\\\/fabian-claude-walter.com\\\/en\\\/shop\\\/\",\"url\":\"https:\\\/\\\/fabian-claude-walter.com\\\/en\\\/shop\\\/\",\"name\":\"Shop - Fabian &amp; Claude Walter Galerie\",\"isPartOf\":{\"@id\":\"https:\\\/\\\/fabian-claude-walter.com\\\/en\\\/#website\"},\"datePublished\":\"2018-09-26T16:23:15+00:00\",\"dateModified\":\"2021-12-22T10:39:20+00:00\",\"inLanguage\":\"en-US\",\"potentialAction\":[{\"@type\":\"ReadAction\",\"target\":[\"https:\\\/\\\/fabian-claude-walter.com\\\/en\\\/shop\\\/\"]}]},{\"@type\":\"WebSite\",\"@id\":\"https:\\\/\\\/fabian-claude-walter.com\\\/en\\\/#website\",\"url\":\"https:\\\/\\\/fabian-claude-walter.com\\\/en\\\/\",\"name\":\"Fabian &amp; Claude Walter\",\"description\":\"Galerie\",\"potentialAction\":[{\"@type\":\"SearchAction\",\"target\":{\"@type\":\"EntryPoint\",\"urlTemplate\":\"https:\\\/\\\/fabian-claude-walter.com\\\/en\\\/?s={search_term_string}\"},\"query-input\":{\"@type\":\"PropertyValueSpecification\",\"valueRequired\":true,\"valueName\":\"search_term_string\"}}],\"inLanguage\":\"en-US\"}]}<\/script>\n<!-- \/ Yoast SEO plugin. -->","yoast_head_json":{"title":"Shop - Fabian &amp; Claude Walter Galerie","robots":{"index":"index","follow":"follow","max-snippet":"max-snippet:-1","max-image-preview":"max-image-preview:large","max-video-preview":"max-video-preview:-1"},"canonical":"https:\/\/fabian-claude-walter.com\/en\/shop\/","og_locale":"en_US","og_type":"article","og_title":"Shop - Fabian &amp; Claude Walter Galerie","og_url":"https:\/\/fabian-claude-walter.com\/en\/shop\/","og_site_name":"Fabian &amp; Claude Walter","article_modified_time":"2021-12-22T10:39:20+00:00","twitter_misc":{"Est. reading time":"1 minute"},"schema":{"@context":"https:\/\/schema.org","@graph":[{"@type":"WebPage","@id":"https:\/\/fabian-claude-walter.com\/en\/shop\/","url":"https:\/\/fabian-claude-walter.com\/en\/shop\/","name":"Shop - Fabian &amp; Claude Walter Galerie","isPartOf":{"@id":"https:\/\/fabian-claude-walter.com\/en\/#website"},"datePublished":"2018-09-26T16:23:15+00:00","dateModified":"2021-12-22T10:39:20+00:00","inLanguage":"en-US","potentialAction":[{"@type":"ReadAction","target":["https:\/\/fabian-claude-walter.com\/en\/shop\/"]}]},{"@type":"WebSite","@id":"https:\/\/fabian-claude-walter.com\/en\/#website","url":"https:\/\/fabian-claude-walter.com\/en\/","name":"Fabian &amp; Claude Walter","description":"Galerie","potentialAction":[{"@type":"SearchAction","target":{"@type":"EntryPoint","urlTemplate":"https:\/\/fabian-claude-walter.com\/en\/?s={search_term_string}"},"query-input":{"@type":"PropertyValueSpecification","valueRequired":true,"valueName":"search_term_string"}}],"inLanguage":"en-US"}]}},"uagb_featured_image_src":{"full":false,"thumbnail":false,"medium":false,"medium_large":false,"large":false,"1536x1536":false,"2048x2048":false,"post-thumbnail":false,"homepage-thumb":false,"fcw-medium":false,"fcw-medium-height":false,"fcw-large":false,"fcw-large-height":false,"fcw-full":false,"fcw-full-medium-height":false,"homepage-thumb-crop1":false,"homepage-thumb-crop2":false,"homepage-thumb-crop3":false},"uagb_author_info":{"display_name":"brogramming","author_link":"https:\/\/fabian-claude-walter.com\/en\/author\/brogr-2\/"},"uagb_comment_info":0,"uagb_excerpt":null,"_links":{"self":[{"href":"https:\/\/fabian-claude-walter.com\/en\/wp-json\/wp\/v2\/pages\/8540","targetHints":{"allow":["GET"]}}],"collection":[{"href":"https:\/\/fabian-claude-walter.com\/en\/wp-json\/wp\/v2\/pages"}],"about":[{"href":"https:\/\/fabian-claude-walter.com\/en\/wp-json\/wp\/v2\/types\/page"}],"author":[{"embeddable":true,"href":"https:\/\/fabian-claude-walter.com\/en\/wp-json\/wp\/v2\/users\/4"}],"replies":[{"embeddable":true,"href":"https:\/\/fabian-claude-walter.com\/en\/wp-json\/wp\/v2\/comments?post=8540"}],"version-history":[{"count":16,"href":"https:\/\/fabian-claude-walter.com\/en\/wp-json\/wp\/v2\/pages\/8540\/revisions"}],"predecessor-version":[{"id":16466,"href":"https:\/\/fabian-claude-walter.com\/en\/wp-json\/wp\/v2\/pages\/8540\/revisions\/16466"}],"wp:attachment":[{"href":"https:\/\/fabian-claude-walter.com\/en\/wp-json\/wp\/v2\/media?parent=8540"}],"curies":[{"name":"wp","href":"https:\/\/api.w.org\/{rel}","templated":true}]}}